{"id":2493,"date":"2025-05-23T11:51:24","date_gmt":"2025-05-23T08:51:24","guid":{"rendered":"https:\/\/www.maas-project.eu\/%d0%bf%d1%80%d0%be%d0%b3%d1%80%d0%b0%d0%bc%d0%b8-%d1%96%d0%bd%d1%82%d0%b5%d0%b3%d1%80%d0%b0%d1%86%d1%96%d1%97-%d0%b1%d1%96%d0%b6%d0%b5%d0%bd%d1%86%d1%96%d0%b2-%d1%83-%d1%88%d0%b2%d0%b5%d1%86%d1%96\/"},"modified":"2026-04-27T11:18:43","modified_gmt":"2026-04-27T08:18:43","slug":"%d0%bf%d1%80%d0%be%d0%b3%d1%80%d0%b0%d0%bc%d0%b8-%d1%96%d0%bd%d1%82%d0%b5%d0%b3%d1%80%d0%b0%d1%86%d1%96%d1%97-%d0%b1%d1%96%d0%b6%d0%b5%d0%bd%d1%86%d1%96%d0%b2-%d1%83-%d1%88%d0%b2%d0%b5%d1%86%d1%96","status":"publish","type":"page","link":"https:\/\/www.maas-project.eu\/is\/%d0%bf%d1%80%d0%be%d0%b3%d1%80%d0%b0%d0%bc%d0%b8-%d1%96%d0%bd%d1%82%d0%b5%d0%b3%d1%80%d0%b0%d1%86%d1%96%d1%97-%d0%b1%d1%96%d0%b6%d0%b5%d0%bd%d1%86%d1%96%d0%b2-%d1%83-%d1%88%d0%b2%d0%b5%d1%86%d1%96\/","title":{"rendered":"\u041f\u0440\u043e\u0433\u0440\u0430\u043c\u0438 \u0456\u043d\u0442\u0435\u0433\u0440\u0430\u0446\u0456\u0457 \u0431\u0456\u0436\u0435\u043d\u0446\u0456\u0432 \u0443 \u0428\u0432\u0435\u0446\u0456\u0457"},"content":{"rendered":"[vc_row type=&#8220;in_container&#8220; full_screen_row_position=&#8220;middle&#8220; column_margin=&#8220;default&#8220; column_direction=&#8220;default&#8220; column_direction_tablet=&#8220;default&#8220; column_direction_phone=&#8220;default&#8220; scene_position=&#8220;center&#8220; top_margin=&#8220;50&#8243; text_color=&#8220;dark&#8220; text_align=&#8220;left&#8220; row_border_radius=&#8220;none&#8220; row_border_radius_applies=&#8220;bg&#8220; row_position_desktop=&#8220;default&#8220; row_position_tablet=&#8220;inherit&#8220; row_position_phone=&#8220;inherit&#8220; overflow=&#8220;visible&#8220; overlay_strength=&#8220;0.3&#8243; gradient_direction=&#8220;left_to_right&#8220; shape_divider_position=&#8220;bottom&#8220; bg_image_animation=&#8220;none&#8220; gradient_type=&#8220;default&#8220; shape_type=&#8220;&#8220;][vc_column column_padding=&#8220;no-extra-padding&#8220; column_padding_tablet=&#8220;inherit&#8220; column_padding_phone=&#8220;inherit&#8220; column_padding_position=&#8220;all&#8220; flex_gap_desktop=&#8220;10px&#8220; column_element_direction_desktop=&#8220;default&#8220; column_element_spacing=&#8220;default&#8220; desktop_text_alignment=&#8220;default&#8220; tablet_text_alignment=&#8220;default&#8220; phone_text_alignment=&#8220;default&#8220; background_color_opacity=&#8220;1&#8243; background_hover_color_opacity=&#8220;1&#8243; column_backdrop_filter=&#8220;none&#8220; column_shadow=&#8220;none&#8220; column_border_radius=&#8220;none&#8220; column_link_target=&#8220;_self&#8220; column_position=&#8220;default&#8220; gradient_direction=&#8220;left_to_right&#8220; overlay_strength=&#8220;0.3&#8243; width=&#8220;1\/1&#8243; tablet_width_inherit=&#8220;default&#8220; animation_type=&#8220;default&#8220; bg_image_animation=&#8220;none&#8220; border_type=&#8220;simple&#8220; column_border_width=&#8220;none&#8220; column_border_style=&#8220;solid&#8220;][vc_column_text css=&#8220;&#8220; text_direction=&#8220;default&#8220;]\n<p data-start=\"125\" data-end=\"474\">Sj\u00f6tta fundur vinnustofunnar um starfsh\u00f3pasamf\u00e9lagi\u00f0 (CoP), sem Folkuniversitetet \u00ed Sv\u00ed\u00fej\u00f3\u00f0 st\u00fdr\u00f0i, f\u00f3r fram 22. ma\u00ed 2024. Vinnustofan, sem bar heiti\u00f0 &#8222;S\u00e6nsk sam\u00fe\u00e6ttingarpr\u00f3gramm fyrir fl\u00f3ttaf\u00f3lk og atvinnuleitendur&#8220;, beindist a\u00f0 \u00fev\u00ed a\u00f0 takast \u00e1 vi\u00f0 \u00e1skoranir og kanna lausnir til a\u00f0 sam\u00fe\u00e6tta fl\u00f3ttaf\u00f3lk og atvinnuleitendur inn \u00e1 s\u00e6nskan vinnumarka\u00f0. <\/p>\n<p data-start=\"479\" data-end=\"994\">\u00c1berandi kynningar innih\u00e9ldu umr\u00e6\u00f0ur um Korta V\u00e4gen (&#8222;Stutta lei\u00f0in&#8220;), \u00e1\u00e6tlun fyrir innflytjendur me\u00f0 h\u00e1sk\u00f3lamenntun, Match and Attach-\u00e1taki\u00f0 og verkefni sem sty\u00f0ja atvinnum\u00f6guleika \u00dakra\u00ednumanna. Eftir erindin voru opnu\u00f0 sm\u00e1h\u00f3par sem stu\u00f0lu\u00f0u a\u00f0 markvissri umr\u00e6\u00f0u um notkun stafr\u00e6nna verkf\u00e6ra vi\u00f0 f\u00e6rni\u00fer\u00f3un, \u00e1rangursr\u00edka h\u00e6fnismyndun til a\u00f0 au\u00f0velda sam\u00fe\u00e6ttingu \u00fakra\u00ednskra fl\u00f3ttamanna og vi\u00f0urkenningu atvinnurekenda \u00e1 menntun innflytjenda. <\/p>\n[\/vc_column_text][\/vc_column][\/vc_row][vc_row type=&#8220;in_container&#8220; full_screen_row_position=&#8220;middle&#8220; column_margin=&#8220;default&#8220; column_direction=&#8220;default&#8220; column_direction_tablet=&#8220;default&#8220; column_direction_phone=&#8220;default&#8220; scene_position=&#8220;center&#8220; text_color=&#8220;dark&#8220; text_align=&#8220;left&#8220; row_border_radius=&#8220;none&#8220; row_border_radius_applies=&#8220;bg&#8220; row_position_desktop=&#8220;default&#8220; row_position_tablet=&#8220;inherit&#8220; row_position_phone=&#8220;inherit&#8220; overflow=&#8220;visible&#8220; overlay_strength=&#8220;0.3&#8243; gradient_direction=&#8220;left_to_right&#8220; shape_divider_position=&#8220;bottom&#8220; bg_image_animation=&#8220;none&#8220;][vc_column column_padding=&#8220;no-extra-padding&#8220; column_padding_tablet=&#8220;inherit&#8220; column_padding_phone=&#8220;inherit&#8220; column_padding_position=&#8220;all&#8220; flex_gap_desktop=&#8220;10px&#8220; column_element_direction_desktop=&#8220;default&#8220; column_element_spacing=&#8220;default&#8220; desktop_text_alignment=&#8220;default&#8220; tablet_text_alignment=&#8220;default&#8220; phone_text_alignment=&#8220;default&#8220; background_color_opacity=&#8220;1&#8243; background_hover_color_opacity=&#8220;1&#8243; column_backdrop_filter=&#8220;none&#8220; column_shadow=&#8220;none&#8220; column_border_radius=&#8220;none&#8220; column_link_target=&#8220;_self&#8220; column_position=&#8220;default&#8220; gradient_direction=&#8220;left_to_right&#8220; overlay_strength=&#8220;0.3&#8243; width=&#8220;1\/1&#8243; tablet_width_inherit=&#8220;default&#8220; animation_type=&#8220;default&#8220; bg_image_animation=&#8220;none&#8220; border_type=&#8220;simple&#8220; column_border_width=&#8220;none&#8220; column_border_style=&#8220;solid&#8220;][divider line_type=&#8220;No Line&#8220; custom_height=&#8220;50&#8243;][vc_custom_heading text=&#8220;A\u00f0l\u00f6gunarverkefni fyrir fl\u00f3ttaf\u00f3lk \u00ed Sv\u00ed\u00fej\u00f3\u00f0&#8220; font_container=&#8220;tag:h2|text_align:left|color:%234b45ad&#8220; use_theme_fonts=&#8220;yes&#8220; css_animation=&#8220;appear&#8220; css=&#8220;.vc_custom_1748943530500{margin-bottom: 25px !important;}&#8220;][vc_video link=&#8220;https:\/\/youtu.be\/48BKZ7Rol8o&#8220; css=&#8220;&#8220;][\/vc_column][\/vc_row][vc_row type=&#8220;in_container&#8220; full_screen_row_position=&#8220;middle&#8220; column_margin=&#8220;default&#8220; column_direction=&#8220;default&#8220; column_direction_tablet=&#8220;default&#8220; column_direction_phone=&#8220;default&#8220; scene_position=&#8220;center&#8220; text_color=&#8220;dark&#8220; text_align=&#8220;left&#8220; row_border_radius=&#8220;none&#8220; row_border_radius_applies=&#8220;bg&#8220; row_position_desktop=&#8220;default&#8220; row_position_tablet=&#8220;inherit&#8220; row_position_phone=&#8220;inherit&#8220; overflow=&#8220;visible&#8220; disable_element=&#8220;yes&#8220; overlay_strength=&#8220;0.3&#8243; gradient_direction=&#8220;left_to_right&#8220; shape_divider_position=&#8220;bottom&#8220; bg_image_animation=&#8220;none&#8220; gradient_type=&#8220;default&#8220; shape_type=&#8220;&#8220;][vc_column column_padding=&#8220;no-extra-padding&#8220; column_padding_tablet=&#8220;inherit&#8220; column_padding_phone=&#8220;inherit&#8220; column_padding_position=&#8220;all&#8220; flex_gap_desktop=&#8220;10px&#8220; column_element_direction_desktop=&#8220;default&#8220; column_element_spacing=&#8220;default&#8220; desktop_text_alignment=&#8220;default&#8220; tablet_text_alignment=&#8220;default&#8220; phone_text_alignment=&#8220;default&#8220; background_color_opacity=&#8220;1&#8243; background_hover_color_opacity=&#8220;1&#8243; column_backdrop_filter=&#8220;none&#8220; column_shadow=&#8220;none&#8220; column_border_radius=&#8220;none&#8220; column_link_target=&#8220;_self&#8220; column_position=&#8220;default&#8220; gradient_direction=&#8220;left_to_right&#8220; overlay_strength=&#8220;0.3&#8243; width=&#8220;1\/1&#8243; tablet_width_inherit=&#8220;default&#8220; animation_type=&#8220;default&#8220; bg_image_animation=&#8220;none&#8220; border_type=&#8220;simple&#8220; column_border_width=&#8220;none&#8220; column_border_style=&#8220;solid&#8220;][divider line_type=&#8220;No Line&#8220; custom_height=&#8220;50&#8243;][vc_custom_heading text=&#8220;Kynningar&#8220; font_container=&#8220;tag:h2|text_align:left|color:%234b45ad&#8220; use_theme_fonts=&#8220;yes&#8220; css_animation=&#8220;fadeIn&#8220; css=&#8220;.vc_custom_1748943486476{margin-bottom: 25px !important;}&#8220;][vc_row_inner column_margin=&#8220;default&#8220; column_direction=&#8220;default&#8220; column_direction_tablet=&#8220;default&#8220; column_direction_phone=&#8220;default&#8220; text_align=&#8220;left&#8220; row_position=&#8220;default&#8220; row_position_tablet=&#8220;inherit&#8220; row_position_phone=&#8220;inherit&#8220; overflow=&#8220;visible&#8220; pointer_events=&#8220;all&#8220;][vc_column_inner column_padding=&#8220;no-extra-padding&#8220; column_padding_tablet=&#8220;inherit&#8220; column_padding_phone=&#8220;inherit&#8220; column_padding_position=&#8220;all&#8220; flex_gap_desktop=&#8220;10px&#8220; column_element_direction_desktop=&#8220;default&#8220; column_element_spacing=&#8220;default&#8220; desktop_text_alignment=&#8220;default&#8220; tablet_text_alignment=&#8220;default&#8220; phone_text_alignment=&#8220;default&#8220; background_color_opacity=&#8220;1&#8243; background_hover_color_opacity=&#8220;1&#8243; column_backdrop_filter=&#8220;none&#8220; column_shadow=&#8220;none&#8220; column_border_radius=&#8220;none&#8220; column_link_target=&#8220;_self&#8220; overflow=&#8220;visible&#8220; gradient_direction=&#8220;left_to_right&#8220; overlay_strength=&#8220;0.3&#8243; width=&#8220;1\/3&#8243; tablet_width_inherit=&#8220;default&#8220; animation_type=&#8220;default&#8220; bg_image_animation=&#8220;none&#8220; border_type=&#8220;simple&#8220; column_border_width=&#8220;none&#8220; column_border_style=&#8220;solid&#8220;][vc_column_text css=&#8220;&#8220; text_direction=&#8220;default&#8220;][embeddoc url=&#8220;https:\/\/www.maas-project.eu\/wp-content\/uploads\/2025\/06\/MAAS_-Work-for-UkraniansCare_Robin.pptx&#8220; download=&#8220;all&#8220; viewer=&#8220;microsoft&#8220;][\/vc_column_text][\/vc_column_inner][vc_column_inner column_padding=&#8220;no-extra-padding&#8220; column_padding_tablet=&#8220;inherit&#8220; column_padding_phone=&#8220;inherit&#8220; column_padding_position=&#8220;all&#8220; flex_gap_desktop=&#8220;10px&#8220; column_element_direction_desktop=&#8220;default&#8220; column_element_spacing=&#8220;default&#8220; desktop_text_alignment=&#8220;default&#8220; tablet_text_alignment=&#8220;default&#8220; phone_text_alignment=&#8220;default&#8220; background_color_opacity=&#8220;1&#8243; background_hover_color_opacity=&#8220;1&#8243; column_backdrop_filter=&#8220;none&#8220; column_shadow=&#8220;none&#8220; column_border_radius=&#8220;none&#8220; column_link_target=&#8220;_self&#8220; overflow=&#8220;visible&#8220; gradient_direction=&#8220;left_to_right&#8220; overlay_strength=&#8220;0.3&#8243; width=&#8220;1\/3&#8243; tablet_width_inherit=&#8220;default&#8220; animation_type=&#8220;default&#8220; bg_image_animation=&#8220;none&#8220; border_type=&#8220;simple&#8220; column_border_width=&#8220;none&#8220; column_border_style=&#8220;solid&#8220;][vc_column_text css=&#8220;&#8220; text_direction=&#8220;default&#8220;][embeddoc url=&#8220;https:\/\/www.maas-project.eu\/wp-content\/uploads\/2025\/06\/MAAS_Korta-Vagen_Hans.pptx&#8220; download=&#8220;all&#8220; viewer=&#8220;microsoft&#8220;][\/vc_column_text][\/vc_column_inner][vc_column_inner column_padding=&#8220;no-extra-padding&#8220; column_padding_tablet=&#8220;inherit&#8220; column_padding_phone=&#8220;inherit&#8220; column_padding_position=&#8220;all&#8220; flex_gap_desktop=&#8220;10px&#8220; column_element_direction_desktop=&#8220;default&#8220; column_element_spacing=&#8220;default&#8220; desktop_text_alignment=&#8220;default&#8220; tablet_text_alignment=&#8220;default&#8220; phone_text_alignment=&#8220;default&#8220; background_color_opacity=&#8220;1&#8243; background_hover_color_opacity=&#8220;1&#8243; column_backdrop_filter=&#8220;none&#8220; column_shadow=&#8220;none&#8220; column_border_radius=&#8220;none&#8220; column_link_target=&#8220;_self&#8220; overflow=&#8220;visible&#8220; gradient_direction=&#8220;left_to_right&#8220; overlay_strength=&#8220;0.3&#8243; width=&#8220;1\/3&#8243; tablet_width_inherit=&#8220;default&#8220; animation_type=&#8220;default&#8220; bg_image_animation=&#8220;none&#8220; border_type=&#8220;simple&#8220; column_border_width=&#8220;none&#8220; column_border_style=&#8220;solid&#8220;][vc_column_text css=&#8220;&#8220; text_direction=&#8220;default&#8220;][embeddoc url=&#8220;https:\/\/www.maas-project.eu\/wp-content\/uploads\/2025\/06\/MAAS_Rusta-och-Matcha_Almedina_Robin.pptx&#8220; download=&#8220;all&#8220; viewer=&#8220;microsoft&#8220;][\/vc_column_text][\/vc_column_inner][\/vc_row_inner][\/vc_column][\/vc_row][vc_row type=&#8220;in_container&#8220; full_screen_row_position=&#8220;middle&#8220; column_margin=&#8220;default&#8220; column_direction=&#8220;default&#8220; column_direction_tablet=&#8220;default&#8220; column_direction_phone=&#8220;default&#8220; scene_position=&#8220;center&#8220; text_color=&#8220;dark&#8220; text_align=&#8220;left&#8220; row_border_radius=&#8220;none&#8220; row_border_radius_applies=&#8220;bg&#8220; row_position_desktop=&#8220;default&#8220; row_position_tablet=&#8220;inherit&#8220; row_position_phone=&#8220;inherit&#8220; overflow=&#8220;visible&#8220; overlay_strength=&#8220;0.3&#8243; gradient_direction=&#8220;left_to_right&#8220; shape_divider_position=&#8220;bottom&#8220; bg_image_animation=&#8220;none&#8220;][vc_column column_padding=&#8220;no-extra-padding&#8220; column_padding_tablet=&#8220;inherit&#8220; column_padding_phone=&#8220;inherit&#8220; column_padding_position=&#8220;all&#8220; flex_gap_desktop=&#8220;10px&#8220; column_element_direction_desktop=&#8220;default&#8220; column_element_spacing=&#8220;default&#8220; desktop_text_alignment=&#8220;default&#8220; tablet_text_alignment=&#8220;default&#8220; phone_text_alignment=&#8220;default&#8220; background_color_opacity=&#8220;1&#8243; background_hover_color_opacity=&#8220;1&#8243; column_backdrop_filter=&#8220;none&#8220; column_shadow=&#8220;none&#8220; column_border_radius=&#8220;none&#8220; column_link_target=&#8220;_self&#8220; column_position=&#8220;default&#8220; gradient_direction=&#8220;left_to_right&#8220; overlay_strength=&#8220;0.3&#8243; width=&#8220;1\/1&#8243; tablet_width_inherit=&#8220;default&#8220; animation_type=&#8220;default&#8220; bg_image_animation=&#8220;none&#8220; border_type=&#8220;simple&#8220; column_border_width=&#8220;none&#8220; column_border_style=&#8220;solid&#8220;][divider line_type=&#8220;No Line&#8220; custom_height=&#8220;50&#8243;][vc_custom_heading text=&#8220;Kynningar&#8220; font_container=&#8220;tag:h2|text_align:left|color:%234b45ad&#8220; use_theme_fonts=&#8220;yes&#8220; css_animation=&#8220;fadeIn&#8220; css=&#8220;.vc_custom_1748943486476{margin-bottom: 25px !important;}&#8220;][vc_row_inner column_margin=&#8220;default&#8220; column_direction=&#8220;default&#8220; column_direction_tablet=&#8220;default&#8220; column_direction_phone=&#8220;default&#8220; text_align=&#8220;left&#8220; row_position=&#8220;default&#8220; row_position_tablet=&#8220;inherit&#8220; row_position_phone=&#8220;inherit&#8220; overflow=&#8220;visible&#8220; pointer_events=&#8220;all&#8220;][vc_column_inner column_padding=&#8220;no-extra-padding&#8220; column_padding_tablet=&#8220;inherit&#8220; column_padding_phone=&#8220;inherit&#8220; column_padding_position=&#8220;all&#8220; flex_gap_desktop=&#8220;10px&#8220; column_element_direction_desktop=&#8220;default&#8220; column_element_spacing=&#8220;default&#8220; desktop_text_alignment=&#8220;default&#8220; tablet_text_alignment=&#8220;default&#8220; phone_text_alignment=&#8220;default&#8220; background_color_opacity=&#8220;1&#8243; background_hover_color_opacity=&#8220;1&#8243; column_backdrop_filter=&#8220;none&#8220; column_shadow=&#8220;none&#8220; column_border_radius=&#8220;none&#8220; column_link_target=&#8220;_self&#8220; overflow=&#8220;visible&#8220; gradient_direction=&#8220;left_to_right&#8220; overlay_strength=&#8220;0.3&#8243; width=&#8220;1\/3&#8243; tablet_width_inherit=&#8220;default&#8220; animation_type=&#8220;default&#8220; bg_image_animation=&#8220;none&#8220; border_type=&#8220;simple&#8220; column_border_width=&#8220;none&#8220; column_border_style=&#8220;solid&#8220;][vc_column_text css=&#8220;&#8220; text_direction=&#8220;default&#8220;]<div class=\"shared-files-embed-69f1b807a6613 shared-files-main-container\" data-elem-class=\"shared-files-embed-69f1b807a6613\" data-search-type=\"0\" data-post-id=\"2493\"><div class=\"shared-files-search\"><ul class=\"shared-files-main-file-list\"><li class=\"shared-files-card-976\"><div class=\"shared-files-main-elements\"><div class=\"shared-files-main-elements-left\" style=\"background-image: url(https:\/\/www.maas-project.eu\/wp-content\/plugins\/shared-files\/img\/2020\/ppt.svg);\"><\/div><div class=\"shared-files-main-elements-right\"><a class=\"shared-files-file-title\"  data-file-type=\"\"  data-file-url=\"\/shared-files\/976\/?MAAS_%20Work%20for%20Ukranians+Care_Robin.pptx\"  data-external-url=\"\"  data-image-url=\"\" href=\"\/shared-files\/976\/?MAAS_%20Work%20for%20Ukranians+Care_Robin.pptx\" target=\"_blank\">MAAS_ Work for Ukranians+Care_Robin<\/a><span class=\"shared-file-size\">2.02 MB<\/span><a href=\"https:\/\/view.officeapps.live.com\/op\/view.aspx?src=https%3A%2F%2Fwww.maas-project.eu%2Fshared-files%2F976%2F%3FMAAS_%2520Work%2520for%2520Ukranians%2BCare_Robin.pptx\" target=\"_blank\" class=\"shared-files-preview-button\">Preview<\/a><span class=\"shared-file-date\">26. ma\u00ed, 2025<\/span><div class=\"shared-files-download-counter\"><span>Downloads: 490<\/span><\/div><div class=\"shared-files-download-button-container\"><a href=\"\/shared-files\/976\/?MAAS_%20Work%20for%20Ukranians+Care_Robin.pptx&download=1\" class=\"shared-files-download-button\"  download>Download<\/a><\/div><div class=\"shared-files-edit-actions\"><\/div><\/div><\/div><\/li><\/ul><\/div><\/div>[\/vc_column_text][\/vc_column_inner][vc_column_inner column_padding=&#8220;no-extra-padding&#8220; column_padding_tablet=&#8220;inherit&#8220; column_padding_phone=&#8220;inherit&#8220; column_padding_position=&#8220;all&#8220; flex_gap_desktop=&#8220;10px&#8220; column_element_direction_desktop=&#8220;default&#8220; column_element_spacing=&#8220;default&#8220; desktop_text_alignment=&#8220;default&#8220; tablet_text_alignment=&#8220;default&#8220; phone_text_alignment=&#8220;default&#8220; background_color_opacity=&#8220;1&#8243; background_hover_color_opacity=&#8220;1&#8243; column_backdrop_filter=&#8220;none&#8220; column_shadow=&#8220;none&#8220; column_border_radius=&#8220;none&#8220; column_link_target=&#8220;_self&#8220; overflow=&#8220;visible&#8220; gradient_direction=&#8220;left_to_right&#8220; overlay_strength=&#8220;0.3&#8243; width=&#8220;1\/3&#8243; tablet_width_inherit=&#8220;default&#8220; animation_type=&#8220;default&#8220; bg_image_animation=&#8220;none&#8220; border_type=&#8220;simple&#8220; column_border_width=&#8220;none&#8220; column_border_style=&#8220;solid&#8220;][vc_column_text css=&#8220;&#8220; text_direction=&#8220;default&#8220;]<div class=\"shared-files-embed-69f1b807a87aa shared-files-main-container\" data-elem-class=\"shared-files-embed-69f1b807a87aa\" data-search-type=\"0\" data-post-id=\"976\"><div class=\"shared-files-search\"><ul class=\"shared-files-main-file-list\"><li class=\"shared-files-card-975\"><div class=\"shared-files-main-elements\"><div class=\"shared-files-main-elements-left\" style=\"background-image: url(https:\/\/www.maas-project.eu\/wp-content\/plugins\/shared-files\/img\/2020\/ppt.svg);\"><\/div><div class=\"shared-files-main-elements-right\"><a class=\"shared-files-file-title\"  data-file-type=\"\"  data-file-url=\"\/shared-files\/975\/?MAAS_Korta%20V\u00e4gen_Hans.pptx\"  data-external-url=\"\"  data-image-url=\"\" href=\"\/shared-files\/975\/?MAAS_Korta%20V\u00e4gen_Hans.pptx\" target=\"_blank\">MAAS_Korta V\u00e4gen_Hans<\/a><span class=\"shared-file-size\">1.95 MB<\/span><a href=\"https:\/\/view.officeapps.live.com\/op\/view.aspx?src=https%3A%2F%2Fwww.maas-project.eu%2Fshared-files%2F975%2F%3FMAAS_Korta%2520V%C3%A4gen_Hans.pptx\" target=\"_blank\" class=\"shared-files-preview-button\">Preview<\/a><span class=\"shared-file-date\">26. ma\u00ed, 2025<\/span><div class=\"shared-files-download-counter\"><span>Downloads: 491<\/span><\/div><div class=\"shared-files-download-button-container\"><a href=\"\/shared-files\/975\/?MAAS_Korta%20V\u00e4gen_Hans.pptx&download=1\" class=\"shared-files-download-button\"  download>Download<\/a><\/div><div class=\"shared-files-edit-actions\"><\/div><\/div><\/div><\/li><\/ul><\/div><\/div>[\/vc_column_text][\/vc_column_inner][vc_column_inner column_padding=&#8220;no-extra-padding&#8220; column_padding_tablet=&#8220;inherit&#8220; column_padding_phone=&#8220;inherit&#8220; column_padding_position=&#8220;all&#8220; flex_gap_desktop=&#8220;10px&#8220; column_element_direction_desktop=&#8220;default&#8220; column_element_spacing=&#8220;default&#8220; desktop_text_alignment=&#8220;default&#8220; tablet_text_alignment=&#8220;default&#8220; phone_text_alignment=&#8220;default&#8220; background_color_opacity=&#8220;1&#8243; background_hover_color_opacity=&#8220;1&#8243; column_backdrop_filter=&#8220;none&#8220; column_shadow=&#8220;none&#8220; column_border_radius=&#8220;none&#8220; column_link_target=&#8220;_self&#8220; overflow=&#8220;visible&#8220; gradient_direction=&#8220;left_to_right&#8220; overlay_strength=&#8220;0.3&#8243; width=&#8220;1\/3&#8243; tablet_width_inherit=&#8220;default&#8220; animation_type=&#8220;default&#8220; bg_image_animation=&#8220;none&#8220; border_type=&#8220;simple&#8220; column_border_width=&#8220;none&#8220; column_border_style=&#8220;solid&#8220;][vc_column_text css=&#8220;&#8220; text_direction=&#8220;default&#8220;]<div class=\"shared-files-embed-69f1b807a9f62 shared-files-main-container\" data-elem-class=\"shared-files-embed-69f1b807a9f62\" data-search-type=\"0\" data-post-id=\"975\"><div class=\"shared-files-search\"><ul class=\"shared-files-main-file-list\"><li class=\"shared-files-card-974\"><div class=\"shared-files-main-elements\"><div class=\"shared-files-main-elements-left\" style=\"background-image: url(https:\/\/www.maas-project.eu\/wp-content\/plugins\/shared-files\/img\/2020\/ppt.svg);\"><\/div><div class=\"shared-files-main-elements-right\"><a class=\"shared-files-file-title\"  data-file-type=\"\"  data-file-url=\"\/shared-files\/974\/?MAAS_Rusta%20och%20Matcha_Almedina_Robin.pptx\"  data-external-url=\"\"  data-image-url=\"\" href=\"\/shared-files\/974\/?MAAS_Rusta%20och%20Matcha_Almedina_Robin.pptx\" target=\"_blank\">MAAS_Rusta och Matcha_Almedina_Robin<\/a><span class=\"shared-file-size\">5.52 MB<\/span><a href=\"https:\/\/view.officeapps.live.com\/op\/view.aspx?src=https%3A%2F%2Fwww.maas-project.eu%2Fshared-files%2F974%2F%3FMAAS_Rusta%2520och%2520Matcha_Almedina_Robin.pptx\" target=\"_blank\" class=\"shared-files-preview-button\">Preview<\/a><span class=\"shared-file-date\">26. ma\u00ed, 2025<\/span><div class=\"shared-files-download-counter\"><span>Downloads: 511<\/span><\/div><div class=\"shared-files-download-button-container\"><a href=\"\/shared-files\/974\/?MAAS_Rusta%20och%20Matcha_Almedina_Robin.pptx&download=1\" class=\"shared-files-download-button\"  download>Download<\/a><\/div><div class=\"shared-files-edit-actions\"><\/div><\/div><\/div><\/li><\/ul><\/div><\/div>[\/vc_column_text][\/vc_column_inner][\/vc_row_inner][\/vc_column][\/vc_row][vc_row type=&#8220;full_width_background&#8220; full_screen_row_position=&#8220;middle&#8220; column_margin=&#8220;default&#8220; column_direction=&#8220;default&#8220; column_direction_tablet=&#8220;default&#8220; column_direction_phone=&#8220;default&#8220; bg_color=&#8220;#efefef&#8220; scene_position=&#8220;center&#8220; text_color=&#8220;dark&#8220; text_align=&#8220;left&#8220; row_border_radius=&#8220;none&#8220; row_border_radius_applies=&#8220;bg&#8220; row_position_desktop=&#8220;default&#8220; row_position_tablet=&#8220;inherit&#8220; row_position_phone=&#8220;inherit&#8220; overflow=&#8220;visible&#8220; overlay_strength=&#8220;0.3&#8243; gradient_direction=&#8220;left_to_right&#8220; enable_shape_divider=&#8220;true&#8220; shape_divider_position=&#8220;bottom&#8220; shape_divider_height=&#8220;60&#8243; bg_image_animation=&#8220;none&#8220; gradient_type=&#8220;default&#8220; shape_type=&#8220;clouds&#8220;][vc_column column_padding=&#8220;no-extra-padding&#8220; column_padding_tablet=&#8220;inherit&#8220; column_padding_phone=&#8220;inherit&#8220; column_padding_position=&#8220;all&#8220; flex_gap_desktop=&#8220;10px&#8220; column_element_direction_desktop=&#8220;default&#8220; column_element_spacing=&#8220;default&#8220; desktop_text_alignment=&#8220;default&#8220; tablet_text_alignment=&#8220;default&#8220; phone_text_alignment=&#8220;default&#8220; background_color_opacity=&#8220;1&#8243; background_hover_color_opacity=&#8220;1&#8243; column_backdrop_filter=&#8220;none&#8220; column_shadow=&#8220;none&#8220; column_border_radius=&#8220;none&#8220; column_link_target=&#8220;_self&#8220; column_position=&#8220;default&#8220; gradient_direction=&#8220;left_to_right&#8220; overlay_strength=&#8220;0.3&#8243; width=&#8220;1\/1&#8243; tablet_width_inherit=&#8220;default&#8220; animation_type=&#8220;default&#8220; bg_image_animation=&#8220;none&#8220; border_type=&#8220;simple&#8220; column_border_width=&#8220;none&#8220; column_border_style=&#8220;solid&#8220;][divider line_type=&#8220;No Line&#8220; custom_height=&#8220;50&#8243;][vc_custom_heading text=&#8220;Helstu inns\u00fdn&#8220; font_container=&#8220;tag:h2|text_align:left|color:%234b45ad&#8220; use_theme_fonts=&#8220;yes&#8220; css_animation=&#8220;fadeIn&#8220; css=&#8220;.vc_custom_1748871454725{margin-bottom: 25px !important;}&#8220;][vc_row_inner equal_height=&#8220;yes&#8220; column_margin=&#8220;default&#8220; column_direction=&#8220;default&#8220; column_direction_tablet=&#8220;default&#8220; column_direction_phone=&#8220;default&#8220; text_align=&#8220;left&#8220; row_position=&#8220;default&#8220; row_position_tablet=&#8220;inherit&#8220; row_position_phone=&#8220;inherit&#8220; overflow=&#8220;visible&#8220; pointer_events=&#8220;all&#8220;][vc_column_inner column_padding=&#8220;padding-2-percent&#8220; column_padding_tablet=&#8220;inherit&#8220; column_padding_phone=&#8220;inherit&#8220; column_padding_position=&#8220;all&#8220; flex_gap_desktop=&#8220;10px&#8220; column_element_direction_desktop=&#8220;default&#8220; column_element_spacing=&#8220;default&#8220; desktop_text_alignment=&#8220;default&#8220; tablet_text_alignment=&#8220;default&#8220; phone_text_alignment=&#8220;default&#8220; background_color=&#8220;#ffffff&#8220; background_color_opacity=&#8220;1&#8243; background_hover_color_opacity=&#8220;1&#8243; column_backdrop_filter=&#8220;none&#8220; column_shadow=&#8220;small_depth&#8220; column_border_radius=&#8220;10px&#8220; column_link_target=&#8220;_self&#8220; overflow=&#8220;visible&#8220; gradient_direction=&#8220;left_to_right&#8220; overlay_strength=&#8220;0.3&#8243; width=&#8220;1\/3&#8243; tablet_width_inherit=&#8220;default&#8220; animation_type=&#8220;default&#8220; bg_image_animation=&#8220;none&#8220; border_type=&#8220;simple&#8220; column_border_width=&#8220;none&#8220; column_border_style=&#8220;solid&#8220; column_padding_type=&#8220;default&#8220; gradient_type=&#8220;default&#8220;][nectar_icon icon_family=&#8220;fontawesome&#8220; icon_style=&#8220;default&#8220; icon_color_type=&#8220;color_scheme&#8220; icon_color=&#8220;extra-color-gradient-2&#8243; icon_padding=&#8220;20px&#8220; pointer_events=&#8220;all&#8220; icon_fontawesome=&#8220;fa fa-road&#8220;][vc_custom_heading text=&#8220;Flj\u00f3tar sam\u00fe\u00e6ttingarlei\u00f0ir&#8220; font_container=&#8220;tag:h3|text_align:center&#8220; use_theme_fonts=&#8220;yes&#8220; css=&#8220;&#8220;][vc_column_text css=&#8220;&#8220; text_direction=&#8220;default&#8220;]\n<p style=\"text-align: center;\" data-start=\"170\" data-end=\"395\">\u00c1\u00e6tlanir eins og Short Route og Match and Attach eru me\u00f0al \u00e1hrifar\u00edkustu l\u00edkana Sv\u00ed\u00fej\u00f3\u00f0ar til a\u00f0 hra\u00f0a a\u00f0l\u00f6gun fl\u00f3ttamanna og atvinnulausra einstaklinga \u00e1 vinnumarka\u00f0inn. \u00deessar \u00e1\u00e6tlanir fela yfirleitt \u00ed s\u00e9r: <\/p>\n<ol data-start=\"400\" data-end=\"596\">\n<li data-start=\"400\" data-end=\"450\">\n<p data-start=\"403\" data-end=\"450\">Starfsr\u00e1\u00f0gj\u00f6f og lei\u00f0s\u00f6gn um vinnumarka\u00f0inn<\/p>\n<\/li>\n<li data-start=\"453\" data-end=\"497\">\n<p data-start=\"456\" data-end=\"497\">Matskerfi fyrir kunn\u00e1ttu \u00ed s\u00e6nsku<\/p>\n<\/li>\n<li data-start=\"500\" data-end=\"542\">\n<p data-start=\"503\" data-end=\"542\">Fr\u00e6\u00f0ileg og starfsbundin \u00fej\u00e1lfun<\/p>\n<\/li>\n<li data-start=\"545\" data-end=\"594\">\n<p data-start=\"548\" data-end=\"594\">Stafr\u00e6n l\u00e6si og stu\u00f0ningur vi\u00f0 ums\u00f3knir um st\u00f6rf<\/p>\n<\/li>\n<\/ol>\n<p style=\"text-align: center;\" data-start=\"599\" data-end=\"694\">\u00deau sameina pers\u00f3nulega lei\u00f0s\u00f6gn og hagn\u00fdta starfsreynslu til a\u00f0 auka atvinnuh\u00e6fni.<\/p>\n[\/vc_column_text][\/vc_column_inner][vc_column_inner column_padding=&#8220;padding-2-percent&#8220; column_padding_tablet=&#8220;inherit&#8220; column_padding_phone=&#8220;inherit&#8220; column_padding_position=&#8220;all&#8220; flex_gap_desktop=&#8220;10px&#8220; column_element_direction_desktop=&#8220;default&#8220; column_element_spacing=&#8220;default&#8220; desktop_text_alignment=&#8220;default&#8220; tablet_text_alignment=&#8220;default&#8220; phone_text_alignment=&#8220;default&#8220; background_color=&#8220;#ffffff&#8220; background_color_opacity=&#8220;1&#8243; background_hover_color_opacity=&#8220;1&#8243; column_backdrop_filter=&#8220;none&#8220; column_shadow=&#8220;small_depth&#8220; column_border_radius=&#8220;10px&#8220; column_link_target=&#8220;_self&#8220; overflow=&#8220;visible&#8220; gradient_direction=&#8220;left_to_right&#8220; overlay_strength=&#8220;0.3&#8243; width=&#8220;1\/3&#8243; tablet_width_inherit=&#8220;default&#8220; animation_type=&#8220;default&#8220; bg_image_animation=&#8220;none&#8220; border_type=&#8220;simple&#8220; column_border_width=&#8220;none&#8220; column_border_style=&#8220;solid&#8220; column_padding_type=&#8220;default&#8220; gradient_type=&#8220;default&#8220;][nectar_icon icon_family=&#8220;fontawesome&#8220; icon_style=&#8220;default&#8220; icon_color_type=&#8220;color_scheme&#8220; icon_color=&#8220;extra-color-gradient-1&#8243; icon_padding=&#8220;20px&#8220; pointer_events=&#8220;all&#8220; icon_fontawesome=&#8220;fa fa-language&#8220;][vc_custom_heading text=&#8220;M\u00e1lakunn\u00e1tta sem kjarna\u00e1skorun&#8220; font_container=&#8220;tag:h3|text_align:center&#8220; use_theme_fonts=&#8220;yes&#8220; css=&#8220;&#8220;][vc_column_text css=&#8220;&#8220; text_direction=&#8220;default&#8220;]\n<p style=\"text-align: center;\" data-start=\"149\" data-end=\"291\">S\u00e6nskt tungum\u00e1lahindrun er enn\u00fe\u00e1 st\u00e6rsta hindrun fyrir b\u00e6\u00f0i f\u00e9lagslega og faglega sam\u00fe\u00e6ttingu. Margar \u00e1\u00e6tlanir fela \u00fev\u00ed \u00ed s\u00e9r: <\/p>\n<ol data-start=\"296\" data-end=\"454\">\n<li data-start=\"296\" data-end=\"325\">\n<p data-start=\"299\" data-end=\"325\">S\u00e6nskun\u00e1mskei\u00f0<\/p>\n<\/li>\n<li data-start=\"328\" data-end=\"382\">\n<p data-start=\"331\" data-end=\"382\">Tungum\u00e1lan\u00e1m innlima\u00f0 \u00ed starfsn\u00e1m<\/p>\n<\/li>\n<li data-start=\"385\" data-end=\"452\">\n<p data-start=\"388\" data-end=\"452\">A\u00f0sto\u00f0 vi\u00f0 undirb\u00faning fyrir vi\u00f0t\u00f6l og samskipti \u00e1 vinnusta\u00f0num<\/p>\n<\/li>\n<\/ol>\n<p style=\"text-align: center;\" data-start=\"457\" data-end=\"612\">Tungum\u00e1lakunn\u00e1tta er talin nau\u00f0synleg til a\u00f0 tryggja st\u00f6\u00f0ugt starf, efla f\u00e9lagslega \u00fe\u00e1ttt\u00f6ku og n\u00e1 langt\u00edma sj\u00e1lfsbjargarvi\u00f0leitni.<\/p>\n[\/vc_column_text][\/vc_column_inner][vc_column_inner column_padding=&#8220;padding-2-percent&#8220; column_padding_tablet=&#8220;inherit&#8220; column_padding_phone=&#8220;inherit&#8220; column_padding_position=&#8220;all&#8220; flex_gap_desktop=&#8220;10px&#8220; column_element_direction_desktop=&#8220;default&#8220; column_element_spacing=&#8220;default&#8220; desktop_text_alignment=&#8220;default&#8220; tablet_text_alignment=&#8220;default&#8220; phone_text_alignment=&#8220;default&#8220; background_color=&#8220;#ffffff&#8220; background_color_opacity=&#8220;1&#8243; background_hover_color_opacity=&#8220;1&#8243; column_backdrop_filter=&#8220;none&#8220; column_shadow=&#8220;small_depth&#8220; column_border_radius=&#8220;10px&#8220; column_link_target=&#8220;_self&#8220; overflow=&#8220;visible&#8220; gradient_direction=&#8220;left_to_right&#8220; overlay_strength=&#8220;0.3&#8243; width=&#8220;1\/3&#8243; tablet_width_inherit=&#8220;default&#8220; animation_type=&#8220;default&#8220; bg_image_animation=&#8220;none&#8220; border_type=&#8220;simple&#8220; column_border_width=&#8220;none&#8220; column_border_style=&#8220;solid&#8220; column_padding_type=&#8220;default&#8220; gradient_type=&#8220;default&#8220;][nectar_icon icon_family=&#8220;fontawesome&#8220; icon_style=&#8220;default&#8220; icon_color_type=&#8220;color_scheme&#8220; icon_color=&#8220;extra-color-gradient-2&#8243; icon_padding=&#8220;20px&#8220; pointer_events=&#8220;all&#8220; icon_fontawesome=&#8220;fa fa-cogs&#8220;][vc_custom_heading text=&#8220;Stafr\u00e6n og kerfisl\u00e6gur stu\u00f0ningur vi\u00f0 \u00fe\u00e1ttt\u00f6ku&#8220; font_container=&#8220;tag:h3|text_align:center&#8220; use_theme_fonts=&#8220;yes&#8220; css=&#8220;&#8220;][vc_column_text css=&#8220;&#8220; text_direction=&#8220;default&#8220;]\n<p style=\"text-align: center;\" data-start=\"133\" data-end=\"263\">Frumkv\u00e6\u00f0i eins og Work for Ukrainians og Care for Health Care mi\u00f0a a\u00f0 \u00fev\u00ed a\u00f0 efla sj\u00e1lfbjargarvi\u00f0leitni og f\u00e9lagslega \u00fe\u00e1ttt\u00f6ku me\u00f0:<\/p>\n<ol data-start=\"268\" data-end=\"445\">\n<li data-start=\"268\" data-end=\"308\">\n<p data-start=\"271\" data-end=\"308\">S\u00e9rsni\u00f0in r\u00e1\u00f0gj\u00f6f um atvinnum\u00e1l<\/p>\n<\/li>\n<li data-start=\"311\" data-end=\"359\">\n<p data-start=\"314\" data-end=\"359\">Heilsu\u00e1r\u00f3\u00f0ur og \u00fer\u00f3un f\u00e6rni<\/p>\n<\/li>\n<li data-start=\"362\" data-end=\"443\">\n<p data-start=\"365\" data-end=\"443\">Notkun vettvanga eins og Jobbmatchad til a\u00f0 tengja atvinnuleitendur vi\u00f0 atvinnurekendur<\/p>\n<\/li>\n<\/ol>\n<p style=\"text-align: center;\" data-start=\"448\" data-end=\"625\">S\u00e9rfr\u00e6\u00f0ingar leggja hins vegar \u00e1herslu \u00e1 a\u00f0 \u00fe\u00f6rf s\u00e9 \u00e1 \u00f6flugri \u00fej\u00e1lfun \u00ed stafr\u00e6num f\u00e6rni og betri vi\u00f0urkenningu starfs- og menntunarh\u00e6fni til a\u00f0 tryggja a\u00f0 h\u00e6fileikar fl\u00f3ttamanna n\u00fdtist til fulls.<\/p>\n[\/vc_column_text][\/vc_column_inner][\/vc_row_inner][divider line_type=&#8220;No Line&#8220; custom_height=&#8220;50&#8243;][\/vc_column][\/vc_row][vc_row type=&#8220;in_container&#8220; full_screen_row_position=&#8220;middle&#8220; column_margin=&#8220;default&#8220; column_direction=&#8220;default&#8220; column_direction_tablet=&#8220;default&#8220; column_direction_phone=&#8220;default&#8220; scene_position=&#8220;center&#8220; text_color=&#8220;dark&#8220; text_align=&#8220;left&#8220; row_border_radius=&#8220;none&#8220; row_border_radius_applies=&#8220;bg&#8220; row_position_desktop=&#8220;default&#8220; row_position_tablet=&#8220;inherit&#8220; row_position_phone=&#8220;inherit&#8220; overflow=&#8220;visible&#8220; overlay_strength=&#8220;0.3&#8243; gradient_direction=&#8220;left_to_right&#8220; shape_divider_position=&#8220;bottom&#8220; bg_image_animation=&#8220;none&#8220;][vc_column column_padding=&#8220;no-extra-padding&#8220; column_padding_tablet=&#8220;inherit&#8220; column_padding_phone=&#8220;inherit&#8220; column_padding_position=&#8220;all&#8220; flex_gap_desktop=&#8220;10px&#8220; column_element_direction_desktop=&#8220;default&#8220; column_element_spacing=&#8220;default&#8220; desktop_text_alignment=&#8220;default&#8220; tablet_text_alignment=&#8220;default&#8220; phone_text_alignment=&#8220;default&#8220; background_color_opacity=&#8220;1&#8243; background_hover_color_opacity=&#8220;1&#8243; column_backdrop_filter=&#8220;none&#8220; column_shadow=&#8220;none&#8220; column_border_radius=&#8220;none&#8220; column_link_target=&#8220;_self&#8220; column_position=&#8220;default&#8220; gradient_direction=&#8220;left_to_right&#8220; overlay_strength=&#8220;0.3&#8243; width=&#8220;1\/1&#8243; tablet_width_inherit=&#8220;default&#8220; animation_type=&#8220;default&#8220; bg_image_animation=&#8220;none&#8220; border_type=&#8220;simple&#8220; column_border_width=&#8220;none&#8220; column_border_style=&#8220;solid&#8220;][divider line_type=&#8220;No Line&#8220; custom_height=&#8220;50&#8243;][vc_custom_heading text=&#8220;Hagn\u00fdt verkf\u00e6ri og a\u00f0fer\u00f0ir&#8220; font_container=&#8220;tag:h2|text_align:left|color:%234b45ad&#8220; use_theme_fonts=&#8220;yes&#8220; css_animation=&#8220;fadeIn&#8220; css=&#8220;.vc_custom_1748943365118{margin-bottom: 25px !important;}&#8220;][toggles style=&#8220;default&#8220; border_radius=&#8220;5px&#8220;][toggle color=&#8220;Extra-Color-3&#8243; heading_tag=&#8220;default&#8220; heading_tag_functionality=&#8220;default&#8220; title=&#8220;Starfsstu\u00f0ningur fyrir h\u00e1sk\u00f3lamennta\u00f0a innflytjendur: Verkst\u00e6\u00f0i um ferilskr\u00e1 og kynnisbr\u00e9f&#8220;][vc_column_text css=&#8220;&#8220; text_direction=&#8220;default&#8220;]S\u00e9rsni\u00f0in n\u00e1mskei\u00f0 eru bo\u00f0in til a\u00f0 sty\u00f0ja \u00fe\u00e1tttakendur vi\u00f0 a\u00f0 \u00fatb\u00faa faglegar ferilskr\u00e1r og kynningarbr\u00e9f sem samr\u00e6mast sta\u00f0bundnum vi\u00f0mi\u00f0um og s\u00fdna h\u00e6fni \u00feeirra \u00e1 \u00e1hrifar\u00edkan h\u00e1tt. \u00deessi n\u00e1mskei\u00f0 eru s\u00e9rstaklega gagnleg fyrir al\u00fej\u00f3\u00f0lega mennta\u00f0a s\u00e9rfr\u00e6\u00f0inga sem leita eftir starfi \u00ed Sv\u00ed\u00fej\u00f3\u00f0, \u00fear sem bo\u00f0i\u00f0 er upp \u00e1 hagn\u00fdta lei\u00f0s\u00f6gn starfsr\u00e1\u00f0gjafa og jafningjagagnr\u00fdni \u00ed samstarfsumhverfi. \u00de\u00e1tttakendur lj\u00faka n\u00e1mskei\u00f0unum me\u00f0 f\u00ednstilltum ums\u00f3knarg\u00f6gnum og auknum sj\u00e1lfstrausti \u00ed atvinnuleitarh\u00e6fni sinni.[\/vc_column_text][\/toggle][toggle color=&#8220;Extra-Color-2&#8243; heading_tag=&#8220;default&#8220; heading_tag_functionality=&#8220;default&#8220; title=&#8220;Tungum\u00e1lssam\u00fe\u00e6tting og atvinnuh\u00e6fi: s\u00e6nskt tungum\u00e1lan\u00e1m&#8220;][vc_column_text css=&#8220;&#8220; text_direction=&#8220;default&#8220;]Me\u00f0 \u00fev\u00ed a\u00f0 vi\u00f0urkenna mikilv\u00e6gi tungum\u00e1lakunn\u00e1ttu fyrir b\u00e6\u00f0i sam\u00fe\u00e6ttingu og atvinnu b\u00fd\u00f0ur \u00e1\u00e6tlunin upp \u00e1 alhli\u00f0a s\u00e6nsku n\u00e1mskei\u00f0. \u00deau eru sni\u00f0in a\u00f0 faglegu bakgrunni \u00fe\u00e1tttakenda og \u00ed samr\u00e6mi vi\u00f0 kr\u00f6fur vinnumarka\u00f0arins. Kennarar bj\u00f3\u00f0a upp \u00e1 hagn\u00fdta, vinnusta\u00f0ami\u00f0a\u00f0a tungum\u00e1ls\u00fe\u00e6tti sem sty\u00f0ja vi\u00f0 \u00fer\u00f3un almennrar samskiptaf\u00e6rni og s\u00e9rh\u00e6f\u00f0s or\u00f0afor\u00f0a. Tungum\u00e1lan\u00e1mi\u00f0 er ennfremur b\u00e6tt me\u00f0 menningarlegum kynningarfundum til a\u00f0 efla f\u00e9lagslega \u00fe\u00e1ttt\u00f6ku.[\/vc_column_text][\/toggle][toggle color=&#8220;Extra-Color-1&#8243; heading_tag=&#8220;default&#8220; heading_tag_functionality=&#8220;default&#8220; title=&#8220;Starfsr\u00e1\u00f0gj\u00f6f til lei\u00f0sagnar \u00e1 vinnumarka\u00f0i&#8220;][vc_column_text css=&#8220;&#8220; text_direction=&#8220;default&#8220;]\u00de\u00e1tttakendur nj\u00f3ta g\u00f3\u00f0s af einstaklingsmi\u00f0a\u00f0ri starfsr\u00e1\u00f0gj\u00f6f sem er h\u00f6nnu\u00f0 til a\u00f0 a\u00f0sto\u00f0a \u00fe\u00e1 vi\u00f0 a\u00f0 rata \u00e1 s\u00e6nsku vinnumarka\u00f0inum, greina f\u00e6rni sem h\u00e6gt er a\u00f0 flytja yfir og m\u00f3ta raunh\u00e6far starfslei\u00f0ir. R\u00e1\u00f0gjafar veita einstaklingsmi\u00f0a\u00f0a a\u00f0sto\u00f0 vi\u00f0 a\u00f0 setja s\u00e9r starfsmarkmi\u00f0, greina \u00fer\u00f3un \u00e1 vinnumarka\u00f0i og kanna t\u00e6kif\u00e6ri til a\u00f0 auka f\u00e6rni. S\u00e9rstakur \u00e1hersla er l\u00f6g\u00f0 \u00e1 a\u00f0 a\u00f0sto\u00f0a n\u00fdli\u00f0a vi\u00f0 a\u00f0 samr\u00e6ma fyrri menntun og starfsreynslu vi\u00f0 atvinnut\u00e6kif\u00e6ri \u00ed Sv\u00ed\u00fej\u00f3\u00f0.[\/vc_column_text][\/toggle][toggle color=&#8220;Extra-Color-3&#8243; heading_tag=&#8220;default&#8220; heading_tag_functionality=&#8220;default&#8220; title=&#8220;Modular Training for Personalized Employment Pathways&#8220;][vc_column_text css=&#8220;&#8220; text_direction=&#8220;default&#8220;]Notast er vi\u00f0 m\u00f3dulegt \u00fej\u00e1lfunarform til a\u00f0 bj\u00f3\u00f0a upp \u00e1 sveigjanlega og pers\u00f3nulega n\u00e1msupplifun. \u00deetta felur \u00ed s\u00e9r starfsr\u00e1\u00f0gjafarfundi, n\u00e1msr\u00e1\u00f0gj\u00f6f og \u00fej\u00e1lfun \u00ed starfstengdum f\u00e6rni sem er sni\u00f0in a\u00f0 einstaklingsbundnum starfsmarkmi\u00f0um. N\u00e1mskei\u00f0i\u00f0 er hanna\u00f0 til a\u00f0 taka mi\u00f0 af fj\u00f6lbreyttum menntabakgrunni \u00fe\u00e1tttakenda, einkum \u00feeirra sem hafa h\u00e1sk\u00f3lamenntun, og tryggja \u00feannig vi\u00f0eigandi og strax n\u00fdtingu \u00ed atvinnuleitarferlinu.[\/vc_column_text][\/toggle][toggle color=&#8220;Extra-Color-2&#8243; heading_tag=&#8220;default&#8220; heading_tag_functionality=&#8220;default&#8220; title=&#8220;Stafr\u00e6nir vettvangar og starfsmi\u00f0lun: Notkun Jobmatchad&#8220;][vc_column_text css=&#8220;&#8220; text_direction=&#8220;default&#8220;]Til a\u00f0 auka atvinnuh\u00e6fni n\u00fdtir \u00e1\u00e6tlunin stafr\u00e6n verkf\u00e6ri eins og Jobmatchad, netpall sem au\u00f0veldar pers\u00f3nulega starfsmi\u00f0lun og n\u00e1m. \u00de\u00e1tttakendur geta n\u00e1lgast stafr\u00e6nar n\u00e1mslei\u00f0ir til a\u00f0 efla b\u00e6\u00f0i faglega og m\u00fdkri f\u00e6rni, \u00e6ft vi\u00f0t\u00f6l \u00ed hermum og fengi\u00f0 sj\u00e1lfvirkar starfstilkynningar sem eru s\u00e9rsni\u00f0nar a\u00f0 pr\u00f3f\u00edlum \u00feeirra. Pallurinn innifelur fj\u00f6lmi\u00f0laefni til a\u00f0 m\u00e6ta mismunandi n\u00e1msst\u00edlum og h\u00e1marka \u00fe\u00e1ttt\u00f6ku.[\/vc_column_text][\/toggle][toggle color=&#8220;Extra-Color-1&#8243; heading_tag=&#8220;default&#8220; heading_tag_functionality=&#8220;default&#8220; title=&#8220;Starfsn\u00e1mspl\u00e1ss sem samr\u00e6mast fr\u00e6\u00f0ilegum bakgrunni&#8220;][vc_column_text css=&#8220;&#8220; text_direction=&#8220;default&#8220;]\u00c1\u00e6tlunin b\u00fd\u00f0ur upp \u00e1 skipul\u00f6g\u00f0 starfsn\u00e1m \u00ed samstarfi vi\u00f0 fyrirt\u00e6ki og stofnanir, sem tryggir a\u00f0 starfsn\u00e1mi\u00f0 passi vi\u00f0 fr\u00e6\u00f0ilega menntun og starfsframa\u00e1huga \u00fe\u00e1tttakenda. \u00deessi starfsn\u00e1m veita d\u00fdrm\u00e6ta s\u00e6nska vinnureynslu, hj\u00e1lpa til vi\u00f0 a\u00f0 br\u00faa bili\u00f0 milli menntunar og atvinnu og lei\u00f0a oft til langt\u00edma atvinnut\u00e6kif\u00e6ra. Mentorar fr\u00e1 m\u00f3tt\u00f6kustofnunum veita lei\u00f0s\u00f6gn \u00e1 vinnusta\u00f0num og reglulega endurgj\u00f6f allan starfsn\u00e1ms\u00edmann.[\/vc_column_text][\/toggle][toggle color=&#8220;Extra-Color-3&#8243; heading_tag=&#8220;default&#8220; heading_tag_functionality=&#8220;default&#8220; title=&#8220;Heilsu\u00e1r\u00f3\u00f0ur og f\u00e9lagsleg sam\u00fe\u00e6ttingara\u00f0ger\u00f0ir&#8220;][vc_column_text css=&#8220;&#8220; text_direction=&#8220;default&#8220;]Jafnframt starfsr\u00e1\u00f0gj\u00f6f felur \u00e1\u00e6tlunin \u00ed s\u00e9r heilsueflingarfundi og f\u00e9lagslega vi\u00f0bur\u00f0i sem mi\u00f0a a\u00f0 \u00fev\u00ed a\u00f0 efla vell\u00ed\u00f0an og \u00fe\u00e1ttt\u00f6ku. Frumkv\u00e6\u00f0i eins og h\u00f3pa\u00fej\u00e1lfun, menningarlegir \u00fativistarvi\u00f0bur\u00f0ir og vinnustofur um ge\u00f0heilbrig\u00f0i hj\u00e1lpa \u00fe\u00e1tttakendum a\u00f0 byggja upp f\u00e9lagsleg tengsl, draga \u00far streitu og vi\u00f0halda hvata \u00e1 me\u00f0an \u00e1 atvinnuleit stendur. \u00deessar a\u00f0ger\u00f0ir stu\u00f0la a\u00f0 heildr\u00e6nni og stu\u00f0ningsr\u00edkri sam\u00fe\u00e6ttingarupplifun.[\/vc_column_text][\/toggle][toggle color=&#8220;Extra-Color-2&#8243; heading_tag=&#8220;default&#8220; heading_tag_functionality=&#8220;default&#8220; title=&#8220;Samstarf vi\u00f0 atvinnurekendur: tengslanet- og hra\u00f0avi\u00f0talsvi\u00f0bur\u00f0ir&#8220;][vc_column_text css=&#8220;&#8220; text_direction=&#8220;default&#8220;]Til a\u00f0 styrkja tengsl vi\u00f0 atvinnurekendur skipuleggur \u00e1\u00e6tlunin tengslam\u00f3t, fyrirt\u00e6kjaheims\u00f3knir og hra\u00f0avi\u00f0t\u00f6l sem gera \u00fe\u00e1tttakendum kleift a\u00f0 hitta hugsanlega vinnuveitendur augliti til auglitis. \u00deessar a\u00f0ger\u00f0ir veita atvinnuleitendum d\u00fdrm\u00e6ta inns\u00fdn \u00ed v\u00e6ntingar vinnuveitenda, vinnumenningu og n\u00faverandi lausar st\u00f6\u00f0ur. Atvinnurekendur nj\u00f3ta \u00e1 sama t\u00edma g\u00f3\u00f0s af a\u00f0gangi a\u00f0 fj\u00f6lbreyttum h\u00e6fileikah\u00f3pi, \u00e1 me\u00f0an \u00fe\u00e1tttakendur \u00f6\u00f0last hagn\u00fdta reynslu \u00ed \u00fev\u00ed a\u00f0 kynna sig fagmannlega.[\/vc_column_text][\/toggle][toggle color=&#8220;Extra-Color-1&#8243; heading_tag=&#8220;default&#8220; heading_tag_functionality=&#8220;default&#8220; title=&#8220;Notendav\u00e6nar n\u00e1msg\u00e1ttir fyrir s\u00edfellda \u00fer\u00f3un&#8220;][vc_column_text css=&#8220;&#8220; text_direction=&#8220;default&#8220;]Helsta einkenni \u00e1\u00e6tlunarinnar er notendav\u00e6nt n\u00e1msumhverfi sem \u00fej\u00f3nar sem mi\u00f0st\u00f6\u00f0 fyrir \u00f6ll fr\u00e6\u00f0slu- og atvinnut\u00f3l. N\u00e1msumhverfi\u00f0 veitir a\u00f0gang a\u00f0 \u00fej\u00e1lfunarefni, kennslumyndb\u00f6ndum, atvinnuaugl\u00fdsingum og sj\u00e1lfsmatsverkf\u00e6rum. Hanna\u00f0 me\u00f0 einfaldleika og a\u00f0gengi \u00ed huga sty\u00f0ur \u00fea\u00f0 vi\u00f0 s\u00edfellt n\u00e1m og \u00fer\u00f3un \u00e1 eigin hra\u00f0a \u00fe\u00e1tttakandans og eflir langt\u00edma starfs\u00feroska.[\/vc_column_text][\/toggle][\/toggles][\/vc_column][\/vc_row][vc_row type=&#8220;in_container&#8220; full_screen_row_position=&#8220;middle&#8220; column_margin=&#8220;default&#8220; column_direction=&#8220;default&#8220; column_direction_tablet=&#8220;default&#8220; column_direction_phone=&#8220;default&#8220; scene_position=&#8220;center&#8220; text_color=&#8220;dark&#8220; text_align=&#8220;left&#8220; row_border_radius=&#8220;none&#8220; row_border_radius_applies=&#8220;bg&#8220; row_position_desktop=&#8220;default&#8220; row_position_tablet=&#8220;inherit&#8220; row_position_phone=&#8220;inherit&#8220; overflow=&#8220;visible&#8220; overlay_strength=&#8220;0.3&#8243; gradient_direction=&#8220;left_to_right&#8220; shape_divider_position=&#8220;bottom&#8220; bg_image_animation=&#8220;none&#8220;][vc_column column_padding=&#8220;no-extra-padding&#8220; column_padding_tablet=&#8220;inherit&#8220; column_padding_phone=&#8220;inherit&#8220; column_padding_position=&#8220;all&#8220; flex_gap_desktop=&#8220;10px&#8220; column_element_direction_desktop=&#8220;default&#8220; column_element_spacing=&#8220;default&#8220; desktop_text_alignment=&#8220;default&#8220; tablet_text_alignment=&#8220;default&#8220; phone_text_alignment=&#8220;default&#8220; background_color_opacity=&#8220;1&#8243; background_hover_color_opacity=&#8220;1&#8243; column_backdrop_filter=&#8220;none&#8220; column_shadow=&#8220;none&#8220; column_border_radius=&#8220;none&#8220; column_link_target=&#8220;_self&#8220; column_position=&#8220;default&#8220; gradient_direction=&#8220;left_to_right&#8220; overlay_strength=&#8220;0.3&#8243; width=&#8220;1\/1&#8243; tablet_width_inherit=&#8220;default&#8220; animation_type=&#8220;default&#8220; bg_image_animation=&#8220;none&#8220; border_type=&#8220;simple&#8220; column_border_width=&#8220;none&#8220; column_border_style=&#8220;solid&#8220;][divider line_type=&#8220;No Line&#8220; custom_height=&#8220;50&#8243;][vc_custom_heading text=&#8220;Vi\u00f0b\u00f3tarau\u00f0lindir&#8220; font_container=&#8220;tag:h2|text_align:left|color:%234b45ad&#8220; use_theme_fonts=&#8220;yes&#8220; css_animation=&#8220;fadeIn&#8220; css=&#8220;.vc_custom_1748871473437{margin-bottom: 25px !important;}&#8220;][nectar_icon_list animate=&#8220;true&#8220; color=&#8220;extra-color-gradient-1&#8243; direction=&#8220;horizontal&#8220; columns=&#8220;2&#8243; icon_size=&#8220;medium&#8220; icon_style=&#8220;no-border&#8220;][nectar_icon_list_item icon_type=&#8220;icon&#8220; text_full_html=&#8220;html&#8220; title=&#8220;List Item&#8220; id=&#8220;1770193336979-8&#8243; tab_id=&#8220;1770193336979-10&#8243; icon_fontawesome=&#8220;fa fa-link&#8220; header=&#8220;N\u00fdr sk\u00fdrsla: St\u00f6rfin sem brj\u00f3ta atvinnuleysi \u00ed s\u00e9rstaklega vi\u00f0kv\u00e6mum sv\u00e6\u00f0um (ma\u00ed 2024)&#8220;]<a href=\"https:\/\/www.almega.se\/2024\/05\/ny-rapport-jobben-som-bryter-arbetslosheten-i-sarskilt-utsatta-omraden\/\">https:\/\/www.almega.se\/2024\/05\/ny-rapport-jobben-som-bryter-arbetslosheten-i-sarskilt-utsatta-omraden\/<\/a>[\/nectar_icon_list_item][nectar_icon_list_item icon_type=&#8220;icon&#8220; text_full_html=&#8220;html&#8220; title=&#8220;List Item&#8220; id=&#8220;1770193336994-7&#8243; tab_id=&#8220;1770193336994-7&#8243; icon_fontawesome=&#8220;fa fa-link&#8220; header=&#8220;New report: The jobs that break unemployment in particularly vulnerable areas&#8220;]<a href=\"https:\/\/www.almega.se\/2024\/05\/ny-rapport-jobben-som-bryter-arbetslosheten-i-sarskilt-utsatta-omraden\/\">https:\/\/www.almega.se\/2024\/05\/ny-rapport-jobben-som-bryter-arbetslosheten-i-sarskilt-utsatta-omraden\/<\/a>[\/nectar_icon_list_item][nectar_icon_list_item icon_type=&#8220;icon&#8220; text_full_html=&#8220;html&#8220; title=&#8220;List Item&#8220; id=&#8220;1770193337003-3&#8243; tab_id=&#8220;1770193337003-10&#8243; icon_fontawesome=&#8220;fa fa-link&#8220; header=&#8220;As\u00fdlaleitarmenn \u00e1 vinnumarka\u00f0i ESB: d\u00e6mi\u00f0 um Sv\u00ed\u00fej\u00f3\u00f0 (Tilfellisranns\u00f3kn)&#8220;]<a href=\"https:\/\/www.ecre.org\/wp-content\/uploads\/2019\/05\/Working-Paper-02.pdf\">https:\/\/www.ecre.org\/wp-content\/uploads\/2019\/05\/Working-Paper-02.pdf<\/a>[\/nectar_icon_list_item][nectar_icon_list_item icon_type=&#8220;icon&#8220; text_full_html=&#8220;html&#8220; title=&#8220;List Item&#8220; id=&#8220;1770193337017-5&#8243; tab_id=&#8220;1770193337017-0&#8243; icon_fontawesome=&#8220;fa fa-link&#8220; header=&#8220;N\u00fdr sk\u00fdrsla um st\u00f6\u00f0u \u00dakra\u00ednumanna \u00ed Sv\u00ed\u00fej\u00f3\u00f0&#8220;]<a href=\"https:\/\/www.government.se\/press-releases\/2024\/07\/new-report-on-the-situation-of-ukrainians-in-sweden\/\">https:\/\/www.government.se\/press-releases\/2024\/07\/new-report-on-the-situation-of-ukrainians-in-sweden\/<\/a>[\/nectar_icon_list_item][nectar_icon_list_item icon_type=&#8220;icon&#8220; text_full_html=&#8220;html&#8220; title=&#8220;List Item&#8220; id=&#8220;1770193337027-6&#8243; tab_id=&#8220;1770193337027-3&#8243; icon_fontawesome=&#8220;fa fa-link&#8220; header=&#8220;Stj\u00f3rnun innlimunar innflytjenda \u00ed Sv\u00ed\u00fej\u00f3\u00f0&#8220;]<a href=\"https:\/\/migrant-integration.ec.europa.eu\/country-governance\/governance\/sweden_en#integration-programme\">https:\/\/migrant-integration.ec.europa.eu\/country-governance\/governance\/sweden_en#integration-programme<\/a>[\/nectar_icon_list_item][nectar_icon_list_item icon_type=&#8220;icon&#8220; text_full_html=&#8220;html&#8220; title=&#8220;List Item&#8220; id=&#8220;1770193337041-3&#8243; tab_id=&#8220;1770193337042-3&#8243; icon_fontawesome=&#8220;fa fa-link&#8220; header=&#8220;Sam\u00fe\u00e6ttingarstefnur, vinnubr\u00f6g\u00f0 og reynsla, landssk\u00fdrsla Sv\u00ed\u00fej\u00f3\u00f0ar (2020)&#8220;]<a href=\"https:\/\/www.diva-portal.org\/smash\/get\/diva2:1454674\/FULLTEXT01.pdf\">https:\/\/www.diva-portal.org\/smash\/get\/diva2:1454674\/FULLTEXT01.pdf<\/a>[\/nectar_icon_list_item][nectar_icon_list_item icon_type=&#8220;icon&#8220; text_full_html=&#8220;html&#8220; title=&#8220;List Item&#8220; id=&#8220;1770193337055-8&#8243; tab_id=&#8220;1770193337055-3&#8243; header=&#8220;Sk\u00fdrsla um atvinnu\u00e1\u00e6tlanir fyrir fl\u00f3ttaf\u00f3lk:&#8220; icon_fontawesome=&#8220;fa fa-link&#8220;]IFAU (Stofnun fyrir mat \u00e1 vinnumarka\u00f0s- og menntastefnu) \u00ed Sv\u00ed\u00fej\u00f3\u00f0 hefur framkv\u00e6mt nokkrar ranns\u00f3knir og gefi\u00f0 \u00fat sk\u00fdrslur um vinnumarka\u00f0s\u00fe\u00e1ttt\u00f6ku fl\u00f3ttamanna. \u00de\u00e6r s\u00fdna s\u00f6nnunarg\u00f6gn um j\u00e1kv\u00e6\u00f0 \u00e1hrif sam\u00fe\u00e6ttingarverkefna, svo sem verkefnisins &#8222;V\u00e4lkommen till Framtiden&#8220;, sem sameinar tungum\u00e1lan\u00e1m, starfsreynslu og a\u00f0sto\u00f0 vi\u00f0 atvinnuleit. Ranns\u00f3kn \u00e1 vinnumarka\u00f0s\u00fe\u00e1ttt\u00f6ku l\u00e1gmennta\u00f0ra fl\u00f3ttamanna me\u00f0 slembitengdri samanbur\u00f0arranns\u00f3kn (RCT) \u00far metna\u00f0arfullu sam\u00fe\u00e6ttingarverkefni \u00ed Sv\u00ed\u00fej\u00f3\u00f0:<br \/>\n<a href=\"https:\/\/www.ifau.se\/globalassets\/pdf\/se\/2020\/wp-2020-21-labor-market-integration-of-low-educated-refugees.pdf\">https:\/\/www.ifau.se\/globalassets\/pdf\/se\/2020\/wp-2020-21-labor-market-integration-of-low-educated-refugees.pdf<\/a>[\/nectar_icon_list_item][nectar_icon_list_item icon_type=&#8220;icon&#8220; text_full_html=&#8220;html&#8220; title=&#8220;List Item&#8220; id=&#8220;1770193337064-8&#8243; tab_id=&#8220;1770193337064-1&#8243; header=&#8220;Langt\u00edma sam\u00fe\u00e6tting fl\u00f3ttamanna: RCT-s\u00f6nnunarg\u00f6gn \u00far s\u00e6nska snemmt\u00e6ku \u00edhlutunarpr\u00f3grammi:&#8220; icon_fontawesome=&#8220;fa fa-link&#8220;]<a href=\"https:\/\/www.ifau.se\/globalassets\/pdf\/se\/2023\/wp-2023-23-long-run-integration-of-refugees_rct-evidence-from-a-swedish-early-intervention-program.pdf\">https:\/\/www.ifau.se\/globalassets\/pdf\/se\/2023\/wp-2023-23-long-run-integration-of-refugees_rct-evidence-from-a-swedish-early-intervention-program.pdf<\/a>[\/nectar_icon_list_item][nectar_icon_list_item icon_type=&#8220;icon&#8220; text_full_html=&#8220;html&#8220; title=&#8220;List Item&#8220; id=&#8220;1770193337082-4&#8243; tab_id=&#8220;1770193337083-4&#8243; header=&#8220;Tilfellisranns\u00f3knir \u00e1 atvinnu\u00e1\u00e6tlunum fyrir fl\u00f3ttaf\u00f3lk&#8220; icon_fontawesome=&#8220;fa fa-link&#8220;]A\u00f0l\u00f6gunarverkefni\u00f0 &#8222;V\u00e4lkommen till Framtiden&#8220; b\u00fd\u00f0ur upp \u00e1 tilviksranns\u00f3kn \u00e1 uppbygg\u00f0u a\u00f0l\u00f6gunarferli fyrir fl\u00f3ttaf\u00f3lk \u00ed Sv\u00ed\u00fej\u00f3\u00f0, sem s\u00fdnir h\u00f6nnun verkefnisins og j\u00e1kv\u00e6\u00f0 \u00e1hrif \u00feess hva\u00f0 var\u00f0ar atvinnu\u00fe\u00e1ttt\u00f6ku og \u00fer\u00f3un tungum\u00e1lakunn\u00e1ttu me\u00f0al \u00fe\u00e1tttakenda.<br \/>\n<a href=\"https:\/\/www.ifau.se\/globalassets\/pdf\/se\/2020\/wp-2020-21-labor-market-integration-of-low-educated-refugees.pdf\">https:\/\/www.ifau.se\/globalassets\/pdf\/se\/2020\/wp-2020-21-labor-market-integration-of-low-educated-refugees.pdf<\/a>[\/nectar_icon_list_item][nectar_icon_list_item icon_type=&#8220;icon&#8220; text_full_html=&#8220;html&#8220; title=&#8220;List Item&#8220; id=&#8220;1770193337103-4&#8243; tab_id=&#8220;1770193337103-10&#8243; header=&#8220;Lei\u00f0beiningar um sam\u00fe\u00e6ttingu fyrir fl\u00f3ttaf\u00f3lk&#8220; icon_fontawesome=&#8220;fa fa-link&#8220;]Sk\u00fdrsla IFAU fjallar einnig um v\u00ed\u00f0t\u00e6kari sam\u00fe\u00e6ttingarsvi\u00f0, \u00fear \u00e1 me\u00f0al \u00e1rangur snemmb\u00fainna og \u00e1kafra \u00edhlutunarverkefna fyrir n\u00fdkomna fl\u00f3ttaf\u00f3lki me\u00f0 litla formlega menntun \u00ed Sv\u00ed\u00fej\u00f3\u00f0. Vinnumarka\u00f0ssam\u00fe\u00e6tting fl\u00f3ttaf\u00f3lks me\u00f0 litla menntun: slembiranns\u00f3knar- og samanbur\u00f0arg\u00f6gn \u00far metna\u00f0arfullu sam\u00fe\u00e6ttingarverkefni \u00ed Sv\u00ed\u00fej\u00f3\u00f0:<br \/>\n<a href=\"https:\/\/www.ifau.se\/globalassets\/pdf\/se\/2020\/wp-2020-21-labor-market-integration-of-low-educated-refugees.pdf\">https:\/\/www.ifau.se\/globalassets\/pdf\/se\/2020\/wp-2020-21-labor-market-integration-of-low-educated-refugees.pdf<\/a>[\/nectar_icon_list_item][nectar_icon_list_item icon_type=&#8220;icon&#8220; text_full_html=&#8220;html&#8220; title=&#8220;List Item&#8220; id=&#8220;1770193337117-8&#8243; tab_id=&#8220;1770193337117-5&#8243; icon_fontawesome=&#8220;fa fa-link&#8220; header=&#8220;Starfsvi\u00f0a\u00f0&#8220;]https:\/\/jobbmatchad.se\/[\/nectar_icon_list_item][nectar_icon_list_item icon_type=&#8220;icon&#8220; text_full_html=&#8220;html&#8220; title=&#8220;List Item&#8220; id=&#8220;1770193337125-10&#8243; tab_id=&#8220;1770193337125-7&#8243; icon_fontawesome=&#8220;fa fa-link&#8220; header=&#8220;UHR \u2013 vi\u00f0urkenning erlendra fr\u00e6\u00f0ilegra menntunar&#8220;]https:\/\/www.uhr.se\/en\/start\/recognition-of-foreign-qualifications\/[\/nectar_icon_list_item][nectar_icon_list_item icon_type=&#8220;icon&#8220; text_full_html=&#8220;html&#8220; title=&#8220;List Item&#8220; id=&#8220;1770193337140-2&#8243; tab_id=&#8220;1770193337140-10&#8243; icon_fontawesome=&#8220;fa fa-link&#8220; header=&#8220;Europass ferilskr\u00e1arsni\u00f0m\u00e1t (nytilegt fyrir n\u00fdkomna atvinnuleitendur)&#8220;]Ferilskr\u00e1, ums\u00f3kn um starf og vi\u00f0tal<\/p>\n<p><a href=\"https:\/\/arbetsformedlingen.se\/for-arbetssokande\/cv-ansokan-och-intervju\"><span style=\"font-weight: 400;\">https:\/\/arbetsformedlingen.se\/for-arbetssokande\/cv-ansokan-och-intervju<\/span><\/a><\/p>\n<p><a href=\"https:\/\/europass.europa.eu\/en\/create-europass-cv\"><span style=\"font-weight: 400;\">https:\/\/europass.europa.eu\/en\/create-europass-cv<\/span><\/a>[\/nectar_icon_list_item][nectar_icon_list_item icon_type=&#8220;icon&#8220; text_full_html=&#8220;html&#8220; title=&#8220;List Item&#8220; id=&#8220;1770193337150-4&#8243; tab_id=&#8220;1770193337151-9&#8243; icon_fontawesome=&#8220;fa fa-link&#8220; header=&#8220;Starfsn\u00e1m sem lei\u00f0 til atvinnu \u00ed Sv\u00ed\u00fej\u00f3\u00f0&#8220;]https:\/\/arbetsformedlingen.se\/for-arbetssokande\/extra-stod\/stod-a-o\/arbetspraktik[\/nectar_icon_list_item][nectar_icon_list_item icon_type=&#8220;icon&#8220; text_full_html=&#8220;html&#8220; title=&#8220;List Item&#8220; id=&#8220;1770193344623-4&#8243; tab_id=&#8220;1770193344623-3&#8243; icon_fontawesome=&#8220;fa fa-link&#8220; header=&#8220;Stafr\u00e6n sj\u00e1lfshvatningart\u00f3l \u2013 pr\u00f3f \u00e1 starfs\u00e1ttun&#8220;]https:\/\/arbetsformedlingen.se\/for-arbetssokande\/vilket-yrke-passar-dig[\/nectar_icon_list_item][\/nectar_icon_list][\/vc_column][\/vc_row][vc_row type=&#8220;in_container&#8220; full_screen_row_position=&#8220;middle&#8220; column_margin=&#8220;default&#8220; column_direction=&#8220;default&#8220; column_direction_tablet=&#8220;default&#8220; column_direction_phone=&#8220;default&#8220; scene_position=&#8220;center&#8220; text_color=&#8220;dark&#8220; text_align=&#8220;left&#8220; row_border_radius=&#8220;none&#8220; row_border_radius_applies=&#8220;bg&#8220; row_position_desktop=&#8220;default&#8220; row_position_tablet=&#8220;inherit&#8220; row_position_phone=&#8220;inherit&#8220; overflow=&#8220;visible&#8220; overlay_strength=&#8220;0.3&#8243; gradient_direction=&#8220;left_to_right&#8220; shape_divider_position=&#8220;bottom&#8220; bg_image_animation=&#8220;none&#8220;][vc_column column_padding=&#8220;no-extra-padding&#8220; column_padding_tablet=&#8220;inherit&#8220; column_padding_phone=&#8220;inherit&#8220; column_padding_position=&#8220;all&#8220; flex_gap_desktop=&#8220;10px&#8220; column_element_direction_desktop=&#8220;default&#8220; column_element_spacing=&#8220;default&#8220; desktop_text_alignment=&#8220;default&#8220; tablet_text_alignment=&#8220;default&#8220; phone_text_alignment=&#8220;default&#8220; background_color_opacity=&#8220;1&#8243; background_hover_color_opacity=&#8220;1&#8243; column_backdrop_filter=&#8220;none&#8220; column_shadow=&#8220;none&#8220; column_border_radius=&#8220;none&#8220; column_link_target=&#8220;_self&#8220; column_position=&#8220;default&#8220; gradient_direction=&#8220;left_to_right&#8220; overlay_strength=&#8220;0.3&#8243; width=&#8220;1\/1&#8243; tablet_width_inherit=&#8220;default&#8220; animation_type=&#8220;default&#8220; bg_image_animation=&#8220;none&#8220; border_type=&#8220;simple&#8220; column_border_width=&#8220;none&#8220; column_border_style=&#8220;solid&#8220;][vc_custom_heading text=&#8220;Stutt spurningakeppni&#8220; font_container=&#8220;tag:h2|text_align:left|color:%234B45AD&#8220; use_theme_fonts=&#8220;yes&#8220; css=&#8220;&#8220;][vc_column_text css=&#8220;&#8220; text_direction=&#8220;default&#8220;]<div class=\"h5p-iframe-wrapper\"><iframe id=\"h5p-iframe-9\" class=\"h5p-iframe\" data-content-id=\"9\" style=\"height:1px\" src=\"about:blank\" frameBorder=\"0\" scrolling=\"no\" title=\"Refugee integration programmes in Sweden\"><\/iframe><\/div>[\/vc_column_text][\/vc_column][\/vc_row]\n","protected":false},"excerpt":{"rendered":"<p>[vc_row type=&#8220;in_container&#8220; full_screen_row_position=&#8220;middle&#8220; column_margin=&#8220;default&#8220; column_direction=&#8220;default&#8220; column_direction_tablet=&#8220;default&#8220; column_direction_phone=&#8220;default&#8220; scene_position=&#8220;center&#8220; top_margin=&#8220;50&#8243; text_color=&#8220;dark&#8220; text_align=&#8220;left&#8220; row_border_radius=&#8220;none&#8220; row_border_radius_applies=&#8220;bg&#8220; row_position_desktop=&#8220;default&#8220; row_position_tablet=&#8220;inherit&#8220; row_position_phone=&#8220;inherit&#8220; overflow=&#8220;visible&#8220; overlay_strength=&#8220;0.3&#8243; gradient_direction=&#8220;left_to_right&#8220; shape_divider_position=&#8220;bottom&#8220; bg_image_animation=&#8220;none&#8220; gradient_type=&#8220;default&#8220; shape_type=&#8220;&#8220;][vc_column column_padding=&#8220;no-extra-padding&#8220; column_padding_tablet=&#8220;inherit&#8220; column_padding_phone=&#8220;inherit&#8220; column_padding_position=&#8220;all&#8220; flex_gap_desktop=&#8220;10px&#8220; column_element_direction_desktop=&#8220;default&#8220; column_element_spacing=&#8220;default&#8220;&#8230;<\/p>\n","protected":false},"author":1,"featured_media":0,"parent":0,"menu_order":0,"comment_status":"closed","ping_status":"closed","template":"","meta":{"footnotes":""},"class_list":["post-2493","page","type-page","status-publish"],"_links":{"self":[{"href":"https:\/\/www.maas-project.eu\/is\/wp-json\/wp\/v2\/pages\/2493","targetHints":{"allow":["GET"]}}],"collection":[{"href":"https:\/\/www.maas-project.eu\/is\/wp-json\/wp\/v2\/pages"}],"about":[{"href":"https:\/\/www.maas-project.eu\/is\/wp-json\/wp\/v2\/types\/page"}],"author":[{"embeddable":true,"href":"https:\/\/www.maas-project.eu\/is\/wp-json\/wp\/v2\/users\/1"}],"replies":[{"embeddable":true,"href":"https:\/\/www.maas-project.eu\/is\/wp-json\/wp\/v2\/comments?post=2493"}],"version-history":[{"count":2,"href":"https:\/\/www.maas-project.eu\/is\/wp-json\/wp\/v2\/pages\/2493\/revisions"}],"predecessor-version":[{"id":2495,"href":"https:\/\/www.maas-project.eu\/is\/wp-json\/wp\/v2\/pages\/2493\/revisions\/2495"}],"wp:attachment":[{"href":"https:\/\/www.maas-project.eu\/is\/wp-json\/wp\/v2\/media?parent=2493"}],"curies":[{"name":"wp","href":"https:\/\/api.w.org\/{rel}","templated":true}]}}