{"id":2467,"date":"2025-05-23T11:12:29","date_gmt":"2025-05-23T08:12:29","guid":{"rendered":"https:\/\/www.maas-project.eu\/hlutverk-starfsmidlara-vid-ad-stydja-ukrainska-flottafolki-a-islandi\/"},"modified":"2026-04-27T10:55:45","modified_gmt":"2026-04-27T07:55:45","slug":"hlutverk-starfsmidlara-vid-ad-stydja-ukrainska-flottafolki-a-islandi","status":"publish","type":"page","link":"https:\/\/www.maas-project.eu\/is\/hlutverk-starfsmidlara-vid-ad-stydja-ukrainska-flottafolki-a-islandi\/","title":{"rendered":"Hlutverk starfsmi\u00f0lara vi\u00f0 a\u00f0 sty\u00f0ja \u00fakra\u00ednsk\u00e1 fl\u00f3ttaf\u00f3lki \u00e1 \u00cdslandi"},"content":{"rendered":"[vc_row type=&#8220;in_container&#8220; full_screen_row_position=&#8220;middle&#8220; column_margin=&#8220;default&#8220; column_direction=&#8220;default&#8220; column_direction_tablet=&#8220;default&#8220; column_direction_phone=&#8220;default&#8220; scene_position=&#8220;center&#8220; top_margin=&#8220;50&#8243; text_color=&#8220;dark&#8220; text_align=&#8220;left&#8220; row_border_radius=&#8220;none&#8220; row_border_radius_applies=&#8220;bg&#8220; row_position_desktop=&#8220;default&#8220; row_position_tablet=&#8220;inherit&#8220; row_position_phone=&#8220;inherit&#8220; overflow=&#8220;visible&#8220; overlay_strength=&#8220;0.3&#8243; gradient_direction=&#8220;left_to_right&#8220; shape_divider_position=&#8220;bottom&#8220; bg_image_animation=&#8220;none&#8220; gradient_type=&#8220;default&#8220; shape_type=&#8220;&#8220;][vc_column column_padding=&#8220;no-extra-padding&#8220; column_padding_tablet=&#8220;inherit&#8220; column_padding_phone=&#8220;inherit&#8220; column_padding_position=&#8220;all&#8220; flex_gap_desktop=&#8220;10px&#8220; column_element_direction_desktop=&#8220;default&#8220; column_element_spacing=&#8220;default&#8220; desktop_text_alignment=&#8220;default&#8220; tablet_text_alignment=&#8220;default&#8220; phone_text_alignment=&#8220;default&#8220; background_color_opacity=&#8220;1&#8243; background_hover_color_opacity=&#8220;1&#8243; column_backdrop_filter=&#8220;none&#8220; column_shadow=&#8220;none&#8220; column_border_radius=&#8220;none&#8220; column_link_target=&#8220;_self&#8220; column_position=&#8220;default&#8220; gradient_direction=&#8220;left_to_right&#8220; overlay_strength=&#8220;0.3&#8243; width=&#8220;1\/1&#8243; tablet_width_inherit=&#8220;default&#8220; animation_type=&#8220;default&#8220; bg_image_animation=&#8220;none&#8220; border_type=&#8220;simple&#8220; column_border_width=&#8220;none&#8220; column_border_style=&#8220;solid&#8220;][vc_column_text css=&#8220;&#8220; text_direction=&#8220;default&#8220;]\u00d6nnur CoP-fundurinn var haldinn af Vinnum\u00e1lastofnun \u00e1 \u00cdslandi. Hann fjalla\u00f0i um fer\u00f0a\u00fej\u00f3nustugeirann eftir COVID, innflytjendur fr\u00e1 \u00dakra\u00ednu til \u00cdslands og t\u00e6kif\u00e6ri \u00feeirra \u00e1 vinnumarka\u00f0i, einkum \u00ed fer\u00f0a\u00fej\u00f3nustugeiranum, me\u00f0 stu\u00f0ningi starfsmi\u00f0lara Vinnum\u00e1lastofnunar.[\/vc_column_text][\/vc_column][\/vc_row][vc_row type=&#8220;in_container&#8220; full_screen_row_position=&#8220;middle&#8220; column_margin=&#8220;default&#8220; column_direction=&#8220;default&#8220; column_direction_tablet=&#8220;default&#8220; column_direction_phone=&#8220;default&#8220; scene_position=&#8220;center&#8220; text_color=&#8220;dark&#8220; text_align=&#8220;left&#8220; row_border_radius=&#8220;none&#8220; row_border_radius_applies=&#8220;bg&#8220; row_position_desktop=&#8220;default&#8220; row_position_tablet=&#8220;inherit&#8220; row_position_phone=&#8220;inherit&#8220; overflow=&#8220;visible&#8220; overlay_strength=&#8220;0.3&#8243; gradient_direction=&#8220;left_to_right&#8220; shape_divider_position=&#8220;bottom&#8220; bg_image_animation=&#8220;none&#8220;][vc_column column_padding=&#8220;no-extra-padding&#8220; column_padding_tablet=&#8220;inherit&#8220; column_padding_phone=&#8220;inherit&#8220; column_padding_position=&#8220;all&#8220; flex_gap_desktop=&#8220;10px&#8220; column_element_direction_desktop=&#8220;default&#8220; column_element_spacing=&#8220;default&#8220; desktop_text_alignment=&#8220;default&#8220; tablet_text_alignment=&#8220;default&#8220; phone_text_alignment=&#8220;default&#8220; background_color_opacity=&#8220;1&#8243; background_hover_color_opacity=&#8220;1&#8243; column_backdrop_filter=&#8220;none&#8220; column_shadow=&#8220;none&#8220; column_border_radius=&#8220;none&#8220; column_link_target=&#8220;_self&#8220; column_position=&#8220;default&#8220; gradient_direction=&#8220;left_to_right&#8220; overlay_strength=&#8220;0.3&#8243; width=&#8220;1\/1&#8243; tablet_width_inherit=&#8220;default&#8220; animation_type=&#8220;default&#8220; bg_image_animation=&#8220;none&#8220; border_type=&#8220;simple&#8220; column_border_width=&#8220;none&#8220; column_border_style=&#8220;solid&#8220;][divider line_type=&#8220;No Line&#8220; custom_height=&#8220;50&#8243;][vc_custom_heading text=&#8220;Starfsmi\u00f0larar, \u00fakra\u00ednskir fl\u00f3ttaf\u00f3lk og fer\u00f0a\u00fej\u00f3nusta \u00e1 \u00cdslandi&#8220; font_container=&#8220;tag:h2|text_align:left|color:%234b45ad&#8220; use_theme_fonts=&#8220;yes&#8220; css_animation=&#8220;fadeIn&#8220; css=&#8220;.vc_custom_1748940968378{margin-bottom: 25px !important;}&#8220;][vc_video link=&#8220;https:\/\/youtu.be\/Q1mMTK-3awI&#8220; css=&#8220;&#8220;][\/vc_column][\/vc_row][vc_row type=&#8220;in_container&#8220; full_screen_row_position=&#8220;middle&#8220; column_margin=&#8220;default&#8220; column_direction=&#8220;default&#8220; column_direction_tablet=&#8220;default&#8220; column_direction_phone=&#8220;default&#8220; scene_position=&#8220;center&#8220; text_color=&#8220;dark&#8220; text_align=&#8220;left&#8220; row_border_radius=&#8220;none&#8220; row_border_radius_applies=&#8220;bg&#8220; row_position_desktop=&#8220;default&#8220; row_position_tablet=&#8220;inherit&#8220; row_position_phone=&#8220;inherit&#8220; overflow=&#8220;visible&#8220; disable_element=&#8220;yes&#8220; overlay_strength=&#8220;0.3&#8243; gradient_direction=&#8220;left_to_right&#8220; shape_divider_position=&#8220;bottom&#8220; bg_image_animation=&#8220;none&#8220; gradient_type=&#8220;default&#8220; shape_type=&#8220;&#8220;][vc_column column_padding=&#8220;no-extra-padding&#8220; column_padding_tablet=&#8220;inherit&#8220; column_padding_phone=&#8220;inherit&#8220; column_padding_position=&#8220;all&#8220; flex_gap_desktop=&#8220;10px&#8220; column_element_direction_desktop=&#8220;default&#8220; column_element_spacing=&#8220;default&#8220; desktop_text_alignment=&#8220;default&#8220; tablet_text_alignment=&#8220;default&#8220; phone_text_alignment=&#8220;default&#8220; background_color_opacity=&#8220;1&#8243; background_hover_color_opacity=&#8220;1&#8243; column_backdrop_filter=&#8220;none&#8220; column_shadow=&#8220;none&#8220; column_border_radius=&#8220;none&#8220; column_link_target=&#8220;_self&#8220; column_position=&#8220;default&#8220; gradient_direction=&#8220;left_to_right&#8220; overlay_strength=&#8220;0.3&#8243; width=&#8220;1\/1&#8243; tablet_width_inherit=&#8220;default&#8220; animation_type=&#8220;default&#8220; bg_image_animation=&#8220;none&#8220; border_type=&#8220;simple&#8220; column_border_width=&#8220;none&#8220; column_border_style=&#8220;solid&#8220;][divider line_type=&#8220;No Line&#8220; custom_height=&#8220;50&#8243;][vc_custom_heading text=&#8220;Kynningar&#8220; font_container=&#8220;tag:h2|text_align:left|color:%234b45ad&#8220; use_theme_fonts=&#8220;yes&#8220; css_animation=&#8220;fadeIn&#8220; css=&#8220;.vc_custom_1748940976171{margin-bottom: 25px !important;}&#8220;][vc_row_inner column_margin=&#8220;default&#8220; column_direction=&#8220;default&#8220; column_direction_tablet=&#8220;default&#8220; column_direction_phone=&#8220;default&#8220; text_align=&#8220;left&#8220; row_position=&#8220;default&#8220; row_position_tablet=&#8220;inherit&#8220; row_position_phone=&#8220;inherit&#8220; overflow=&#8220;visible&#8220; pointer_events=&#8220;all&#8220;][vc_column_inner column_padding=&#8220;no-extra-padding&#8220; column_padding_tablet=&#8220;inherit&#8220; column_padding_phone=&#8220;inherit&#8220; column_padding_position=&#8220;all&#8220; flex_gap_desktop=&#8220;10px&#8220; column_element_direction_desktop=&#8220;default&#8220; column_element_spacing=&#8220;default&#8220; desktop_text_alignment=&#8220;default&#8220; tablet_text_alignment=&#8220;default&#8220; phone_text_alignment=&#8220;default&#8220; background_color_opacity=&#8220;1&#8243; background_hover_color_opacity=&#8220;1&#8243; column_backdrop_filter=&#8220;none&#8220; column_shadow=&#8220;none&#8220; column_border_radius=&#8220;none&#8220; column_link_target=&#8220;_self&#8220; overflow=&#8220;visible&#8220; gradient_direction=&#8220;left_to_right&#8220; overlay_strength=&#8220;0.3&#8243; width=&#8220;1\/2&#8243; tablet_width_inherit=&#8220;default&#8220; animation_type=&#8220;default&#8220; bg_image_animation=&#8220;none&#8220; border_type=&#8220;simple&#8220; column_border_width=&#8220;none&#8220; column_border_style=&#8220;solid&#8220;][vc_column_text css=&#8220;&#8220; text_direction=&#8220;default&#8220;][embeddoc url=&#8220;https:\/\/www.maas-project.eu\/wp-content\/uploads\/2025\/06\/Work_on_tourism_policy_in_Iceland-Ingvi-Mar-Palsson-Ministry-of-Culture-and-Business-Affairs.pdf&#8220; download=&#8220;all&#8220;]\n[embeddoc url=&#8220;https:\/\/www.maas-project.eu\/wp-content\/uploads\/2025\/06\/Post-pandemic-Challenges-in-Icelandic-Tourism_JTHS_24.1.2024.pdf&#8220; download=&#8220;all&#8220;][\/vc_column_text][\/vc_column_inner][vc_column_inner column_padding=&#8220;no-extra-padding&#8220; column_padding_tablet=&#8220;inherit&#8220; column_padding_phone=&#8220;inherit&#8220; column_padding_position=&#8220;all&#8220; flex_gap_desktop=&#8220;10px&#8220; column_element_direction_desktop=&#8220;default&#8220; column_element_spacing=&#8220;default&#8220; desktop_text_alignment=&#8220;default&#8220; tablet_text_alignment=&#8220;default&#8220; phone_text_alignment=&#8220;default&#8220; background_color_opacity=&#8220;1&#8243; background_hover_color_opacity=&#8220;1&#8243; column_backdrop_filter=&#8220;none&#8220; column_shadow=&#8220;none&#8220; column_border_radius=&#8220;none&#8220; column_link_target=&#8220;_self&#8220; overflow=&#8220;visible&#8220; gradient_direction=&#8220;left_to_right&#8220; overlay_strength=&#8220;0.3&#8243; width=&#8220;1\/2&#8243; tablet_width_inherit=&#8220;default&#8220; animation_type=&#8220;default&#8220; bg_image_animation=&#8220;none&#8220; border_type=&#8220;simple&#8220; column_border_width=&#8220;none&#8220; column_border_style=&#8220;solid&#8220;][vc_column_text css=&#8220;&#8220; text_direction=&#8220;default&#8220;][embeddoc url=&#8220;https:\/\/www.maas-project.eu\/wp-content\/uploads\/2025\/06\/MAAS-EURES-and-recruitment-services.24.01.24-Gyda-Sigfinnsdottir-VMST.pdf&#8220; download=&#8220;all&#8220;][embeddoc url=&#8220;https:\/\/www.maas-project.eu\/wp-content\/uploads\/2025\/06\/MAAS-24.Jan-Asylum-Seekers-in-Iceland-2023-Kristjana-Skuladottir-VMST.pdf&#8220; download=&#8220;all&#8220;][\/vc_column_text][\/vc_column_inner][\/vc_row_inner][\/vc_column][\/vc_row][vc_row type=&#8220;in_container&#8220; full_screen_row_position=&#8220;middle&#8220; column_margin=&#8220;default&#8220; column_direction=&#8220;default&#8220; column_direction_tablet=&#8220;default&#8220; column_direction_phone=&#8220;default&#8220; scene_position=&#8220;center&#8220; text_color=&#8220;dark&#8220; text_align=&#8220;left&#8220; row_border_radius=&#8220;none&#8220; row_border_radius_applies=&#8220;bg&#8220; row_position_desktop=&#8220;default&#8220; row_position_tablet=&#8220;inherit&#8220; row_position_phone=&#8220;inherit&#8220; overflow=&#8220;visible&#8220; overlay_strength=&#8220;0.3&#8243; gradient_direction=&#8220;left_to_right&#8220; shape_divider_position=&#8220;bottom&#8220; bg_image_animation=&#8220;none&#8220;][vc_column column_padding=&#8220;no-extra-padding&#8220; column_padding_tablet=&#8220;inherit&#8220; column_padding_phone=&#8220;inherit&#8220; column_padding_position=&#8220;all&#8220; flex_gap_desktop=&#8220;10px&#8220; column_element_direction_desktop=&#8220;default&#8220; column_element_spacing=&#8220;default&#8220; desktop_text_alignment=&#8220;default&#8220; tablet_text_alignment=&#8220;default&#8220; phone_text_alignment=&#8220;default&#8220; background_color_opacity=&#8220;1&#8243; background_hover_color_opacity=&#8220;1&#8243; column_backdrop_filter=&#8220;none&#8220; column_shadow=&#8220;none&#8220; column_border_radius=&#8220;none&#8220; column_link_target=&#8220;_self&#8220; column_position=&#8220;default&#8220; gradient_direction=&#8220;left_to_right&#8220; overlay_strength=&#8220;0.3&#8243; width=&#8220;1\/1&#8243; tablet_width_inherit=&#8220;default&#8220; animation_type=&#8220;default&#8220; bg_image_animation=&#8220;none&#8220; border_type=&#8220;simple&#8220; column_border_width=&#8220;none&#8220; column_border_style=&#8220;solid&#8220;][divider line_type=&#8220;No Line&#8220; custom_height=&#8220;50&#8243;][vc_custom_heading text=&#8220;Kynningar&#8220; font_container=&#8220;tag:h2|text_align:left|color:%234b45ad&#8220; use_theme_fonts=&#8220;yes&#8220; css_animation=&#8220;fadeIn&#8220; css=&#8220;.vc_custom_1748940976171{margin-bottom: 25px !important;}&#8220;][vc_row_inner column_margin=&#8220;default&#8220; column_direction=&#8220;default&#8220; column_direction_tablet=&#8220;default&#8220; column_direction_phone=&#8220;default&#8220; text_align=&#8220;left&#8220; row_position=&#8220;default&#8220; row_position_tablet=&#8220;inherit&#8220; row_position_phone=&#8220;inherit&#8220; overflow=&#8220;visible&#8220; pointer_events=&#8220;all&#8220;][vc_column_inner column_padding=&#8220;no-extra-padding&#8220; column_padding_tablet=&#8220;inherit&#8220; column_padding_phone=&#8220;inherit&#8220; column_padding_position=&#8220;all&#8220; flex_gap_desktop=&#8220;10px&#8220; column_element_direction_desktop=&#8220;default&#8220; column_element_spacing=&#8220;default&#8220; desktop_text_alignment=&#8220;default&#8220; tablet_text_alignment=&#8220;default&#8220; phone_text_alignment=&#8220;default&#8220; background_color_opacity=&#8220;1&#8243; background_hover_color_opacity=&#8220;1&#8243; column_backdrop_filter=&#8220;none&#8220; column_shadow=&#8220;none&#8220; column_border_radius=&#8220;none&#8220; column_link_target=&#8220;_self&#8220; overflow=&#8220;visible&#8220; gradient_direction=&#8220;left_to_right&#8220; overlay_strength=&#8220;0.3&#8243; width=&#8220;1\/2&#8243; tablet_width_inherit=&#8220;default&#8220; animation_type=&#8220;default&#8220; bg_image_animation=&#8220;none&#8220; border_type=&#8220;simple&#8220; column_border_width=&#8220;none&#8220; column_border_style=&#8220;solid&#8220;][vc_column_text css=&#8220;&#8220; text_direction=&#8220;default&#8220;]<div class=\"shared-files-embed-69f1b713b8beb shared-files-main-container\" data-elem-class=\"shared-files-embed-69f1b713b8beb\" data-search-type=\"0\" data-post-id=\"2467\"><div class=\"shared-files-search\"><ul class=\"shared-files-main-file-list\"><li class=\"shared-files-card-963\"><div class=\"shared-files-main-elements\"><div class=\"shared-files-main-elements-left\" style=\"background-image: url(https:\/\/www.maas-project.eu\/wp-content\/plugins\/shared-files\/img\/2020\/pdf.svg);\"><\/div><div class=\"shared-files-main-elements-right\"><a class=\"shared-files-file-title\"  data-file-type=\"\"  data-file-url=\"\/shared-files\/963\/?Work_on_tourism_policy_in_Iceland%20Ingvi%20M\u00e1r%20P\u00e1lsson%20Ministry%20of%20Culture%20and%20Business%20Affairs.pdf\"  data-external-url=\"\"  data-image-url=\"\" href=\"\/shared-files\/963\/?Work_on_tourism_policy_in_Iceland%20Ingvi%20M\u00e1r%20P\u00e1lsson%20Ministry%20of%20Culture%20and%20Business%20Affairs.pdf\" target=\"_blank\">Work on tourism Policy in Iceland<\/a><span class=\"shared-file-size\">1.68 MB<\/span><a href=\"https:\/\/www.maas-project.eu\/shared-files\/963\/?Work_on_tourism_policy_in_Iceland%20Ingvi%20M\u00e1r%20P\u00e1lsson%20Ministry%20of%20Culture%20and%20Business%20Affairs.pdf\" target=\"_blank\" class=\"shared-files-preview-button\">Preview<\/a><span class=\"shared-file-date\">26. ma\u00ed, 2025<\/span><div class=\"shared-files-download-counter\"><span>Downloads: 1411<\/span><\/div><div class=\"shared-files-download-button-container\"><a href=\"\/shared-files\/963\/?Work_on_tourism_policy_in_Iceland%20Ingvi%20M\u00e1r%20P\u00e1lsson%20Ministry%20of%20Culture%20and%20Business%20Affairs.pdf&download=1\" class=\"shared-files-download-button\"  download>Download<\/a><\/div><div class=\"shared-files-edit-actions\"><\/div><\/div><\/div><\/li><\/ul><\/div><\/div>\n<div class=\"shared-files-embed-69f1b713ba4cc shared-files-main-container\" data-elem-class=\"shared-files-embed-69f1b713ba4cc\" data-search-type=\"0\" data-post-id=\"963\"><div class=\"shared-files-search\"><ul class=\"shared-files-main-file-list\"><li class=\"shared-files-card-964\"><div class=\"shared-files-main-elements\"><div class=\"shared-files-main-elements-left\" style=\"background-image: url(https:\/\/www.maas-project.eu\/wp-content\/plugins\/shared-files\/img\/2020\/pdf.svg);\"><\/div><div class=\"shared-files-main-elements-right\"><a class=\"shared-files-file-title\"  data-file-type=\"\"  data-file-url=\"\/shared-files\/964\/?Post-pandemic%20Challenges%20in%20Icelandic%20Tourism_J\u00deS_24.1.2024.pdf\"  data-external-url=\"\"  data-image-url=\"\" href=\"\/shared-files\/964\/?Post-pandemic%20Challenges%20in%20Icelandic%20Tourism_J\u00deS_24.1.2024.pdf\" target=\"_blank\">Post-pandemic Challenges in Icelandic Tourism<\/a><span class=\"shared-file-size\">1.95 MB<\/span><a href=\"https:\/\/www.maas-project.eu\/shared-files\/964\/?Post-pandemic%20Challenges%20in%20Icelandic%20Tourism_J\u00deS_24.1.2024.pdf\" target=\"_blank\" class=\"shared-files-preview-button\">Preview<\/a><span class=\"shared-file-date\">26. ma\u00ed, 2025<\/span><div class=\"shared-files-download-counter\"><span>Downloads: 447<\/span><\/div><div class=\"shared-files-download-button-container\"><a href=\"\/shared-files\/964\/?Post-pandemic%20Challenges%20in%20Icelandic%20Tourism_J\u00deS_24.1.2024.pdf&download=1\" class=\"shared-files-download-button\"  download>Download<\/a><\/div><div class=\"shared-files-edit-actions\"><\/div><\/div><\/div><\/li><\/ul><\/div><\/div>[\/vc_column_text][\/vc_column_inner][vc_column_inner column_padding=&#8220;no-extra-padding&#8220; column_padding_tablet=&#8220;inherit&#8220; column_padding_phone=&#8220;inherit&#8220; column_padding_position=&#8220;all&#8220; flex_gap_desktop=&#8220;10px&#8220; column_element_direction_desktop=&#8220;default&#8220; column_element_spacing=&#8220;default&#8220; desktop_text_alignment=&#8220;default&#8220; tablet_text_alignment=&#8220;default&#8220; phone_text_alignment=&#8220;default&#8220; background_color_opacity=&#8220;1&#8243; background_hover_color_opacity=&#8220;1&#8243; column_backdrop_filter=&#8220;none&#8220; column_shadow=&#8220;none&#8220; column_border_radius=&#8220;none&#8220; column_link_target=&#8220;_self&#8220; overflow=&#8220;visible&#8220; gradient_direction=&#8220;left_to_right&#8220; overlay_strength=&#8220;0.3&#8243; width=&#8220;1\/2&#8243; tablet_width_inherit=&#8220;default&#8220; animation_type=&#8220;default&#8220; bg_image_animation=&#8220;none&#8220; border_type=&#8220;simple&#8220; column_border_width=&#8220;none&#8220; column_border_style=&#8220;solid&#8220;][vc_column_text css=&#8220;&#8220; text_direction=&#8220;default&#8220;]<div class=\"shared-files-embed-69f1b713bb393 shared-files-main-container\" data-elem-class=\"shared-files-embed-69f1b713bb393\" data-search-type=\"0\" data-post-id=\"964\"><div class=\"shared-files-search\"><ul class=\"shared-files-main-file-list\"><li class=\"shared-files-card-965\"><div class=\"shared-files-main-elements\"><div class=\"shared-files-main-elements-left\" style=\"background-image: url(https:\/\/www.maas-project.eu\/wp-content\/plugins\/shared-files\/img\/2020\/pdf.svg);\"><\/div><div class=\"shared-files-main-elements-right\"><a class=\"shared-files-file-title\"  data-file-type=\"\"  data-file-url=\"\/shared-files\/965\/?MAAS%20EURES%20and%20recruitment%20services.24.01.24%20Gyda%20Sigfinnsd\u00f3ttir%20VMST.pdf\"  data-external-url=\"\"  data-image-url=\"\" href=\"\/shared-files\/965\/?MAAS%20EURES%20and%20recruitment%20services.24.01.24%20Gyda%20Sigfinnsd\u00f3ttir%20VMST.pdf\" target=\"_blank\">MAAS EURES and recruitment services<\/a><span class=\"shared-file-size\">332.78 KB<\/span><a href=\"https:\/\/www.maas-project.eu\/shared-files\/965\/?MAAS%20EURES%20and%20recruitment%20services.24.01.24%20Gyda%20Sigfinnsd\u00f3ttir%20VMST.pdf\" target=\"_blank\" class=\"shared-files-preview-button\">Preview<\/a><span class=\"shared-file-date\">26. ma\u00ed, 2025<\/span><div class=\"shared-files-download-counter\"><span>Downloads: 411<\/span><\/div><div class=\"shared-files-download-button-container\"><a href=\"\/shared-files\/965\/?MAAS%20EURES%20and%20recruitment%20services.24.01.24%20Gyda%20Sigfinnsd\u00f3ttir%20VMST.pdf&download=1\" class=\"shared-files-download-button\"  download>Download<\/a><\/div><div class=\"shared-files-edit-actions\"><\/div><\/div><\/div><\/li><\/ul><\/div><\/div>\n<div class=\"shared-files-embed-69f1b713bc1ac shared-files-main-container\" data-elem-class=\"shared-files-embed-69f1b713bc1ac\" data-search-type=\"0\" data-post-id=\"965\"><div class=\"shared-files-search\"><ul class=\"shared-files-main-file-list\"><li class=\"shared-files-card-966\"><div class=\"shared-files-main-elements\"><div class=\"shared-files-main-elements-left\" style=\"background-image: url(https:\/\/www.maas-project.eu\/wp-content\/plugins\/shared-files\/img\/2020\/pdf.svg);\"><\/div><div class=\"shared-files-main-elements-right\"><a class=\"shared-files-file-title\"  data-file-type=\"\"  data-file-url=\"\/shared-files\/966\/?MAAS%2024.Jan%20Asylum%20Seekers%20in%20Iceland%202023%20Kristjana%20Sk\u00falad\u00f3ttir%20VMST.pdf\"  data-external-url=\"\"  data-image-url=\"\" href=\"\/shared-files\/966\/?MAAS%2024.Jan%20Asylum%20Seekers%20in%20Iceland%202023%20Kristjana%20Sk\u00falad\u00f3ttir%20VMST.pdf\" target=\"_blank\">MAAS 24 Jan Asylum Seekers in Iceland 2023 Kristjana Sk\u00falad\u00f3ttir VMST<\/a><span class=\"shared-file-size\">427.97 KB<\/span><a href=\"https:\/\/www.maas-project.eu\/shared-files\/966\/?MAAS%2024.Jan%20Asylum%20Seekers%20in%20Iceland%202023%20Kristjana%20Sk\u00falad\u00f3ttir%20VMST.pdf\" target=\"_blank\" class=\"shared-files-preview-button\">Preview<\/a><span class=\"shared-file-date\">26. ma\u00ed, 2025<\/span><div class=\"shared-files-download-counter\"><span>Downloads: 452<\/span><\/div><div class=\"shared-files-download-button-container\"><a href=\"\/shared-files\/966\/?MAAS%2024.Jan%20Asylum%20Seekers%20in%20Iceland%202023%20Kristjana%20Sk\u00falad\u00f3ttir%20VMST.pdf&download=1\" class=\"shared-files-download-button\"  download>Download<\/a><\/div><div class=\"shared-files-edit-actions\"><\/div><\/div><\/div><\/li><\/ul><\/div><\/div>[\/vc_column_text][\/vc_column_inner][\/vc_row_inner][\/vc_column][\/vc_row][vc_row type=&#8220;full_width_background&#8220; full_screen_row_position=&#8220;middle&#8220; column_margin=&#8220;default&#8220; column_direction=&#8220;default&#8220; column_direction_tablet=&#8220;default&#8220; column_direction_phone=&#8220;default&#8220; bg_color=&#8220;#efefef&#8220; scene_position=&#8220;center&#8220; text_color=&#8220;dark&#8220; text_align=&#8220;left&#8220; row_border_radius=&#8220;none&#8220; row_border_radius_applies=&#8220;bg&#8220; row_position_desktop=&#8220;default&#8220; row_position_tablet=&#8220;inherit&#8220; row_position_phone=&#8220;inherit&#8220; overflow=&#8220;visible&#8220; overlay_strength=&#8220;0.3&#8243; gradient_direction=&#8220;left_to_right&#8220; enable_shape_divider=&#8220;true&#8220; shape_divider_position=&#8220;bottom&#8220; shape_divider_height=&#8220;50&#8243; bg_image_animation=&#8220;none&#8220; gradient_type=&#8220;default&#8220; shape_type=&#8220;clouds&#8220;][vc_column column_padding=&#8220;no-extra-padding&#8220; column_padding_tablet=&#8220;inherit&#8220; column_padding_phone=&#8220;inherit&#8220; column_padding_position=&#8220;all&#8220; flex_gap_desktop=&#8220;10px&#8220; column_element_direction_desktop=&#8220;default&#8220; column_element_spacing=&#8220;default&#8220; desktop_text_alignment=&#8220;default&#8220; tablet_text_alignment=&#8220;default&#8220; phone_text_alignment=&#8220;default&#8220; background_color_opacity=&#8220;1&#8243; background_hover_color_opacity=&#8220;1&#8243; column_backdrop_filter=&#8220;none&#8220; column_shadow=&#8220;none&#8220; column_border_radius=&#8220;none&#8220; column_link_target=&#8220;_self&#8220; column_position=&#8220;default&#8220; gradient_direction=&#8220;left_to_right&#8220; overlay_strength=&#8220;0.3&#8243; width=&#8220;1\/1&#8243; tablet_width_inherit=&#8220;default&#8220; animation_type=&#8220;default&#8220; bg_image_animation=&#8220;none&#8220; border_type=&#8220;simple&#8220; column_border_width=&#8220;none&#8220; column_border_style=&#8220;solid&#8220;][divider line_type=&#8220;No Line&#8220; custom_height=&#8220;50&#8243;][vc_custom_heading text=&#8220;Helstu inns\u00fdn&#8220; font_container=&#8220;tag:h2|text_align:left|color:%234b45ad&#8220; use_theme_fonts=&#8220;yes&#8220; css_animation=&#8220;fadeIn&#8220; css=&#8220;.vc_custom_1748871454725{margin-bottom: 25px !important;}&#8220;][vc_row_inner equal_height=&#8220;yes&#8220; column_margin=&#8220;default&#8220; column_direction=&#8220;default&#8220; column_direction_tablet=&#8220;default&#8220; column_direction_phone=&#8220;default&#8220; text_align=&#8220;left&#8220; row_position=&#8220;default&#8220; row_position_tablet=&#8220;inherit&#8220; row_position_phone=&#8220;inherit&#8220; overflow=&#8220;visible&#8220; pointer_events=&#8220;all&#8220;][vc_column_inner column_padding=&#8220;padding-2-percent&#8220; column_padding_tablet=&#8220;inherit&#8220; column_padding_phone=&#8220;inherit&#8220; column_padding_position=&#8220;all&#8220; flex_gap_desktop=&#8220;10px&#8220; column_element_direction_desktop=&#8220;default&#8220; column_element_spacing=&#8220;default&#8220; centered_text=&#8220;true&#8220; desktop_text_alignment=&#8220;default&#8220; tablet_text_alignment=&#8220;default&#8220; phone_text_alignment=&#8220;default&#8220; background_color=&#8220;#ffffff&#8220; background_color_opacity=&#8220;1&#8243; background_hover_color_opacity=&#8220;1&#8243; column_backdrop_filter=&#8220;none&#8220; column_shadow=&#8220;small_depth&#8220; column_border_radius=&#8220;10px&#8220; column_link_target=&#8220;_self&#8220; overflow=&#8220;visible&#8220; gradient_direction=&#8220;left_to_right&#8220; overlay_strength=&#8220;0.3&#8243; width=&#8220;1\/3&#8243; tablet_width_inherit=&#8220;default&#8220; animation_type=&#8220;default&#8220; bg_image_animation=&#8220;none&#8220; border_type=&#8220;simple&#8220; column_border_width=&#8220;none&#8220; column_border_style=&#8220;solid&#8220; column_padding_type=&#8220;default&#8220; gradient_type=&#8220;default&#8220;][nectar_icon icon_family=&#8220;fontawesome&#8220; icon_style=&#8220;default&#8220; icon_color_type=&#8220;color_scheme&#8220; icon_color=&#8220;extra-color-gradient-2&#8243; icon_padding=&#8220;20px&#8220; pointer_events=&#8220;all&#8220; icon_fontawesome=&#8220;fa fa-pagelines&#8220;][vc_custom_heading text=&#8220;Stefnum\u00f3tandi s\u00fdn fyrir sj\u00e1lfb\u00e6ra \u00fer\u00f3un&#8220; font_container=&#8220;tag:h3|text_align:center&#8220; use_theme_fonts=&#8220;yes&#8220; css=&#8220;&#8220;][vc_column_text css=&#8220;&#8220; text_direction=&#8220;default&#8220;]Fer\u00f0a\u00fej\u00f3nusta er st\u00e6rsti \u00fatflutningsgeiri \u00cdslands og nemur um 35% af \u00fatflutningstekjum. Til a\u00f0 tryggja langt\u00edmasto\u00f0ugleika hefur r\u00edkisstj\u00f3rnin kynnt heildst\u00e6\u00f0a stefnu um fer\u00f0a\u00fej\u00f3nustu og a\u00f0ger\u00f0a\u00e1\u00e6tlun sem gildir til \u00e1rsins 2030. Stefnan er bygg\u00f0 upp \u00ed kringum fj\u00f3ra meginsto\u00f0ir og t\u00f3lf \u00e1herslusvi\u00f0. Sj\u00f6 vinnuh\u00f3par vinna n\u00fa a\u00f0 \u00fer\u00f3un og innlei\u00f0ingu \u00e1\u00e6tlunarinnar me\u00f0 \u00fea\u00f0 a\u00f0 markmi\u00f0i a\u00f0 samr\u00e6ma v\u00f6xt vi\u00f0 umhverfis- og samf\u00e9lags\u00e1byrg\u00f0.[\/vc_column_text][\/vc_column_inner][vc_column_inner column_padding=&#8220;padding-2-percent&#8220; column_padding_tablet=&#8220;inherit&#8220; column_padding_phone=&#8220;inherit&#8220; column_padding_position=&#8220;all&#8220; flex_gap_desktop=&#8220;10px&#8220; column_element_direction_desktop=&#8220;default&#8220; column_element_spacing=&#8220;default&#8220; centered_text=&#8220;true&#8220; desktop_text_alignment=&#8220;default&#8220; tablet_text_alignment=&#8220;default&#8220; phone_text_alignment=&#8220;default&#8220; background_color=&#8220;#ffffff&#8220; background_color_opacity=&#8220;1&#8243; background_hover_color_opacity=&#8220;1&#8243; column_backdrop_filter=&#8220;none&#8220; column_shadow=&#8220;small_depth&#8220; column_border_radius=&#8220;10px&#8220; column_link_target=&#8220;_self&#8220; overflow=&#8220;visible&#8220; gradient_direction=&#8220;left_to_right&#8220; overlay_strength=&#8220;0.3&#8243; width=&#8220;1\/3&#8243; tablet_width_inherit=&#8220;default&#8220; animation_type=&#8220;default&#8220; bg_image_animation=&#8220;none&#8220; border_type=&#8220;simple&#8220; column_border_width=&#8220;none&#8220; column_border_style=&#8220;solid&#8220; column_padding_type=&#8220;default&#8220; gradient_type=&#8220;default&#8220;][nectar_icon icon_family=&#8220;fontawesome&#8220; icon_style=&#8220;default&#8220; icon_color_type=&#8220;color_scheme&#8220; icon_color=&#8220;extra-color-gradient-1&#8243; icon_padding=&#8220;20px&#8220; pointer_events=&#8220;all&#8220; icon_fontawesome=&#8220;fa fa-user-plus&#8220;][vc_custom_heading text=&#8220;\u00c1skoranir og t\u00e6kif\u00e6ri \u00ed vinnuafli&#8220; font_container=&#8220;tag:h3|text_align:center&#8220; use_theme_fonts=&#8220;yes&#8220; css=&#8220;&#8220;][vc_column_text css=&#8220;&#8220; text_direction=&#8220;default&#8220;]Geirinn hefur yfir 30.000 starfsmenn \u00ed vinnu og treystir mj\u00f6g \u00e1 vaxandi erlenda vinnuafl. Helstu \u00e1skoranir eru f\u00e6rnileysi, mikil starfsmannavelt, \u00e1rst\u00ed\u00f0abundin sveifla og takmarka\u00f0ur a\u00f0gangur a\u00f0 h\u00fasn\u00e6\u00f0i fyrir starfsf\u00f3lk. \u00deessi \u00fer\u00fdstingur undirstrikar br\u00fdna \u00fe\u00f6rf \u00e1 skipulag\u00f0ri atvinnustefnu og markvissri \u00fej\u00e1lfunara\u00f0ger\u00f0um til a\u00f0 efla og st\u00f6\u00f0ga vinnumarka\u00f0 fer\u00f0a\u00fej\u00f3nustunnar.[\/vc_column_text][\/vc_column_inner][vc_column_inner column_padding=&#8220;padding-2-percent&#8220; column_padding_tablet=&#8220;inherit&#8220; column_padding_phone=&#8220;inherit&#8220; column_padding_position=&#8220;all&#8220; flex_gap_desktop=&#8220;10px&#8220; column_element_direction_desktop=&#8220;default&#8220; column_element_spacing=&#8220;default&#8220; centered_text=&#8220;true&#8220; desktop_text_alignment=&#8220;default&#8220; tablet_text_alignment=&#8220;default&#8220; phone_text_alignment=&#8220;default&#8220; background_color=&#8220;#ffffff&#8220; background_color_opacity=&#8220;1&#8243; background_hover_color_opacity=&#8220;1&#8243; column_backdrop_filter=&#8220;none&#8220; column_shadow=&#8220;small_depth&#8220; column_border_radius=&#8220;10px&#8220; column_link_target=&#8220;_self&#8220; overflow=&#8220;visible&#8220; gradient_direction=&#8220;left_to_right&#8220; overlay_strength=&#8220;0.3&#8243; width=&#8220;1\/3&#8243; tablet_width_inherit=&#8220;default&#8220; animation_type=&#8220;default&#8220; bg_image_animation=&#8220;none&#8220; border_type=&#8220;simple&#8220; column_border_width=&#8220;none&#8220; column_border_style=&#8220;solid&#8220; column_padding_type=&#8220;default&#8220; gradient_type=&#8220;default&#8220;][nectar_icon icon_family=&#8220;fontawesome&#8220; icon_style=&#8220;default&#8220; icon_color_type=&#8220;color_scheme&#8220; icon_color=&#8220;extra-color-gradient-2&#8243; icon_padding=&#8220;20px&#8220; pointer_events=&#8220;all&#8220; icon_fontawesome=&#8220;fa fa-handshake-o&#8220;][vc_custom_heading text=&#8220;Forysta fer\u00f0a\u00fej\u00f3nustunnar \u00ed Varsj\u00e1&#8220; font_container=&#8220;tag:h3|text_align:center&#8220; use_theme_fonts=&#8220;yes&#8220; css=&#8220;&#8220;][vc_column_text css=&#8220;&#8220; text_direction=&#8220;default&#8220;]Fr\u00e1 \u00e1rinu 2023 hefur \u00cdsland auki\u00f0 vi\u00f0leitni til a\u00f0 sam\u00fe\u00e6tta h\u00e6lisleitendur inn \u00e1 vinnumarka\u00f0inn. Vinnum\u00e1lastofnun og EURES \u00cdsland sty\u00f0ja atvinnu\u00fe\u00e1ttt\u00f6ku fl\u00f3ttamanna \u00ed fer\u00f0a\u00fej\u00f3nustugeiranum me\u00f0 s\u00e9rsni\u00f0num starfsmi\u00f0lunar\u00fej\u00f3nustu. \u00deessi frumkv\u00e6\u00f0i efla f\u00e9lagslega \u00fe\u00e1ttt\u00f6ku, breg\u00f0ast vi\u00f0 skorti \u00e1 vinnuafli og stu\u00f0la a\u00f0 \u00feolbetri og fj\u00f6lbreyttari fer\u00f0a\u00fej\u00f3nustugeira.[\/vc_column_text][\/vc_column_inner][\/vc_row_inner][divider line_type=&#8220;No Line&#8220; custom_height=&#8220;50&#8243;][\/vc_column][\/vc_row][vc_row type=&#8220;in_container&#8220; full_screen_row_position=&#8220;middle&#8220; column_margin=&#8220;default&#8220; column_direction=&#8220;default&#8220; column_direction_tablet=&#8220;default&#8220; column_direction_phone=&#8220;default&#8220; scene_position=&#8220;center&#8220; text_color=&#8220;dark&#8220; text_align=&#8220;left&#8220; row_border_radius=&#8220;none&#8220; row_border_radius_applies=&#8220;bg&#8220; row_position_desktop=&#8220;default&#8220; row_position_tablet=&#8220;inherit&#8220; row_position_phone=&#8220;inherit&#8220; overflow=&#8220;visible&#8220; overlay_strength=&#8220;0.3&#8243; gradient_direction=&#8220;left_to_right&#8220; shape_divider_position=&#8220;bottom&#8220; bg_image_animation=&#8220;none&#8220;][vc_column column_padding=&#8220;no-extra-padding&#8220; column_padding_tablet=&#8220;inherit&#8220; column_padding_phone=&#8220;inherit&#8220; column_padding_position=&#8220;all&#8220; flex_gap_desktop=&#8220;10px&#8220; column_element_direction_desktop=&#8220;default&#8220; column_element_spacing=&#8220;default&#8220; desktop_text_alignment=&#8220;default&#8220; tablet_text_alignment=&#8220;default&#8220; phone_text_alignment=&#8220;default&#8220; background_color_opacity=&#8220;1&#8243; background_hover_color_opacity=&#8220;1&#8243; column_backdrop_filter=&#8220;none&#8220; column_shadow=&#8220;none&#8220; column_border_radius=&#8220;none&#8220; column_link_target=&#8220;_self&#8220; column_position=&#8220;default&#8220; gradient_direction=&#8220;left_to_right&#8220; overlay_strength=&#8220;0.3&#8243; width=&#8220;1\/1&#8243; tablet_width_inherit=&#8220;default&#8220; animation_type=&#8220;default&#8220; bg_image_animation=&#8220;none&#8220; border_type=&#8220;simple&#8220; column_border_width=&#8220;none&#8220; column_border_style=&#8220;solid&#8220;][divider line_type=&#8220;No Line&#8220; custom_height=&#8220;50&#8243;][vc_custom_heading text=&#8220;Hagn\u00fdt verkf\u00e6ri og a\u00f0fer\u00f0ir&#8220; font_container=&#8220;tag:h2|text_align:left|color:%234b45ad&#8220; use_theme_fonts=&#8220;yes&#8220; css_animation=&#8220;fadeIn&#8220; css=&#8220;&#8220;][toggles style=&#8220;default&#8220; accordion=&#8220;true&#8220; accordion_starting_functionality=&#8220;closed&#8220; border_radius=&#8220;5px&#8220;][toggle color=&#8220;Extra-Color-2&#8243; heading_tag=&#8220;default&#8220; heading_tag_functionality=&#8220;default&#8220; title=&#8220;A\u00f0 sam\u00fe\u00e6tta og sty\u00f0ja \u00fakra\u00ednsk fl\u00f3ttaf\u00f3lk og ja\u00f0arsettar h\u00f3par \u00ed atvinnul\u00edfinu:&#8220;][vc_column_text css=&#8220;&#8220; text_direction=&#8220;default&#8220;]\n<p data-start=\"151\" data-end=\"622\">Vinnum\u00e1lastofnun er lykilstofnun opinberra m\u00e1lefna sem sty\u00f0ur fl\u00f3ttaf\u00f3lk \u00e1 \u00cdslandi. R\u00e1\u00f0gjafar stofnunarinnar a\u00f0sto\u00f0a einstaklinga sem hafa hloti\u00f0 al\u00fej\u00f3\u00f0lega vernd h\u00e9r \u00e1 landi. \u00c1byrg\u00f0 stofnunarinnar felur \u00ed s\u00e9r a\u00f0 veita atvinnu\u00fej\u00f3nustu, samr\u00e6ma \u00edslenskukennslu og samf\u00e9lagsfr\u00e6\u00f0slu fyrir fullor\u00f0i\u00f0 fl\u00f3ttaf\u00f3lk og bj\u00f3\u00f0a t\u00falkunar\u00fej\u00f3nustu. Starfsf\u00f3lk b\u00fdr yfir fj\u00f6lbreyttum tungum\u00e1lakunn\u00e1ttu og rafr\u00e6n t\u00falkunar\u00fej\u00f3nusta er notu\u00f0 \u00feegar \u00fe\u00f6rf krefur.   <\/p>\n<p data-start=\"627\" data-end=\"941\">R\u00e1\u00f0gjafar bj\u00f3\u00f0a upp \u00e1 pers\u00f3nulega lei\u00f0s\u00f6gn, a\u00f0sto\u00f0a vi\u00f0 \u00fe\u00e1ttt\u00f6ku \u00ed n\u00e1mskei\u00f0um, f\u00e9lagslega a\u00f0l\u00f6gun og ger\u00f0 ferilskr\u00e1r. \u00deeir kynna helstu verkf\u00e6ri til atvinnuleitar \u00e1 \u00cdslandi og eiga \u00ed samskiptum vi\u00f0 atvinnurekendur fyrir h\u00f6nd fl\u00f3ttamanna. Auk \u00feess ber Vinnum\u00e1lastofnun \u00e1byrg\u00f0 \u00e1 a\u00f0 \u00fatvega fl\u00f3ttam\u00f6nnum h\u00fasn\u00e6\u00f0i.  <\/p>\n[\/vc_column_text][vc_column_text][\/vc_column_text][\/toggle][toggle color=&#8220;Extra-Color-3&#8243; heading_tag=&#8220;default&#8220; heading_tag_functionality=&#8220;default&#8220; title=&#8220;Netsamskipti og samstarf \u00ed starfsmi\u00f0lun me\u00f0 fer\u00f0a\u00fej\u00f3nustugeiranum:&#8220;][vc_column_text css=&#8220;&#8220; text_direction=&#8220;default&#8220;]\n<div class=\"wpb_text_column wpb_content_element \">\n<div class=\"wpb_wrapper\">\n<p data-start=\"132\" data-end=\"706\">\u00c1ri\u00f0 2023 \u00e1kva\u00f0 stj\u00f3rn Vinnum\u00e1lastofnunar a\u00f0 stofna s\u00e9rh\u00e6ft teymi innan stofnunarinnar til a\u00f0 einbeita s\u00e9r a\u00f0 \u00fev\u00ed a\u00f0 sty\u00f0ja vi\u00f0 st\u00e6rstu atvinnugrein \u00cdslands, fer\u00f0a\u00fej\u00f3nustuna. H\u00f3pur sex s\u00e9rfr\u00e6\u00f0inga var fali\u00f0 a\u00f0 s\u00e9rh\u00e6fa sig \u00ed geiranum og \u00fer\u00f3a virkan samr\u00e6\u00f0u- og samstarfsvettvang vi\u00f0 vi\u00f0eigandi hagsmunaa\u00f0ila. \u00deetta s\u00e9rh\u00e6f\u00f0a teymi, sem samanstendur af r\u00e1\u00f0ningami\u00f0lara, starfsmi\u00f0lara og r\u00e1\u00f0gj\u00f6fum, hefur veri\u00f0 \u00ed s\u00edfelldu sambandi vi\u00f0 lykila\u00f0ila \u00ed fer\u00f0a\u00fej\u00f3nustugeiranum, svo sem Fer\u00f0a\u00fej\u00f3nustuf\u00e9lag \u00cdslands, \u00e1fangasta\u00f0arstj\u00f3rnunarsamt\u00f6k \u00cdslands og helstu a\u00f0ila \u00ed greininni.  <\/p>\n<p data-start=\"711\" data-end=\"1342\">Vinnum\u00e1lastofnun hefur haldi\u00f0 fj\u00f6lmarga fundi me\u00f0 \u00feessum samstarfsa\u00f0ilum til a\u00f0 kynna \u00fej\u00f3nustu s\u00edna. \u00cd \u00feessum umr\u00e6\u00f0um kom fram sk\u00fdr \u00fe\u00f6rf fyrir s\u00e9rh\u00e6f\u00f0a fr\u00e6\u00f0slu sem er sni\u00f0in a\u00f0 fer\u00f0a\u00fej\u00f3nustugeiranum, me\u00f0 \u00fea\u00f0 a\u00f0 markmi\u00f0i a\u00f0 efla \u00feekkingu innan greinarinnar og b\u00e6ta starfsmannahald \u00ed lj\u00f3si mikillar starfsmannaveltu. \u00cd kj\u00f6lfari\u00f0 voru hafnar vi\u00f0r\u00e6\u00f0ur vi\u00f0 fr\u00e6\u00f0slua\u00f0ila og s\u00edmenntunarmi\u00f0st\u00f6\u00f0var um \u00fej\u00e1lfunarm\u00f6guleika fyrir atvinnuleitendur og fl\u00f3ttaf\u00f3lk sem hefur \u00e1huga \u00e1 starfi \u00ed fer\u00f0a\u00fej\u00f3nustu. Fyrstu n\u00e1mskei\u00f0in voru sett af sta\u00f0 \u00ed byrjun \u00e1rs 2025 og hafa \u00feegar leitt til \u00feess a\u00f0 n\u00fdir starfsmenn hafa hafi\u00f0 st\u00f6rf \u00ed geiranum.   <\/p>\n<\/div>\n<\/div>\n[\/vc_column_text][\/toggle][\/toggles][\/vc_column][\/vc_row][vc_row type=&#8220;in_container&#8220; full_screen_row_position=&#8220;middle&#8220; column_margin=&#8220;default&#8220; column_direction=&#8220;default&#8220; column_direction_tablet=&#8220;default&#8220; column_direction_phone=&#8220;default&#8220; scene_position=&#8220;center&#8220; text_color=&#8220;dark&#8220; text_align=&#8220;left&#8220; row_border_radius=&#8220;none&#8220; row_border_radius_applies=&#8220;bg&#8220; row_position_desktop=&#8220;default&#8220; row_position_tablet=&#8220;inherit&#8220; row_position_phone=&#8220;inherit&#8220; overflow=&#8220;visible&#8220; overlay_strength=&#8220;0.3&#8243; gradient_direction=&#8220;left_to_right&#8220; shape_divider_position=&#8220;bottom&#8220; bg_image_animation=&#8220;none&#8220;][vc_column column_padding=&#8220;no-extra-padding&#8220; column_padding_tablet=&#8220;inherit&#8220; column_padding_phone=&#8220;inherit&#8220; column_padding_position=&#8220;all&#8220; flex_gap_desktop=&#8220;10px&#8220; column_element_direction_desktop=&#8220;default&#8220; column_element_spacing=&#8220;default&#8220; desktop_text_alignment=&#8220;default&#8220; tablet_text_alignment=&#8220;default&#8220; phone_text_alignment=&#8220;default&#8220; background_color_opacity=&#8220;1&#8243; background_hover_color_opacity=&#8220;1&#8243; column_backdrop_filter=&#8220;none&#8220; column_shadow=&#8220;none&#8220; column_border_radius=&#8220;none&#8220; column_link_target=&#8220;_self&#8220; column_position=&#8220;default&#8220; gradient_direction=&#8220;left_to_right&#8220; overlay_strength=&#8220;0.3&#8243; width=&#8220;1\/1&#8243; tablet_width_inherit=&#8220;default&#8220; animation_type=&#8220;default&#8220; bg_image_animation=&#8220;none&#8220; border_type=&#8220;simple&#8220; column_border_width=&#8220;none&#8220; column_border_style=&#8220;solid&#8220;][divider line_type=&#8220;No Line&#8220; custom_height=&#8220;50&#8243;][vc_custom_heading text=&#8220;Vi\u00f0b\u00f3tarau\u00f0lindir&#8220; font_container=&#8220;tag:h2|text_align:left|color:%234b45ad&#8220; use_theme_fonts=&#8220;yes&#8220; css_animation=&#8220;fadeIn&#8220; css=&#8220;.vc_custom_1748871473437{margin-bottom: 25px !important;}&#8220;][nectar_icon_list animate=&#8220;true&#8220; color=&#8220;extra-color-gradient-1&#8243; direction=&#8220;horizontal&#8220; columns=&#8220;2&#8243; icon_size=&#8220;medium&#8220; icon_style=&#8220;no-border&#8220;][nectar_icon_list_item icon_type=&#8220;icon&#8220; text_full_html=&#8220;html&#8220; title=&#8220;List Item&#8220; id=&#8220;1773651841593-0&#8243; tab_id=&#8220;1773651841594-10&#8243; icon_fontawesome=&#8220;fa fa-link&#8220; header=&#8220;Norr\u00e6nar endurn\u00e6randi fer\u00f0ir, NorReg 2022 \u2013 Tilraunaverkefni&#8220;]<a href=\"https:\/\/www.stjornarradid.is\/library\/04-Raduneytin\/Menningar--og-vidskiptaraduneytid\/NorReg%20final%20report%202022%20formatted.pdf\">Nordic Regenerative Tourism, NorReg 2022 \u2013 A pilot project<\/a>[\/nectar_icon_list_item][nectar_icon_list_item icon_type=&#8220;icon&#8220; text_full_html=&#8220;html&#8220; title=&#8220;List Item&#8220; id=&#8220;1773651841610-8&#8243; tab_id=&#8220;1773651841611-5&#8243; icon_fontawesome=&#8220;fa fa-link&#8220; header=&#8220;H\u00e6lisums\u00f3knir og fl\u00f3ttamenn \u00e1 \u00cdslandi&#8220;]<a href=\"https:\/\/www.worlddata.info\/europe\/iceland\/asylum.php\">Asylum applications and refugees in Iceland<\/a>[\/nectar_icon_list_item][\/nectar_icon_list][\/vc_column][\/vc_row][vc_row type=&#8220;in_container&#8220; full_screen_row_position=&#8220;middle&#8220; column_margin=&#8220;default&#8220; column_direction=&#8220;default&#8220; column_direction_tablet=&#8220;default&#8220; column_direction_phone=&#8220;default&#8220; scene_position=&#8220;center&#8220; text_color=&#8220;dark&#8220; text_align=&#8220;left&#8220; row_border_radius=&#8220;none&#8220; row_border_radius_applies=&#8220;bg&#8220; row_position_desktop=&#8220;default&#8220; row_position_tablet=&#8220;inherit&#8220; row_position_phone=&#8220;inherit&#8220; overflow=&#8220;visible&#8220; overlay_strength=&#8220;0.3&#8243; gradient_direction=&#8220;left_to_right&#8220; shape_divider_position=&#8220;bottom&#8220; bg_image_animation=&#8220;none&#8220;][vc_column column_padding=&#8220;no-extra-padding&#8220; column_padding_tablet=&#8220;inherit&#8220; column_padding_phone=&#8220;inherit&#8220; column_padding_position=&#8220;all&#8220; flex_gap_desktop=&#8220;10px&#8220; column_element_direction_desktop=&#8220;default&#8220; column_element_spacing=&#8220;default&#8220; desktop_text_alignment=&#8220;default&#8220; tablet_text_alignment=&#8220;default&#8220; phone_text_alignment=&#8220;default&#8220; background_color_opacity=&#8220;1&#8243; background_hover_color_opacity=&#8220;1&#8243; column_backdrop_filter=&#8220;none&#8220; column_shadow=&#8220;none&#8220; column_border_radius=&#8220;none&#8220; column_link_target=&#8220;_self&#8220; column_position=&#8220;default&#8220; gradient_direction=&#8220;left_to_right&#8220; overlay_strength=&#8220;0.3&#8243; width=&#8220;1\/1&#8243; tablet_width_inherit=&#8220;default&#8220; animation_type=&#8220;default&#8220; bg_image_animation=&#8220;none&#8220; border_type=&#8220;simple&#8220; column_border_width=&#8220;none&#8220; column_border_style=&#8220;solid&#8220;][vc_custom_heading text=&#8220;Stutt spurningakeppni&#8220; font_container=&#8220;tag:h2|text_align:left|color:%234B45AD&#8220; use_theme_fonts=&#8220;yes&#8220; css=&#8220;&#8220;][\/vc_column][\/vc_row][vc_row type=&#8220;in_container&#8220; full_screen_row_position=&#8220;middle&#8220; column_margin=&#8220;default&#8220; column_direction=&#8220;default&#8220; column_direction_tablet=&#8220;default&#8220; column_direction_phone=&#8220;default&#8220; scene_position=&#8220;center&#8220; text_color=&#8220;dark&#8220; text_align=&#8220;left&#8220; row_border_radius=&#8220;none&#8220; row_border_radius_applies=&#8220;bg&#8220; row_position_desktop=&#8220;default&#8220; row_position_tablet=&#8220;inherit&#8220; row_position_phone=&#8220;inherit&#8220; overflow=&#8220;visible&#8220; overlay_strength=&#8220;0.3&#8243; gradient_direction=&#8220;left_to_right&#8220; shape_divider_position=&#8220;bottom&#8220; bg_image_animation=&#8220;none&#8220;][vc_column column_padding=&#8220;no-extra-padding&#8220; column_padding_tablet=&#8220;inherit&#8220; column_padding_phone=&#8220;inherit&#8220; column_padding_position=&#8220;all&#8220; flex_gap_desktop=&#8220;10px&#8220; column_element_direction_desktop=&#8220;default&#8220; column_element_spacing=&#8220;default&#8220; desktop_text_alignment=&#8220;default&#8220; tablet_text_alignment=&#8220;default&#8220; phone_text_alignment=&#8220;default&#8220; background_color_opacity=&#8220;1&#8243; background_hover_color_opacity=&#8220;1&#8243; column_backdrop_filter=&#8220;none&#8220; column_shadow=&#8220;none&#8220; column_border_radius=&#8220;none&#8220; column_link_target=&#8220;_self&#8220; column_position=&#8220;default&#8220; gradient_direction=&#8220;left_to_right&#8220; overlay_strength=&#8220;0.3&#8243; width=&#8220;1\/1&#8243; tablet_width_inherit=&#8220;default&#8220; animation_type=&#8220;default&#8220; bg_image_animation=&#8220;none&#8220; border_type=&#8220;simple&#8220; column_border_width=&#8220;none&#8220; column_border_style=&#8220;solid&#8220;][vc_column_text css=&#8220;&#8220; text_direction=&#8220;default&#8220;]<div class=\"h5p-iframe-wrapper\"><iframe id=\"h5p-iframe-7\" class=\"h5p-iframe\" data-content-id=\"7\" style=\"height:1px\" src=\"about:blank\" frameBorder=\"0\" scrolling=\"no\" title=\"Post-Covid Tourism in Iceland and Job brokers\"><\/iframe><\/div>[\/vc_column_text][\/vc_column][\/vc_row]\n","protected":false},"excerpt":{"rendered":"<p>[vc_row type=&#8220;in_container&#8220; full_screen_row_position=&#8220;middle&#8220; column_margin=&#8220;default&#8220; column_direction=&#8220;default&#8220; column_direction_tablet=&#8220;default&#8220; column_direction_phone=&#8220;default&#8220; scene_position=&#8220;center&#8220; top_margin=&#8220;50&#8243; text_color=&#8220;dark&#8220; text_align=&#8220;left&#8220; row_border_radius=&#8220;none&#8220; row_border_radius_applies=&#8220;bg&#8220; row_position_desktop=&#8220;default&#8220; row_position_tablet=&#8220;inherit&#8220; row_position_phone=&#8220;inherit&#8220; overflow=&#8220;visible&#8220; overlay_strength=&#8220;0.3&#8243; gradient_direction=&#8220;left_to_right&#8220; shape_divider_position=&#8220;bottom&#8220; bg_image_animation=&#8220;none&#8220; gradient_type=&#8220;default&#8220; shape_type=&#8220;&#8220;][vc_column column_padding=&#8220;no-extra-padding&#8220; column_padding_tablet=&#8220;inherit&#8220; column_padding_phone=&#8220;inherit&#8220; column_padding_position=&#8220;all&#8220; flex_gap_desktop=&#8220;10px&#8220; column_element_direction_desktop=&#8220;default&#8220; column_element_spacing=&#8220;default&#8220;&#8230;<\/p>\n","protected":false},"author":1,"featured_media":0,"parent":0,"menu_order":0,"comment_status":"closed","ping_status":"closed","template":"","meta":{"footnotes":""},"class_list":["post-2467","page","type-page","status-publish"],"_links":{"self":[{"href":"https:\/\/www.maas-project.eu\/is\/wp-json\/wp\/v2\/pages\/2467","targetHints":{"allow":["GET"]}}],"collection":[{"href":"https:\/\/www.maas-project.eu\/is\/wp-json\/wp\/v2\/pages"}],"about":[{"href":"https:\/\/www.maas-project.eu\/is\/wp-json\/wp\/v2\/types\/page"}],"author":[{"embeddable":true,"href":"https:\/\/www.maas-project.eu\/is\/wp-json\/wp\/v2\/users\/1"}],"replies":[{"embeddable":true,"href":"https:\/\/www.maas-project.eu\/is\/wp-json\/wp\/v2\/comments?post=2467"}],"version-history":[{"count":2,"href":"https:\/\/www.maas-project.eu\/is\/wp-json\/wp\/v2\/pages\/2467\/revisions"}],"predecessor-version":[{"id":2469,"href":"https:\/\/www.maas-project.eu\/is\/wp-json\/wp\/v2\/pages\/2467\/revisions\/2469"}],"wp:attachment":[{"href":"https:\/\/www.maas-project.eu\/is\/wp-json\/wp\/v2\/media?parent=2467"}],"curies":[{"name":"wp","href":"https:\/\/api.w.org\/{rel}","templated":true}]}}