{"id":2437,"date":"2025-05-23T12:31:09","date_gmt":"2025-05-23T09:31:09","guid":{"rendered":"https:\/\/www.maas-project.eu\/stafraen-verkfaeri-sem-stydja-starfsmidlara\/"},"modified":"2026-04-27T09:47:50","modified_gmt":"2026-04-27T06:47:50","slug":"stafraen-verkfaeri-sem-stydja-starfsmidlara","status":"publish","type":"page","link":"https:\/\/www.maas-project.eu\/is\/stafraen-verkfaeri-sem-stydja-starfsmidlara\/","title":{"rendered":"Stafr\u00e6n verkf\u00e6ri sem sty\u00f0ja starfsmi\u00f0lara"},"content":{"rendered":"[vc_row type=&#8220;in_container&#8220; full_screen_row_position=&#8220;middle&#8220; column_margin=&#8220;default&#8220; column_direction=&#8220;default&#8220; column_direction_tablet=&#8220;default&#8220; column_direction_phone=&#8220;default&#8220; scene_position=&#8220;center&#8220; top_margin=&#8220;50&#8243; text_color=&#8220;dark&#8220; text_align=&#8220;left&#8220; row_border_radius=&#8220;none&#8220; row_border_radius_applies=&#8220;bg&#8220; row_position_desktop=&#8220;default&#8220; row_position_tablet=&#8220;inherit&#8220; row_position_phone=&#8220;inherit&#8220; overflow=&#8220;visible&#8220; overlay_strength=&#8220;0.3&#8243; gradient_direction=&#8220;left_to_right&#8220; shape_divider_position=&#8220;bottom&#8220; bg_image_animation=&#8220;none&#8220; gradient_type=&#8220;default&#8220; shape_type=&#8220;&#8220;][vc_column column_padding=&#8220;no-extra-padding&#8220; column_padding_tablet=&#8220;inherit&#8220; column_padding_phone=&#8220;inherit&#8220; column_padding_position=&#8220;all&#8220; flex_gap_desktop=&#8220;10px&#8220; column_element_direction_desktop=&#8220;default&#8220; column_element_spacing=&#8220;default&#8220; desktop_text_alignment=&#8220;default&#8220; tablet_text_alignment=&#8220;default&#8220; phone_text_alignment=&#8220;default&#8220; background_color_opacity=&#8220;1&#8243; background_hover_color_opacity=&#8220;1&#8243; column_backdrop_filter=&#8220;none&#8220; column_shadow=&#8220;none&#8220; column_border_radius=&#8220;none&#8220; column_link_target=&#8220;_self&#8220; column_position=&#8220;default&#8220; gradient_direction=&#8220;left_to_right&#8220; overlay_strength=&#8220;0.3&#8243; width=&#8220;1\/1&#8243; tablet_width_inherit=&#8220;default&#8220; animation_type=&#8220;default&#8220; bg_image_animation=&#8220;none&#8220; border_type=&#8220;simple&#8220; column_border_width=&#8220;none&#8220; column_border_style=&#8220;solid&#8220;][vc_column_text css=&#8220;&#8220; text_direction=&#8220;default&#8220;]Sj\u00f6tta fundur vinnustofunnar um samf\u00e9lag starfsh\u00e1tta (CoP), undir forystu Folkuniversitetet fr\u00e1 Sv\u00ed\u00fej\u00f3\u00f0, var haldinn 22. ma\u00ed 2024. \u00deessi vinnustofa, me\u00f0 titlinum &#8222;S\u00e6nsk sam\u00fe\u00e6ttingarpr\u00f3gramm fyrir fl\u00f3ttaf\u00f3lk og atvinnuleitendur&#8220;, haf\u00f0i \u00fea\u00f0 a\u00f0 markmi\u00f0i a\u00f0 takast \u00e1 vi\u00f0 \u00e1skoranir og lausnir vi\u00f0 sam\u00fe\u00e6ttingu fl\u00f3ttaf\u00f3lks og atvinnuleitenda \u00e1 s\u00e6nskan vinnumarka\u00f0. Me\u00f0al \u00e1berandi fundar\u00fe\u00e1tta voru umr\u00e6\u00f0ur um &#8222;Korta V\u00e4gen&#8220; (&#8222;Stutta lei\u00f0in&#8220;)-\u00e1\u00e6tlunina fyrir innflytjendur me\u00f0 h\u00e1sk\u00f3lamenntun, &#8222;Match and Attach&#8220;-\u00e1\u00e6tlunina og verkefni sem sty\u00f0ja &#8222;Work for Ukrainians&#8220;.  <\/p>\n<p>Eftir erindin var dagskr\u00e1in skipul\u00f6g\u00f0 me\u00f0 vinnustofum, sem ger\u00f0u kleift a\u00f0 halda markvissar umr\u00e6\u00f0ur um sam\u00fe\u00e6ttingu stafr\u00e6nna verkf\u00e6ra \u00ed f\u00e6rni\u00fer\u00f3un, \u00e1rangursr\u00edka \u00fer\u00f3un faglegra h\u00e6fni til a\u00f0 sam\u00fe\u00e6tta \u00fakra\u00ednsk fl\u00f3ttaf\u00f3lk og vi\u00f0urkenningu menntunar innflytjenda hj\u00e1 hugsanlegum vinnuveitendum.[\/vc_column_text][\/vc_column][\/vc_row][vc_row type=&#8220;in_container&#8220; full_screen_row_position=&#8220;middle&#8220; column_margin=&#8220;default&#8220; column_direction=&#8220;default&#8220; column_direction_tablet=&#8220;default&#8220; column_direction_phone=&#8220;default&#8220; scene_position=&#8220;center&#8220; text_color=&#8220;dark&#8220; text_align=&#8220;left&#8220; row_border_radius=&#8220;none&#8220; row_border_radius_applies=&#8220;bg&#8220; row_position_desktop=&#8220;default&#8220; row_position_tablet=&#8220;inherit&#8220; row_position_phone=&#8220;inherit&#8220; overflow=&#8220;visible&#8220; overlay_strength=&#8220;0.3&#8243; gradient_direction=&#8220;left_to_right&#8220; shape_divider_position=&#8220;bottom&#8220; bg_image_animation=&#8220;none&#8220; gradient_type=&#8220;default&#8220; shape_type=&#8220;&#8220;][vc_column column_padding=&#8220;no-extra-padding&#8220; column_padding_tablet=&#8220;inherit&#8220; column_padding_phone=&#8220;inherit&#8220; column_padding_position=&#8220;all&#8220; flex_gap_desktop=&#8220;10px&#8220; column_element_direction_desktop=&#8220;default&#8220; column_element_spacing=&#8220;default&#8220; desktop_text_alignment=&#8220;default&#8220; tablet_text_alignment=&#8220;default&#8220; phone_text_alignment=&#8220;default&#8220; background_color_opacity=&#8220;1&#8243; background_hover_color_opacity=&#8220;1&#8243; column_backdrop_filter=&#8220;none&#8220; column_shadow=&#8220;none&#8220; column_border_radius=&#8220;none&#8220; column_link_target=&#8220;_self&#8220; column_position=&#8220;default&#8220; gradient_direction=&#8220;left_to_right&#8220; overlay_strength=&#8220;0.3&#8243; width=&#8220;1\/1&#8243; tablet_width_inherit=&#8220;default&#8220; animation_type=&#8220;default&#8220; bg_image_animation=&#8220;none&#8220; border_type=&#8220;simple&#8220; column_border_width=&#8220;none&#8220; column_border_style=&#8220;solid&#8220;][divider line_type=&#8220;No Line&#8220; custom_height=&#8220;50&#8243;][vc_custom_heading text=&#8220;Stafr\u00e6n verkf\u00e6ri sem sty\u00f0ja starfsmi\u00f0lara&#8220; font_container=&#8220;tag:h2|text_align:left|color:%234b45ad&#8220; use_theme_fonts=&#8220;yes&#8220; css_animation=&#8220;fadeIn&#8220; css=&#8220;.vc_custom_1748945277223{margin-bottom: 25px !important;}&#8220;][vc_video link=&#8220;https:\/\/youtu.be\/48BKZ7Rol8o&#8220; css=&#8220;&#8220;][divider line_type=&#8220;No Line&#8220; custom_height=&#8220;20&#8243;][\/vc_column][\/vc_row][vc_row type=&#8220;full_width_background&#8220; full_screen_row_position=&#8220;middle&#8220; column_margin=&#8220;default&#8220; column_direction=&#8220;default&#8220; column_direction_tablet=&#8220;default&#8220; column_direction_phone=&#8220;default&#8220; bg_color=&#8220;#efefef&#8220; scene_position=&#8220;center&#8220; text_color=&#8220;dark&#8220; text_align=&#8220;left&#8220; row_border_radius=&#8220;none&#8220; row_border_radius_applies=&#8220;bg&#8220; row_position_desktop=&#8220;default&#8220; row_position_tablet=&#8220;inherit&#8220; row_position_phone=&#8220;inherit&#8220; overflow=&#8220;visible&#8220; overlay_strength=&#8220;0.3&#8243; gradient_direction=&#8220;left_to_right&#8220; enable_shape_divider=&#8220;true&#8220; shape_divider_position=&#8220;bottom&#8220; bg_image_animation=&#8220;none&#8220; gradient_type=&#8220;default&#8220; shape_type=&#8220;clouds&#8220;][vc_column column_padding=&#8220;no-extra-padding&#8220; column_padding_tablet=&#8220;inherit&#8220; column_padding_phone=&#8220;inherit&#8220; column_padding_position=&#8220;all&#8220; flex_gap_desktop=&#8220;10px&#8220; column_element_direction_desktop=&#8220;default&#8220; column_element_spacing=&#8220;default&#8220; desktop_text_alignment=&#8220;default&#8220; tablet_text_alignment=&#8220;default&#8220; phone_text_alignment=&#8220;default&#8220; background_color_opacity=&#8220;1&#8243; background_hover_color_opacity=&#8220;1&#8243; column_backdrop_filter=&#8220;none&#8220; column_shadow=&#8220;none&#8220; column_border_radius=&#8220;none&#8220; column_link_target=&#8220;_self&#8220; column_position=&#8220;default&#8220; gradient_direction=&#8220;left_to_right&#8220; overlay_strength=&#8220;0.3&#8243; width=&#8220;1\/1&#8243; tablet_width_inherit=&#8220;default&#8220; animation_type=&#8220;default&#8220; bg_image_animation=&#8220;none&#8220; border_type=&#8220;simple&#8220; column_border_width=&#8220;none&#8220; column_border_style=&#8220;solid&#8220;][divider line_type=&#8220;No Line&#8220; custom_height=&#8220;50&#8243;][vc_custom_heading text=&#8220;Helstu inns\u00fdn&#8220; font_container=&#8220;tag:h2|text_align:left|color:%234b45ad&#8220; use_theme_fonts=&#8220;yes&#8220; css_animation=&#8220;fadeIn&#8220; css=&#8220;.vc_custom_1748945289854{margin-bottom: 25px !important;}&#8220;][vc_row_inner equal_height=&#8220;yes&#8220; column_margin=&#8220;default&#8220; column_direction=&#8220;default&#8220; column_direction_tablet=&#8220;default&#8220; column_direction_phone=&#8220;default&#8220; text_align=&#8220;left&#8220; row_position=&#8220;default&#8220; row_position_tablet=&#8220;inherit&#8220; row_position_phone=&#8220;inherit&#8220; overflow=&#8220;visible&#8220; pointer_events=&#8220;all&#8220;][vc_column_inner column_padding=&#8220;padding-2-percent&#8220; column_padding_tablet=&#8220;inherit&#8220; column_padding_phone=&#8220;inherit&#8220; column_padding_position=&#8220;all&#8220; flex_gap_desktop=&#8220;10px&#8220; column_element_direction_desktop=&#8220;default&#8220; column_element_spacing=&#8220;default&#8220; desktop_text_alignment=&#8220;default&#8220; tablet_text_alignment=&#8220;default&#8220; phone_text_alignment=&#8220;default&#8220; background_color_opacity=&#8220;1&#8243; background_hover_color_opacity=&#8220;1&#8243; column_backdrop_filter=&#8220;none&#8220; column_shadow=&#8220;none&#8220; column_border_radius=&#8220;none&#8220; column_link_target=&#8220;_self&#8220; overflow=&#8220;visible&#8220; gradient_direction=&#8220;left_to_right&#8220; overlay_strength=&#8220;0.3&#8243; width=&#8220;1\/2&#8243; tablet_width_inherit=&#8220;default&#8220; animation_type=&#8220;default&#8220; bg_image_animation=&#8220;none&#8220; border_type=&#8220;simple&#8220; column_border_width=&#8220;none&#8220; column_border_style=&#8220;solid&#8220; column_padding_type=&#8220;default&#8220; gradient_type=&#8220;default&#8220;][image_with_animation image_url=&#8220;1167&#8243; image_size=&#8220;full&#8220; max_width=&#8220;100%&#8220; max_width_mobile=&#8220;default&#8220; animation_type=&#8220;entrance&#8220; animation=&#8220;Fade In From Left&#8220; disable_mobile_animation=&#8220;true&#8220; animation_easing=&#8220;default&#8220; animation_movement_type=&#8220;transform_y&#8220; hover_animation=&#8220;none&#8220; alignment=&#8220;&#8220; border_radius=&#8220;15px&#8220; box_shadow=&#8220;small_depth&#8220; image_loading=&#8220;default&#8220; delay=&#8220;300&#8243;][\/vc_column_inner][vc_column_inner column_padding=&#8220;padding-2-percent&#8220; column_padding_tablet=&#8220;inherit&#8220; column_padding_phone=&#8220;inherit&#8220; column_padding_position=&#8220;all&#8220; flex_gap_desktop=&#8220;10px&#8220; column_element_direction_desktop=&#8220;default&#8220; column_element_spacing=&#8220;default&#8220; desktop_text_alignment=&#8220;default&#8220; tablet_text_alignment=&#8220;default&#8220; phone_text_alignment=&#8220;default&#8220; background_color_opacity=&#8220;1&#8243; background_hover_color_opacity=&#8220;1&#8243; column_backdrop_filter=&#8220;none&#8220; column_shadow=&#8220;none&#8220; column_border_radius=&#8220;none&#8220; column_link_target=&#8220;_self&#8220; overflow=&#8220;visible&#8220; gradient_direction=&#8220;left_to_right&#8220; overlay_strength=&#8220;0.3&#8243; width=&#8220;1\/2&#8243; tablet_width_inherit=&#8220;default&#8220; animation_type=&#8220;default&#8220; bg_image_animation=&#8220;none&#8220; border_type=&#8220;simple&#8220; column_border_width=&#8220;none&#8220; column_border_style=&#8220;solid&#8220; column_padding_type=&#8220;default&#8220; gradient_type=&#8220;default&#8220;][vc_custom_heading text=&#8220;Jobbmatchad: Stafr\u00e6n n\u00e1mskei\u00f0 fyrir n\u00fat\u00edmavinnusta\u00f0inn&#8220; font_container=&#8220;tag:h3|text_align:left|color:%23fc486b&#8220; use_theme_fonts=&#8220;yes&#8220; css_animation=&#8220;fadeInRight&#8220; css=&#8220;.vc_custom_1749033715735{margin-bottom: 10px !important;}&#8220;][vc_column_text css_animation=&#8220;fadeInRightBig&#8220; css=&#8220;&#8220; text_direction=&#8220;default&#8220;]Jobbmatchad byltir vinnusta\u00f0an\u00e1mi me\u00f0 \u00fev\u00ed a\u00f0 umbreyta fr\u00e6\u00f0sluefni \u00ed \u00e1hugaver\u00f0ar stafr\u00e6nar upplifanir. Me\u00f0 kvikmyndum, streymdum fyrirlestrum og s\u00e9rsni\u00f0num myndbandsn\u00e1mskei\u00f0um b\u00fd\u00f0ur \u00fea\u00f0 upp \u00e1 dipl\u00f3man\u00e1m sem er sni\u00f0i\u00f0 a\u00f0 \u00fe\u00f6rfum fyrirt\u00e6kja. Vettvangurinn b\u00fd\u00f0ur upp \u00e1 notendav\u00e6na n\u00e1msa\u00f0ganga sem gera einstaklingum kleift a\u00f0 n\u00e1lgast h\u00e1g\u00e6\u00f0a, hvetjandi efni \u00e1 s\u00ednum eigin hra\u00f0a, alfari\u00f0 \u00e1 netinu og kn\u00fai\u00f0 \u00e1fram af n\u00fdjustu t\u00e6kni.  <\/p>\n<p><b><span data-contrast=\"auto\">Stafr\u00e6n verkf\u00e6ri sem hj\u00e1lpa starfsmi\u00f0lara a\u00f0 samr\u00e6ma \u00fearfir: <\/span><\/b><a href=\"https:\/\/jobbmatchad.se\/utbildning\/\"><b><span data-contrast=\"none\">https:\/\/jobbmatchad.se\/utbildning\/<\/span><\/b><\/a><span data-ccp-props=\"{}\"> <\/span>[\/vc_column_text][\/vc_column_inner][\/vc_row_inner][divider line_type=&#8220;No Line&#8220; custom_height=&#8220;50&#8243;][\/vc_column][\/vc_row][vc_row type=&#8220;in_container&#8220; full_screen_row_position=&#8220;middle&#8220; column_margin=&#8220;default&#8220; column_direction=&#8220;default&#8220; column_direction_tablet=&#8220;default&#8220; column_direction_phone=&#8220;default&#8220; scene_position=&#8220;center&#8220; text_color=&#8220;dark&#8220; text_align=&#8220;left&#8220; row_border_radius=&#8220;none&#8220; row_border_radius_applies=&#8220;bg&#8220; row_position_desktop=&#8220;default&#8220; row_position_tablet=&#8220;inherit&#8220; row_position_phone=&#8220;inherit&#8220; overflow=&#8220;visible&#8220; overlay_strength=&#8220;0.3&#8243; gradient_direction=&#8220;left_to_right&#8220; shape_divider_position=&#8220;bottom&#8220; bg_image_animation=&#8220;none&#8220;][vc_column column_padding=&#8220;no-extra-padding&#8220; column_padding_tablet=&#8220;inherit&#8220; column_padding_phone=&#8220;inherit&#8220; column_padding_position=&#8220;all&#8220; flex_gap_desktop=&#8220;10px&#8220; column_element_direction_desktop=&#8220;default&#8220; column_element_spacing=&#8220;default&#8220; desktop_text_alignment=&#8220;default&#8220; tablet_text_alignment=&#8220;default&#8220; phone_text_alignment=&#8220;default&#8220; background_color_opacity=&#8220;1&#8243; background_hover_color_opacity=&#8220;1&#8243; column_backdrop_filter=&#8220;none&#8220; column_shadow=&#8220;none&#8220; column_border_radius=&#8220;none&#8220; column_link_target=&#8220;_self&#8220; column_position=&#8220;default&#8220; gradient_direction=&#8220;left_to_right&#8220; overlay_strength=&#8220;0.3&#8243; width=&#8220;1\/1&#8243; tablet_width_inherit=&#8220;default&#8220; animation_type=&#8220;default&#8220; bg_image_animation=&#8220;none&#8220; border_type=&#8220;simple&#8220; column_border_width=&#8220;none&#8220; column_border_style=&#8220;solid&#8220;][divider line_type=&#8220;No Line&#8220; custom_height=&#8220;50&#8243;][vc_custom_heading text=&#8220;Hagn\u00fdt verkf\u00e6ri og a\u00f0fer\u00f0ir&#8220; font_container=&#8220;tag:h2|text_align:left|color:%234b45ad&#8220; use_theme_fonts=&#8220;yes&#8220; css_animation=&#8220;fadeIn&#8220; css=&#8220;.vc_custom_1748945527795{margin-bottom: 25px !important;}&#8220;][toggles style=&#8220;default&#8220; accordion=&#8220;true&#8220; accordion_starting_functionality=&#8220;closed&#8220; border_radius=&#8220;5px&#8220;][toggle color=&#8220;Extra-Color-3&#8243; heading_tag=&#8220;default&#8220; heading_tag_functionality=&#8220;default&#8220; title=&#8220;Starfsstu\u00f0ningur fyrir h\u00e1sk\u00f3lamennta\u00f0a innflytjendur: Verkst\u00e6\u00f0i um ferilskr\u00e1 og kynnisbr\u00e9f&#8220;][vc_column_text css=&#8220;&#8220; text_direction=&#8220;default&#8220;]<span class=\"TextRun SCXW174828822 BCX0\" lang=\"EN-US\" data-contrast=\"auto\" xml:lang=\"EN-US\">S\u00e9rsni\u00f0in vinnustofur eru \u00ed bo\u00f0i til a\u00f0sto\u00f0ar.<span class=\"NormalTextRun SCXW174828822 BCX0\"> \u00de\u00e1tttakendur taka \u00fe\u00e1tt \u00ed a\u00f0 b\u00faa til faglegar ferilskr\u00e1r og kynningarbr\u00e9f sem uppfylla sta\u00f0bundna sta\u00f0la og draga fram h\u00e6fni \u00feeirra \u00e1 \u00e1hrifar\u00edkan h\u00e1tt. \u00deessar lotur eru s\u00e9rstaklega gagnlegar fyrir al\u00fej\u00f3\u00f0lega mennta\u00f0a s\u00e9rfr\u00e6\u00f0inga sem leita eftir atvinnu \u00ed Sv\u00ed\u00fej\u00f3\u00f0.  <\/span><span class=\"NormalTextRun SCXW174828822 BCX0\">a\u00f0 veita<\/span><span class=\"NormalTextRun SCXW174828822 BCX0\"> Hagn\u00fdt lei\u00f0s\u00f6gn fr\u00e1 starfsr\u00e1\u00f0gj\u00f6fum og endurgj\u00f6f fr\u00e1 jafningjum \u00ed samstarfsumhverfi. \u00de\u00e1tttakendur ganga fr\u00e1 me\u00f0 f\u00ednp\u00fassu\u00f0 ums\u00f3knarg\u00f6gn og aukinn sj\u00e1lfstraust \u00ed atvinnuleitarh\u00e6fileika s\u00ednum. <\/span><\/span><span class=\"EOP SCXW174828822 BCX0\" data-ccp-props=\"{}\"> <\/span>[\/vc_column_text][\/toggle][toggle color=&#8220;Extra-Color-2&#8243; heading_tag=&#8220;default&#8220; heading_tag_functionality=&#8220;default&#8220; title=&#8220;Tungum\u00e1lssam\u00fe\u00e6tting og atvinnuh\u00e6fi: s\u00e6nskt tungum\u00e1lan\u00e1m&#8220;][vc_column_text css=&#8220;&#8220; text_direction=&#8220;default&#8220;]<span class=\"TextRun SCXW34654922 BCX0\" lang=\"EN-US\" data-contrast=\"auto\" xml:lang=\"EN-US\">A\u00f0 vi\u00f0urkenna mikilv\u00e6gi tungum\u00e1lakunn\u00e1ttu<span class=\"NormalTextRun SCXW34654922 BCX0\"> Til a\u00f0 stu\u00f0la a\u00f0 sam\u00fe\u00e6ttingu og atvinnu\u00fe\u00e1ttt\u00f6ku b\u00fd\u00f0ur \u00e1\u00e6tlunin upp \u00e1 alhli\u00f0a s\u00e6nsku n\u00e1mskei\u00f0. \u00deessi n\u00e1mskei\u00f0 eru sni\u00f0in a\u00f0 faglegu bakgrunni \u00fe\u00e1tttakenda og \u00fe\u00f6rfum vinnumarka\u00f0arins. Kennarar nota hagn\u00fdta, vinnutengda tungum\u00e1ls\u00fe\u00e6tti sem hj\u00e1lpa nemendum a\u00f0 b\u00e6ta b\u00e6\u00f0i almenna samskipti og s\u00e9rh\u00e6f\u00f0a atvinnum\u00e1lfr\u00e6\u00f0i. Tungum\u00e1lan\u00e1mi\u00f0 er b\u00e6tt me\u00f0 menningarlegum kynningum til a\u00f0 efla f\u00e9lagslega \u00fe\u00e1ttt\u00f6ku.   <\/span><\/span><span class=\"EOP SCXW34654922 BCX0\" data-ccp-props=\"{}\"> <\/span>[\/vc_column_text][\/toggle][toggle color=&#8220;Extra-Color-1&#8243; heading_tag=&#8220;default&#8220; heading_tag_functionality=&#8220;default&#8220; title=&#8220;Starfsr\u00e1\u00f0gj\u00f6f til lei\u00f0sagnar \u00e1 vinnumarka\u00f0i&#8220;][vc_column_text css=&#8220;&#8220; text_direction=&#8220;default&#8220;]<span class=\"TextRun SCXW232369662 BCX0\" lang=\"EN-US\" data-contrast=\"auto\" xml:lang=\"EN-US\">\u00de\u00e1tttakendur nj\u00f3ta g\u00f3\u00f0s af einstaklingsmi\u00f0a\u00f0ri starfsr\u00e1\u00f0gj\u00f6f sem er h\u00f6nnu\u00f0 til a\u00f0 hj\u00e1lpa \u00feeim a\u00f0 skilja s\u00e6nsku vinnumarka\u00f0inn, greina<span class=\"NormalTextRun SCXW232369662 BCX0\"> Flytjanlegar f\u00e6rni og \u00fer\u00f3un rauns\u00e6ra starfsbrauta. \u00dej\u00e1lfarar bj\u00f3\u00f0a einstaklingsmi\u00f0a\u00f0a a\u00f0sto\u00f0 vi\u00f0 a\u00f0 setja s\u00e9r starfsmarkmi\u00f0, greina atvinnutendensa og kanna m\u00f6guleika \u00e1 s\u00edmenntun. S\u00e9rstakur \u00e1hersla er l\u00f6g\u00f0 \u00e1 a\u00f0 a\u00f0sto\u00f0a n\u00fdli\u00f0a vi\u00f0 a\u00f0 samr\u00e6ma fyrri menntun og reynslu vi\u00f0 t\u00e6kif\u00e6ri \u00e1 s\u00e6nsku vinnumarka\u00f0i.  <\/span><\/span><span class=\"EOP SCXW232369662 BCX0\" data-ccp-props=\"{}\"> <\/span>[\/vc_column_text][\/toggle][toggle color=&#8220;Extra-Color-3&#8243; heading_tag=&#8220;default&#8220; heading_tag_functionality=&#8220;default&#8220; title=&#8220;Modular Training for Personalized Employment Pathways&#8220;][vc_column_text css=&#8220;&#8220; text_direction=&#8220;default&#8220;]<span class=\"TextRun SCXW154978830 BCX0\" lang=\"EN-US\" data-contrast=\"auto\" xml:lang=\"EN-US\"><span class=\"NormalTextRun SCXW154978830 BCX0\">Notast er vi\u00f0 m\u00f3dulegt \u00fej\u00e1lfunarform sem b\u00fd\u00f0ur upp \u00e1 sveigjanlega og pers\u00f3nulega n\u00e1msupplifun. \u00deetta felur \u00ed s\u00e9r starfsr\u00e1\u00f0gjafarstundir, n\u00e1msr\u00e1\u00f0gj\u00f6f og \u00fej\u00e1lfun \u00ed starfstengdum f\u00e6rni sem er sni\u00f0in a\u00f0 einstaklingsbundnum starfsmarkmi\u00f0um. N\u00e1mskr\u00e1in a\u00f0lagar sig a\u00f0 fj\u00f6lbreyttum menntabakgrunni \u00fe\u00e1tttakenda, s\u00e9rstaklega \u00feeirra me\u00f0 h\u00e6rri   <\/span><span class=\"NormalTextRun SCXW154978830 BCX0\">menntunarh\u00e6fni, sem tryggir vi\u00f0eigandi og strax n\u00fdtingu \u00ed atvinnuleitarferlinu.<\/span><\/span><span class=\"EOP SCXW154978830 BCX0\" data-ccp-props=\"{}\"> <\/span>[\/vc_column_text][\/toggle][toggle color=&#8220;Extra-Color-2&#8243; heading_tag=&#8220;default&#8220; heading_tag_functionality=&#8220;default&#8220; title=&#8220;Stafr\u00e6nir vettvangar og starfsmi\u00f0lun: Notkun Jobmatchad&#8220;][vc_column_text css=&#8220;&#8220; text_direction=&#8220;default&#8220;]<span class=\"TextRun SCXW219318368 BCX0\" lang=\"EN-US\" data-contrast=\"auto\" xml:lang=\"EN-US\">Til a\u00f0 auka atvinnuh\u00e6fni n\u00fdtir \u00e1\u00e6tlunin stafr\u00e6n verkf\u00e6ri eins og Jobmatchad.<span class=\"NormalTextRun SCXW219318368 BCX0\">, netpallur sem sty\u00f0ur pers\u00f3nulega starfsmi\u00f0lun og n\u00e1m. \u00de\u00e1tttakendur geta n\u00e1lgast stafr\u00e6nar n\u00e1mskei\u00f0 sem b\u00e6ta faglega og m\u00fdkri f\u00e6rni, \u00e6ft vi\u00f0t\u00f6l \u00ed hermum og fengi\u00f0 sj\u00e1lfvirkar starfstilkynningar bygg\u00f0ar \u00e1 pr\u00f3f\u00edlnum s\u00ednum. Palli sam\u00fe\u00e6ttir fj\u00f6lmi\u00f0laefni til a\u00f0 m\u00e6ta mismunandi n\u00e1msst\u00edlum og h\u00e1marka \u00fe\u00e1ttt\u00f6ku.  <\/span><\/span><span class=\"EOP SCXW219318368 BCX0\" data-ccp-props=\"{}\"> <\/span>[\/vc_column_text][\/toggle][toggle color=&#8220;Extra-Color-1&#8243; heading_tag=&#8220;default&#8220; heading_tag_functionality=&#8220;default&#8220; title=&#8220;Starfsn\u00e1mspl\u00e1ss sem samr\u00e6mast fr\u00e6\u00f0ilegum bakgrunni&#8220;][vc_column_text css=&#8220;&#8220; text_direction=&#8220;default&#8220;]<span class=\"NormalTextRun SCXW29393396 BCX0\">\u00c1\u00e6tlunin b\u00fd\u00f0ur upp \u00e1 skipul\u00f6g\u00f0 starfsn\u00e1m \u00ed samstarfi vi\u00f0 fyrirt\u00e6ki og stofnanir, sem tryggir a\u00f0 starfsn\u00e1mi\u00f0 s\u00e9 \u00ed samr\u00e6mi vi\u00f0 fr\u00e6\u00f0ilega menntun og starfsframa\u00e1huga \u00fe\u00e1tttakenda. \u00deessi starfsn\u00e1m veita d\u00fdrm\u00e6ta s\u00e6nska vinnureynslu og hj\u00e1lpa til vi\u00f0 a\u00f0 br\u00faa bili\u00f0 milli menntunar og  <\/span><span class=\"NormalTextRun ContextualSpellingAndGrammarErrorV2Themed SCXW29393396 BCX0\">atvinnu, og<\/span><span class=\"NormalTextRun SCXW29393396 BCX0\"> \u00deeir lei\u00f0a oft til tilbo\u00f0a um langt\u00edma starf. Mentorar fr\u00e1 gestastofnunum veita lei\u00f0s\u00f6gn og endurgj\u00f6f \u00e1 vinnusta\u00f0num allt ferli\u00f0. <\/span>[\/vc_column_text][\/toggle][toggle color=&#8220;Extra-Color-3&#8243; heading_tag=&#8220;default&#8220; heading_tag_functionality=&#8220;default&#8220; title=&#8220;Heilsu\u00ad\u00adaukandi og f\u00e9lags\u00ad\u00ada\u00f0l\u00f6gunar\u00ada\u00f0ger\u00f0ir&#8220;][vc_column_text css=&#8220;&#8220; text_direction=&#8220;default&#8220;]<span class=\"TextRun SCXW74722217 BCX0\" lang=\"EN-US\" data-contrast=\"auto\" xml:lang=\"EN-US\"><span class=\"NormalTextRun SCXW74722217 BCX0\">Samhli\u00f0a starfsr\u00e1\u00f0gj\u00f6f felur \u00e1\u00e6tlunin \u00ed s\u00e9r heilsueflingarfundi og f\u00e9lagslega vi\u00f0bur\u00f0i sem mi\u00f0a a\u00f0 \u00fev\u00ed a\u00f0 efla vell\u00ed\u00f0an og \u00fe\u00e1ttt\u00f6ku. Virkni eins og h\u00f3pa\u00fej\u00e1lfun, menningarlegir \u00fativistarvi\u00f0bur\u00f0ir og vinnustofur um ge\u00f0heilbrig\u00f0i hj\u00e1lpa \u00fe\u00e1tttakendum a\u00f0 byggja upp f\u00e9lagsleg tengsl, draga \u00far streitu og halda \u00e1fram a\u00f0 vera hvattir \u00e1 me\u00f0an \u00e1 atvinnuleitarfer\u00f0 \u00feeirra stendur.  <\/span><\/span><span class=\"TextRun SCXW74722217 BCX0\" lang=\"EL-GR\" data-contrast=\"auto\" xml:lang=\"EL-GR\">\u00deessar a\u00f0ger\u00f0ir stu\u00f0la a\u00f0 heildr\u00e6nni sam\u00fe\u00e6ttingarupplifun.<\/span>[\/vc_column_text][\/toggle][toggle color=&#8220;Extra-Color-2&#8243; heading_tag=&#8220;default&#8220; heading_tag_functionality=&#8220;default&#8220; title=&#8220;Samstarf vi\u00f0 atvinnurekendur: tengslanet- og hra\u00f0avi\u00f0talsvi\u00f0bur\u00f0ir&#8220;][vc_column_text css=&#8220;&#8220; text_direction=&#8220;default&#8220;]<span class=\"TextRun SCXW33155107 BCX0\" lang=\"EN-US\" data-contrast=\"auto\" xml:lang=\"EN-US\"><span class=\"NormalTextRun SCXW33155107 BCX0\">Til a\u00f0 styrkja tengsl vi\u00f0 atvinnurekendur skipuleggur \u00e1\u00e6tlunin tengslam\u00f3t, fyrirt\u00e6kjaheims\u00f3knir og hra\u00f0avi\u00f0t\u00f6l \u00fear sem \u00fe\u00e1tttakendur hitta hugsanlega vinnuveitendur augliti til auglitis. \u00deessir vi\u00f0bur\u00f0ir veita atvinnuleitendum inns\u00fdn \u00ed v\u00e6ntingar vinnuveitenda, fyrirt\u00e6kjamenningu og n\u00faverandi lausar st\u00f6\u00f0ur. Vinnuveitendur nj\u00f3ta g\u00f3\u00f0s af a\u00f0gangi a\u00f0 fj\u00f6lbreyttum h\u00e6fileikah\u00f3pi, \u00e1 me\u00f0an \u00fe\u00e1tttakendur \u00f6\u00f0last d\u00fdrm\u00e6ta reynslu af \u00fev\u00ed a\u00f0 kynna sig fagmannlega.  <\/span><\/span>[\/vc_column_text][\/toggle][toggle color=&#8220;Extra-Color-1&#8243; heading_tag=&#8220;default&#8220; heading_tag_functionality=&#8220;default&#8220; title=&#8220;Notendav\u00e6nar n\u00e1msg\u00e1ttir fyrir s\u00edfellda \u00fer\u00f3un&#8220;][vc_column_text css=&#8220;&#8220; text_direction=&#8220;default&#8220;]<span class=\"TextRun SCXW141507256 BCX0\" lang=\"EN-US\" data-contrast=\"auto\" xml:lang=\"EN-US\"><span class=\"NormalTextRun SCXW141507256 BCX0\">Helsta einkenni forritsins er notendav\u00e6nt n\u00e1msumhverfi \u00feess, sem \u00fej\u00f3nar sem mi\u00f0st\u00f6\u00f0 fyrir allar fr\u00e6\u00f0slu- og atvinnutengdar au\u00f0lindir. N\u00e1msumhverfi\u00f0 veitir a\u00f0gang a\u00f0 n\u00e1mskei\u00f0sefni, myndb\u00f6ndum, atvinnuaugl\u00fdsingum og sj\u00e1lfsmatsverkf\u00e6rum. Hanna\u00f0 me\u00f0 einfaldleika og a\u00f0gengi \u00ed huga gerir \u00fea\u00f0 kleift a\u00f0 stunda s\u00edfellt n\u00e1m og \u00fer\u00f3un \u00e1 eigin hra\u00f0a, sem sty\u00f0ur vi\u00f0 langt\u00edma starfs\u00fer\u00f3un.  <\/span><\/span><span class=\"EOP SCXW141507256 BCX0\" data-ccp-props=\"{}\"> <\/span>[\/vc_column_text][\/toggle][\/toggles][\/vc_column][\/vc_row][vc_row type=&#8220;in_container&#8220; full_screen_row_position=&#8220;middle&#8220; column_margin=&#8220;default&#8220; column_direction=&#8220;default&#8220; column_direction_tablet=&#8220;default&#8220; column_direction_phone=&#8220;default&#8220; scene_position=&#8220;center&#8220; text_color=&#8220;dark&#8220; text_align=&#8220;left&#8220; row_border_radius=&#8220;none&#8220; row_border_radius_applies=&#8220;bg&#8220; row_position_desktop=&#8220;default&#8220; row_position_tablet=&#8220;inherit&#8220; row_position_phone=&#8220;inherit&#8220; overflow=&#8220;visible&#8220; overlay_strength=&#8220;0.3&#8243; gradient_direction=&#8220;left_to_right&#8220; shape_divider_position=&#8220;bottom&#8220; bg_image_animation=&#8220;none&#8220;][vc_column column_padding=&#8220;no-extra-padding&#8220; column_padding_tablet=&#8220;inherit&#8220; column_padding_phone=&#8220;inherit&#8220; column_padding_position=&#8220;all&#8220; flex_gap_desktop=&#8220;10px&#8220; column_element_direction_desktop=&#8220;default&#8220; column_element_spacing=&#8220;default&#8220; desktop_text_alignment=&#8220;default&#8220; tablet_text_alignment=&#8220;default&#8220; phone_text_alignment=&#8220;default&#8220; background_color_opacity=&#8220;1&#8243; background_hover_color_opacity=&#8220;1&#8243; column_backdrop_filter=&#8220;none&#8220; column_shadow=&#8220;none&#8220; column_border_radius=&#8220;none&#8220; column_link_target=&#8220;_self&#8220; column_position=&#8220;default&#8220; gradient_direction=&#8220;left_to_right&#8220; overlay_strength=&#8220;0.3&#8243; width=&#8220;1\/1&#8243; tablet_width_inherit=&#8220;default&#8220; animation_type=&#8220;default&#8220; bg_image_animation=&#8220;none&#8220; border_type=&#8220;simple&#8220; column_border_width=&#8220;none&#8220; column_border_style=&#8220;solid&#8220;][divider line_type=&#8220;No Line&#8220; custom_height=&#8220;50&#8243;][vc_custom_heading text=&#8220;Vi\u00f0b\u00f3tarau\u00f0lindir&#8220; font_container=&#8220;tag:h2|text_align:left|color:%234b45ad&#8220; use_theme_fonts=&#8220;yes&#8220; css_animation=&#8220;fadeIn&#8220; css=&#8220;.vc_custom_1748871473437{margin-bottom: 25px !important;}&#8220;][nectar_icon_list animate=&#8220;true&#8220; color=&#8220;extra-color-gradient-1&#8243; direction=&#8220;horizontal&#8220; columns=&#8220;2&#8243; icon_size=&#8220;medium&#8220; icon_style=&#8220;no-border&#8220;][nectar_icon_list_item icon_type=&#8220;icon&#8220; text_full_html=&#8220;html&#8220; title=&#8220;List Item&#8220; id=&#8220;1770197968005-8&#8243; tab_id=&#8220;1770197968006-6&#8243; icon_fontawesome=&#8220;fa fa-link&#8220; header=&#8220;N\u00fdr sk\u00fdrsla: St\u00f6rfin sem brj\u00f3ta atvinnuleysi \u00ed s\u00e9rstaklega vi\u00f0kv\u00e6mum sv\u00e6\u00f0um (ma\u00ed 2024)&#8220;]<a href=\"https:\/\/www.almega.se\/2024\/05\/ny-rapport-jobben-som-bryter-arbetslosheten-i-sarskilt-utsatta-omraden\/\">https:\/\/www.almega.se\/2024\/05\/ny-rapport-jobben-som-bryter-arbetslosheten-i-sarskilt-utsatta-omraden\/<\/a>[\/nectar_icon_list_item][nectar_icon_list_item icon_type=&#8220;icon&#8220; text_full_html=&#8220;html&#8220; title=&#8220;List Item&#8220; id=&#8220;1770197968025-1&#8243; tab_id=&#8220;1770197968025-6&#8243; icon_fontawesome=&#8220;fa fa-link&#8220; header=&#8220;As\u00fdlaleitarmenn \u00e1 vinnumarka\u00f0i ESB: d\u00e6mi\u00f0 um Sv\u00ed\u00fej\u00f3\u00f0 (Tilfellisranns\u00f3kn)&#8220;]<a href=\"https:\/\/www.ecre.org\/wp-content\/uploads\/2019\/05\/Working-Paper-02.pdf\">https:\/\/www.ecre.org\/wp-content\/uploads\/2019\/05\/Working-Paper-02.pdf<\/a>[\/nectar_icon_list_item][nectar_icon_list_item icon_type=&#8220;icon&#8220; text_full_html=&#8220;html&#8220; title=&#8220;List Item&#8220; id=&#8220;1770197968037-7&#8243; tab_id=&#8220;1770197968037-1&#8243; icon_fontawesome=&#8220;fa fa-link&#8220; header=&#8220;N\u00fdr sk\u00fdrsla um st\u00f6\u00f0u \u00dakra\u00ednumanna \u00ed Sv\u00ed\u00fej\u00f3\u00f0&#8220;]<a href=\"https:\/\/www.government.se\/press-releases\/2024\/07\/new-report-on-the-situation-of-ukrainians-in-sweden\/\">https:\/\/www.government.se\/press-releases\/2024\/07\/new-report-on-the-situation-of-ukrainians-in-sweden\/<\/a>[\/nectar_icon_list_item][nectar_icon_list_item icon_type=&#8220;icon&#8220; text_full_html=&#8220;html&#8220; title=&#8220;List Item&#8220; id=&#8220;1770197968049-0&#8243; tab_id=&#8220;1770197968050-2&#8243; icon_fontawesome=&#8220;fa fa-link&#8220; header=&#8220;Stj\u00f3rnun innlimunar innflytjenda \u00ed Sv\u00ed\u00fej\u00f3\u00f0&#8220;]<a href=\"https:\/\/migrant-integration.ec.europa.eu\/country-governance\/governance\/sweden_en#integration-programme\">https:\/\/migrant-integration.ec.europa.eu\/country-governance\/governance\/sweden_en#integration-programme<\/a>[\/nectar_icon_list_item][nectar_icon_list_item icon_type=&#8220;icon&#8220; text_full_html=&#8220;html&#8220; title=&#8220;List Item&#8220; id=&#8220;1770197968062-10&#8243; tab_id=&#8220;1770197968062-3&#8243; header=&#8220;Sk\u00fdrsla um atvinnu\u00e1\u00e6tlanir fyrir fl\u00f3ttaf\u00f3lk:&#8220; icon_fontawesome=&#8220;fa fa-link&#8220;]IFAU (Stofnun fyrir mat \u00e1 vinnumarka\u00f0s- og menntastefnu) \u00ed Sv\u00ed\u00fej\u00f3\u00f0 hefur framkv\u00e6mt nokkrar ranns\u00f3knir og gefi\u00f0 \u00fat sk\u00fdrslur um vinnumarka\u00f0s\u00fe\u00e1ttt\u00f6ku fl\u00f3ttamanna. \u00de\u00e6r s\u00fdna s\u00f6nnunarg\u00f6gn um j\u00e1kv\u00e6\u00f0 \u00e1hrif sam\u00fe\u00e6ttingarverkefna, svo sem verkefnisins &#8222;V\u00e4lkommen till Framtiden&#8220;, sem sameinar tungum\u00e1lan\u00e1m, starfsreynslu og a\u00f0sto\u00f0 vi\u00f0 atvinnuleit. Ranns\u00f3kn \u00e1 vinnumarka\u00f0s\u00fe\u00e1ttt\u00f6ku l\u00e1gmennta\u00f0ra fl\u00f3ttamanna me\u00f0 slembitengdri samanbur\u00f0arranns\u00f3kn (RCT) \u00far metna\u00f0arfullu sam\u00fe\u00e6ttingarverkefni \u00ed Sv\u00ed\u00fej\u00f3\u00f0:<br \/>\n<a href=\"https:\/\/www.ifau.se\/globalassets\/pdf\/se\/2020\/wp-2020-21-labor-market-integration-of-low-educated-refugees.pdf\">https:\/\/www.ifau.se\/globalassets\/pdf\/se\/2020\/wp-2020-21-labor-market-integration-of-low-educated-refugees.pdf<\/a>[\/nectar_icon_list_item][nectar_icon_list_item icon_type=&#8220;icon&#8220; text_full_html=&#8220;html&#8220; title=&#8220;List Item&#8220; id=&#8220;1770197968069-1&#8243; tab_id=&#8220;1770197968069-0&#8243; header=&#8220;Tilfellisranns\u00f3knir \u00e1 atvinnu\u00e1\u00e6tlunum fyrir fl\u00f3ttaf\u00f3lk&#8220; icon_fontawesome=&#8220;fa fa-link&#8220;]A\u00f0l\u00f6gunarverkefni\u00f0 &#8222;V\u00e4lkommen till Framtiden&#8220; b\u00fd\u00f0ur upp \u00e1 tilviksranns\u00f3kn \u00e1 uppbygg\u00f0u a\u00f0l\u00f6gunarferli fyrir fl\u00f3ttaf\u00f3lk \u00ed Sv\u00ed\u00fej\u00f3\u00f0, sem s\u00fdnir h\u00f6nnun verkefnisins og j\u00e1kv\u00e6\u00f0 \u00e1hrif \u00feess hva\u00f0 var\u00f0ar atvinnu\u00fe\u00e1ttt\u00f6ku og \u00fer\u00f3un tungum\u00e1lakunn\u00e1ttu me\u00f0al \u00fe\u00e1tttakenda.<br \/>\n<a href=\"https:\/\/www.ifau.se\/globalassets\/pdf\/se\/2020\/wp-2020-21-labor-market-integration-of-low-educated-refugees.pdf\">https:\/\/www.ifau.se\/globalassets\/pdf\/se\/2020\/wp-2020-21-labor-market-integration-of-low-educated-refugees.pdf<\/a>[\/nectar_icon_list_item][nectar_icon_list_item icon_type=&#8220;icon&#8220; text_full_html=&#8220;html&#8220; title=&#8220;List Item&#8220; id=&#8220;1770197968077-10&#8243; tab_id=&#8220;1770197968078-4&#8243; icon_fontawesome=&#8220;fa fa-link&#8220; header=&#8220;Sam\u00fe\u00e6ttingarstefnur, vinnubr\u00f6g\u00f0 og reynsla, landssk\u00fdrsla Sv\u00ed\u00fej\u00f3\u00f0ar (2020)&#8220;]<a href=\"https:\/\/www.diva-portal.org\/smash\/get\/diva2:1454674\/FULLTEXT01.pdf\">https:\/\/www.diva-portal.org\/smash\/get\/diva2:1454674\/FULLTEXT01.pdf<\/a>[\/nectar_icon_list_item][nectar_icon_list_item icon_type=&#8220;icon&#8220; text_full_html=&#8220;html&#8220; title=&#8220;List Item&#8220; id=&#8220;1770197968084-9&#8243; tab_id=&#8220;1770197968085-2&#8243; header=&#8220;Langt\u00edma sam\u00fe\u00e6tting fl\u00f3ttamanna: RCT-s\u00f6nnunarg\u00f6gn \u00far s\u00e6nska snemmt\u00e6ku \u00edhlutunarpr\u00f3grammi:&#8220; icon_fontawesome=&#8220;fa fa-link&#8220;]<a href=\"https:\/\/www.ifau.se\/globalassets\/pdf\/se\/2023\/wp-2023-23-long-run-integration-of-refugees_rct-evidence-from-a-swedish-early-intervention-program.pdf\">https:\/\/www.ifau.se\/globalassets\/pdf\/se\/2023\/wp-2023-23-long-run-integration-of-refugees_rct-evidence-from-a-swedish-early-intervention-program.pdf<\/a>[\/nectar_icon_list_item][nectar_icon_list_item icon_type=&#8220;icon&#8220; text_full_html=&#8220;html&#8220; title=&#8220;List Item&#8220; id=&#8220;1770197968098-8&#8243; tab_id=&#8220;1770197968098-7&#8243; header=&#8220;Lei\u00f0beiningar um sam\u00fe\u00e6ttingu fyrir fl\u00f3ttaf\u00f3lk&#8220; icon_fontawesome=&#8220;fa fa-link&#8220;]Sk\u00fdrsla IFAU fjallar einnig um v\u00ed\u00f0t\u00e6kari sam\u00fe\u00e6ttingarsvi\u00f0, \u00fear \u00e1 me\u00f0al \u00e1rangur snemmb\u00fainna og \u00e1kafra \u00edhlutunarverkefna fyrir n\u00fdkomna fl\u00f3ttaf\u00f3lki me\u00f0 litla formlega menntun \u00ed Sv\u00ed\u00fej\u00f3\u00f0. Vinnumarka\u00f0ssam\u00fe\u00e6tting fl\u00f3ttaf\u00f3lks me\u00f0 litla menntun: slembiranns\u00f3knar- og samanbur\u00f0arg\u00f6gn \u00far metna\u00f0arfullu sam\u00fe\u00e6ttingarverkefni \u00ed Sv\u00ed\u00fej\u00f3\u00f0:<br \/>\n<a href=\"https:\/\/www.ifau.se\/globalassets\/pdf\/se\/2020\/wp-2020-21-labor-market-integration-of-low-educated-refugees.pdf\">https:\/\/www.ifau.se\/globalassets\/pdf\/se\/2020\/wp-2020-21-labor-market-integration-of-low-educated-refugees.pdf<\/a>[\/nectar_icon_list_item][\/nectar_icon_list][\/vc_column][\/vc_row][vc_row type=&#8220;in_container&#8220; full_screen_row_position=&#8220;middle&#8220; column_margin=&#8220;default&#8220; column_direction=&#8220;default&#8220; column_direction_tablet=&#8220;default&#8220; column_direction_phone=&#8220;default&#8220; scene_position=&#8220;center&#8220; text_color=&#8220;dark&#8220; text_align=&#8220;left&#8220; row_border_radius=&#8220;none&#8220; row_border_radius_applies=&#8220;bg&#8220; row_position_desktop=&#8220;default&#8220; row_position_tablet=&#8220;inherit&#8220; row_position_phone=&#8220;inherit&#8220; overflow=&#8220;visible&#8220; overlay_strength=&#8220;0.3&#8243; gradient_direction=&#8220;left_to_right&#8220; shape_divider_position=&#8220;bottom&#8220; bg_image_animation=&#8220;none&#8220;][vc_column column_padding=&#8220;no-extra-padding&#8220; column_padding_tablet=&#8220;inherit&#8220; column_padding_phone=&#8220;inherit&#8220; column_padding_position=&#8220;all&#8220; flex_gap_desktop=&#8220;10px&#8220; column_element_direction_desktop=&#8220;default&#8220; column_element_spacing=&#8220;default&#8220; desktop_text_alignment=&#8220;default&#8220; tablet_text_alignment=&#8220;default&#8220; phone_text_alignment=&#8220;default&#8220; background_color_opacity=&#8220;1&#8243; background_hover_color_opacity=&#8220;1&#8243; column_backdrop_filter=&#8220;none&#8220; column_shadow=&#8220;none&#8220; column_border_radius=&#8220;none&#8220; column_link_target=&#8220;_self&#8220; column_position=&#8220;default&#8220; gradient_direction=&#8220;left_to_right&#8220; overlay_strength=&#8220;0.3&#8243; width=&#8220;1\/1&#8243; tablet_width_inherit=&#8220;default&#8220; animation_type=&#8220;default&#8220; bg_image_animation=&#8220;none&#8220; border_type=&#8220;simple&#8220; column_border_width=&#8220;none&#8220; column_border_style=&#8220;solid&#8220;][vc_custom_heading text=&#8220;Stutt spurningakeppni&#8220; font_container=&#8220;tag:h2|text_align:left|color:%234B45AD&#8220; use_theme_fonts=&#8220;yes&#8220; css=&#8220;&#8220;][vc_column_text css=&#8220;&#8220; text_direction=&#8220;default&#8220;]<div class=\"h5p-iframe-wrapper\"><iframe id=\"h5p-iframe-3\" class=\"h5p-iframe\" data-content-id=\"3\" style=\"height:1px\" src=\"about:blank\" frameBorder=\"0\" scrolling=\"no\" title=\"Digital tools supporting job brokers\"><\/iframe><\/div>[\/vc_column_text][\/vc_column][\/vc_row]\n","protected":false},"excerpt":{"rendered":"<p>[vc_row type=&#8220;in_container&#8220; full_screen_row_position=&#8220;middle&#8220; column_margin=&#8220;default&#8220; column_direction=&#8220;default&#8220; column_direction_tablet=&#8220;default&#8220; column_direction_phone=&#8220;default&#8220; scene_position=&#8220;center&#8220; top_margin=&#8220;50&#8243; text_color=&#8220;dark&#8220; text_align=&#8220;left&#8220; row_border_radius=&#8220;none&#8220; row_border_radius_applies=&#8220;bg&#8220; row_position_desktop=&#8220;default&#8220; row_position_tablet=&#8220;inherit&#8220; row_position_phone=&#8220;inherit&#8220; overflow=&#8220;visible&#8220; overlay_strength=&#8220;0.3&#8243; gradient_direction=&#8220;left_to_right&#8220; shape_divider_position=&#8220;bottom&#8220; bg_image_animation=&#8220;none&#8220; gradient_type=&#8220;default&#8220; shape_type=&#8220;&#8220;][vc_column column_padding=&#8220;no-extra-padding&#8220; column_padding_tablet=&#8220;inherit&#8220; column_padding_phone=&#8220;inherit&#8220; column_padding_position=&#8220;all&#8220; flex_gap_desktop=&#8220;10px&#8220; column_element_direction_desktop=&#8220;default&#8220; column_element_spacing=&#8220;default&#8220;&#8230;<\/p>\n","protected":false},"author":1,"featured_media":0,"parent":0,"menu_order":0,"comment_status":"closed","ping_status":"closed","template":"","meta":{"footnotes":""},"class_list":["post-2437","page","type-page","status-publish"],"_links":{"self":[{"href":"https:\/\/www.maas-project.eu\/is\/wp-json\/wp\/v2\/pages\/2437","targetHints":{"allow":["GET"]}}],"collection":[{"href":"https:\/\/www.maas-project.eu\/is\/wp-json\/wp\/v2\/pages"}],"about":[{"href":"https:\/\/www.maas-project.eu\/is\/wp-json\/wp\/v2\/types\/page"}],"author":[{"embeddable":true,"href":"https:\/\/www.maas-project.eu\/is\/wp-json\/wp\/v2\/users\/1"}],"replies":[{"embeddable":true,"href":"https:\/\/www.maas-project.eu\/is\/wp-json\/wp\/v2\/comments?post=2437"}],"version-history":[{"count":2,"href":"https:\/\/www.maas-project.eu\/is\/wp-json\/wp\/v2\/pages\/2437\/revisions"}],"predecessor-version":[{"id":2439,"href":"https:\/\/www.maas-project.eu\/is\/wp-json\/wp\/v2\/pages\/2437\/revisions\/2439"}],"wp:attachment":[{"href":"https:\/\/www.maas-project.eu\/is\/wp-json\/wp\/v2\/media?parent=2437"}],"curies":[{"name":"wp","href":"https:\/\/api.w.org\/{rel}","templated":true}]}}