{"id":394,"date":"2023-12-15T14:50:03","date_gmt":"2023-12-15T12:50:03","guid":{"rendered":"https:\/\/www.maas-project.eu\/socios\/"},"modified":"2024-06-25T17:03:45","modified_gmt":"2024-06-25T14:03:45","slug":"socios","status":"publish","type":"page","link":"https:\/\/www.maas-project.eu\/es\/socios\/","title":{"rendered":"Socios"},"content":{"rendered":"[vc_row type=\u00bbin_container\u00bb full_screen_row_position=\u00bbmiddle\u00bb column_margin=\u00bbdefault\u00bb column_direction=\u00bbdefault\u00bb column_direction_tablet=\u00bbdefault\u00bb column_direction_phone=\u00bbdefault\u00bb scene_position=\u00bbcenter\u00bb top_padding=\u00bb2%\u00bb bottom_padding=\u00bb2%\u00bb text_color=\u00bbdark\u00bb text_align=\u00bbleft\u00bb row_border_radius=\u00bbnone\u00bb row_border_radius_applies=\u00bbbg\u00bb overflow=\u00bbvisible\u00bb overlay_strength=\u00bb0.3&#8243; gradient_direction=\u00bbleft_to_right\u00bb shape_divider_position=\u00bbbottom\u00bb bg_image_animation=\u00bbnone\u00bb gradient_type=\u00bbdefault\u00bb shape_type=\u00bb\u00bb][vc_column column_padding=\u00bbno-extra-padding\u00bb column_padding_tablet=\u00bbinherit\u00bb column_padding_phone=\u00bbinherit\u00bb column_padding_position=\u00bball\u00bb column_element_direction_desktop=\u00bbdefault\u00bb column_element_spacing=\u00bbdefault\u00bb desktop_text_alignment=\u00bbdefault\u00bb tablet_text_alignment=\u00bbdefault\u00bb phone_text_alignment=\u00bbdefault\u00bb background_color_opacity=\u00bb1&#8243; background_hover_color_opacity=\u00bb1&#8243; column_backdrop_filter=\u00bbnone\u00bb column_shadow=\u00bbnone\u00bb column_border_radius=\u00bbnone\u00bb column_link_target=\u00bb_self\u00bb column_position=\u00bbdefault\u00bb gradient_direction=\u00bbleft_to_right\u00bb overlay_strength=\u00bb0.3&#8243; width=\u00bb1\/1&#8243; tablet_width_inherit=\u00bbdefault\u00bb animation_type=\u00bbdefault\u00bb bg_image_animation=\u00bbnone\u00bb border_type=\u00bbsimple\u00bb column_border_width=\u00bbnone\u00bb column_border_style=\u00bbsolid\u00bb][vc_row_inner column_margin=\u00bbdefault\u00bb column_direction=\u00bbdefault\u00bb column_direction_tablet=\u00bbdefault\u00bb column_direction_phone=\u00bbdefault\u00bb bottom_padding=\u00bb60&#8243; text_align=\u00bbleft\u00bb row_position=\u00bbdefault\u00bb row_position_tablet=\u00bbinherit\u00bb row_position_phone=\u00bbinherit\u00bb overflow=\u00bbvisible\u00bb pointer_events=\u00bball\u00bb][vc_column_inner column_padding=\u00bbno-extra-padding\u00bb column_padding_tablet=\u00bbinherit\u00bb column_padding_phone=\u00bbinherit\u00bb column_padding_position=\u00bball\u00bb column_element_direction_desktop=\u00bbdefault\u00bb column_element_spacing=\u00bbdefault\u00bb centered_text=\u00bbtrue\u00bb desktop_text_alignment=\u00bbdefault\u00bb tablet_text_alignment=\u00bbdefault\u00bb phone_text_alignment=\u00bbdefault\u00bb background_color_opacity=\u00bb1&#8243; background_hover_color_opacity=\u00bb1&#8243; column_backdrop_filter=\u00bbnone\u00bb column_shadow=\u00bbnone\u00bb column_border_radius=\u00bbnone\u00bb column_link_target=\u00bb_self\u00bb overflow=\u00bbvisible\u00bb gradient_direction=\u00bbleft_to_right\u00bb overlay_strength=\u00bb0.3&#8243; width=\u00bb1\/1&#8243; tablet_width_inherit=\u00bbdefault\u00bb animation_type=\u00bbdefault\u00bb bg_image_animation=\u00bbnone\u00bb border_type=\u00bbsimple\u00bb column_border_width=\u00bbnone\u00bb column_border_style=\u00bbsolid\u00bb][vc_column_text max_width=\u00bb650&#8243; text_direction=\u00bbdefault\u00bb]El proyecto cuenta con 9 entidades socias de 7 pa\u00edses europeos, formando una asociaci\u00f3n de cooperaci\u00f3n transnacional con una representaci\u00f3n geogr\u00e1fica regional equilibrada del \u00c1rea Erasmus+.[\/vc_column_text][\/vc_column_inner][\/vc_row_inner][vc_row_inner column_margin=\u00bbdefault\u00bb column_direction=\u00bbdefault\u00bb column_direction_tablet=\u00bbdefault\u00bb column_direction_phone=\u00bbdefault\u00bb text_align=\u00bbleft\u00bb row_position=\u00bbdefault\u00bb row_position_tablet=\u00bbinherit\u00bb row_position_phone=\u00bbinherit\u00bb overflow=\u00bbvisible\u00bb pointer_events=\u00bball\u00bb][vc_column_inner column_padding=\u00bbno-extra-padding\u00bb column_padding_tablet=\u00bbinherit\u00bb column_padding_phone=\u00bbinherit\u00bb column_padding_position=\u00bball\u00bb column_element_direction_desktop=\u00bbdefault\u00bb column_element_spacing=\u00bbdefault\u00bb desktop_text_alignment=\u00bbdefault\u00bb tablet_text_alignment=\u00bbdefault\u00bb phone_text_alignment=\u00bbdefault\u00bb background_color_opacity=\u00bb1&#8243; background_hover_color_opacity=\u00bb1&#8243; column_backdrop_filter=\u00bbnone\u00bb column_shadow=\u00bbnone\u00bb column_border_radius=\u00bbnone\u00bb column_link_target=\u00bb_self\u00bb overflow=\u00bbvisible\u00bb gradient_direction=\u00bbleft_to_right\u00bb overlay_strength=\u00bb0.3&#8243; width=\u00bb1\/3&#8243; tablet_width_inherit=\u00bbdefault\u00bb animation_type=\u00bbdefault\u00bb enable_animation=\u00bbtrue\u00bb animation=\u00bbgrow-in\u00bb animation_easing=\u00bbdefault\u00bb bg_image_animation=\u00bbnone\u00bb border_type=\u00bbsimple\u00bb column_border_width=\u00bbnone\u00bb column_border_style=\u00bbsolid\u00bb][team_member image_url=\u00bb43&#8243; bio_image_url=\u00bb43&#8243; team_memeber_style=\u00bbbio_fullscreen\u00bb image_loading=\u00bbdefault\u00bb team_member_bio_full_html=\u00bbhtml\u00bb name=\u00bbFolkuniversitetet\u00bb job_position=\u00bbSuecia\u00bb image_size=\u00bb250&#8243; social_icon_1=\u00bbfa fa-facebook-square\u00bb social_link_1=\u00bbhttps:\/\/www.facebook.com\/folkuniversitetet\/\u00bb social_icon_2=\u00bbfa fa-linkedin-square\u00bb social_link_2=\u00bbhttps:\/\/www.linkedin.com\/school\/folkuniversitetet\/\u00bb social_icon_3=\u00bbfa fa-link\u00bb social_link_3=\u00bbhttps:\/\/www.folkuniversitetet.se\/\u00bb]Folkuniversitetet (FU) es una asociaci\u00f3n nacional de educaci\u00f3n que ofrece una amplia gama de cursos de formaci\u00f3n escolar y de FP en toda Suecia y en varios pa\u00edses europeos. Gracias a la cooperaci\u00f3n con otras oficinas de FU en Suecia, FU-Uppsala tiene cobertura nacional. La FU se registr\u00f3 en 1954 y hoy en d\u00eda es una organizaci\u00f3n l\u00edder en Suecia en materia de educaci\u00f3n. Folkuniversitetet es una de las diez asociaciones educativas de Suecia que participan en el \u00abfolkbildning\u00bb. El t\u00e9rmino \u00abfolkbildning\u00bb es una educaci\u00f3n liberal o popular para adultos. Sin embargo, la base conceptual espec\u00edfica del \u201cfolkbildning\u201d se extiende m\u00e1s all\u00e1 del t\u00e9rmino \u201ceducaci\u00f3n de adultos\u201d. Folkbildning tiene una larga historia en Suecia y trata del derecho de todas las personas a buscar libremente el conocimiento durante toda la vida. Folkbildning es gratuito y voluntario, y los participantes deciden por s\u00ed mismos si quieren participar y qu\u00e9 quieren hacer. Folkuniversitetet proporciona:<\/p>\n<ul>\n<li>C\u00edrculos de estudio y cursos nocturnos (Folkbildning)<\/li>\n<li>Escuelas secundarias populares (Folkh\u00f6gskola)<\/li>\n<li>Formaci\u00f3n de idiomas (SFI, cursos pagos)<\/li>\n<li>Formaci\u00f3n profesional y formaci\u00f3n postsecundaria en artes y ciencias liberales<\/li>\n<li>Educaci\u00f3n secundaria superior especializada<\/li>\n<\/ul>\n<p>Cada a\u00f1o, Folkuniversitetet acoge a m\u00e1s de 240.000 estudiantes. Folkuniversitetet lleva a cabo un n\u00famero considerable de actividades de orientaci\u00f3n internacional tanto en Suecia como en el extranjero. Los ejemplos incluyen extensos cursos de formaci\u00f3n en escuelas de Europa y varios proyectos con un enfoque internacional. A trav\u00e9s de la cooperaci\u00f3n con otros institutos internacionales, Folkuniversitetet ofrece la oportunidad de combinar estudios en Suecia con estudios en el extranjero. Folkuniversitetet ha sido un socio activo en programas LLP y Erasmus+ y otras iniciativas, con una amplia red en pa\u00edses de la UE. La Folkuniversitetet Uppsala ha obtenido la certificaci\u00f3n ISO 9001:2000. El certificado de calidad ISO incluye todos los procesos de formaci\u00f3n en Folkuniversitetet, tambi\u00e9n VET.[\/team_member][\/vc_column_inner][vc_column_inner column_padding=\u00bbno-extra-padding\u00bb column_padding_tablet=\u00bbinherit\u00bb column_padding_phone=\u00bbinherit\u00bb column_padding_position=\u00bball\u00bb column_element_direction_desktop=\u00bbdefault\u00bb column_element_spacing=\u00bbdefault\u00bb desktop_text_alignment=\u00bbdefault\u00bb tablet_text_alignment=\u00bbdefault\u00bb phone_text_alignment=\u00bbdefault\u00bb background_color_opacity=\u00bb1&#8243; background_hover_color_opacity=\u00bb1&#8243; column_backdrop_filter=\u00bbnone\u00bb column_shadow=\u00bbnone\u00bb column_border_radius=\u00bbnone\u00bb column_link_target=\u00bb_self\u00bb overflow=\u00bbvisible\u00bb gradient_direction=\u00bbleft_to_right\u00bb overlay_strength=\u00bb0.3&#8243; width=\u00bb1\/3&#8243; tablet_width_inherit=\u00bbdefault\u00bb animation_type=\u00bbdefault\u00bb enable_animation=\u00bbtrue\u00bb animation=\u00bbgrow-in\u00bb animation_easing=\u00bbdefault\u00bb bg_image_animation=\u00bbnone\u00bb border_type=\u00bbsimple\u00bb column_border_width=\u00bbnone\u00bb column_border_style=\u00bbsolid\u00bb][team_member image_url=\u00bb45&#8243; bio_image_url=\u00bb45&#8243; team_memeber_style=\u00bbbio_fullscreen\u00bb image_loading=\u00bbdefault\u00bb team_member_bio_full_html=\u00bbhtml\u00bb name=\u00bbDIMITRA Education &amp; Consulting\u00bb job_position=\u00bbGrecia\u00bb social_icon_1=\u00bbfa fa-facebook-official\u00bb social_link_1=\u00bbhttps:\/\/www.facebook.com\/dimitraitd\u00bb social_icon_2=\u00bbfa fa-linkedin-square\u00bb social_link_2=\u00bbhttps:\/\/gr.linkedin.com\/company\/dimitra-institue-of-training-and-development\u00bb social_icon_3=\u00bbfa fa-link\u00bb social_link_3=\u00bbhttps:\/\/www.dimitra.gr\/\u00bb]DIMITRA Education &amp; Consulting es una de las organizaciones de educaci\u00f3n y formaci\u00f3n profesional (FP) m\u00e1s grandes y distinguidas con centros de formaci\u00f3n en cinco (5) ciudades de Grecia. Desde 1989, DIMITRA tiene una amplia experiencia y competencias \u00fanicas en la producci\u00f3n de herramientas y metodolog\u00edas innovadoras y participativas para el desarrollo de Recursos Humanos en un mundo laboral en constante cambio. A trav\u00e9s de actividades como formaci\u00f3n, consultor\u00eda, investigaci\u00f3n, transferencia de innovaci\u00f3n y desarrollo de colaboraciones internacionales trabajamos hacia la promoci\u00f3n de la inclusi\u00f3n social, el crecimiento educativo, cultural, cient\u00edfico y econ\u00f3mico. M\u00e1s de 35.000 personas, de todos los niveles educativos, han sido formadas por DIMITRA. La plantilla permanente de DIMITRA es de aproximadamente 50 empleados y la organizaci\u00f3n tambi\u00e9n coopera con m\u00e1s de 500 formadores externos. iVET y cVET: DIMITRA est\u00e1 acreditada por ofrecer cursos de FP inicial y continua y servicios de consultor\u00eda por la Organizaci\u00f3n Nacional para la Certificaci\u00f3n de Cualificaciones y Orientaci\u00f3n Vocacional (EOPPEP) y el Ministerio de Educaci\u00f3n de Grecia, y ha sido distinguida por su excelencia en muchas ocasiones.[\/team_member][\/vc_column_inner][vc_column_inner column_padding=\u00bbno-extra-padding\u00bb column_padding_tablet=\u00bbinherit\u00bb column_padding_phone=\u00bbinherit\u00bb column_padding_position=\u00bball\u00bb column_element_direction_desktop=\u00bbdefault\u00bb column_element_spacing=\u00bbdefault\u00bb desktop_text_alignment=\u00bbdefault\u00bb tablet_text_alignment=\u00bbdefault\u00bb phone_text_alignment=\u00bbdefault\u00bb background_color_opacity=\u00bb1&#8243; background_hover_color_opacity=\u00bb1&#8243; column_backdrop_filter=\u00bbnone\u00bb column_shadow=\u00bbnone\u00bb column_border_radius=\u00bbnone\u00bb column_link_target=\u00bb_self\u00bb overflow=\u00bbvisible\u00bb gradient_direction=\u00bbleft_to_right\u00bb overlay_strength=\u00bb0.3&#8243; width=\u00bb1\/3&#8243; tablet_width_inherit=\u00bbdefault\u00bb animation_type=\u00bbdefault\u00bb enable_animation=\u00bbtrue\u00bb animation=\u00bbgrow-in\u00bb animation_easing=\u00bbdefault\u00bb bg_image_animation=\u00bbnone\u00bb border_type=\u00bbsimple\u00bb column_border_width=\u00bbnone\u00bb column_border_style=\u00bbsolid\u00bb][team_member image_url=\u00bb47&#8243; bio_image_url=\u00bb47&#8243; team_memeber_style=\u00bbbio_fullscreen\u00bb image_loading=\u00bbdefault\u00bb team_member_bio_full_html=\u00bbhtml\u00bb name=\u00bbRinova Malaga S.L.\u00bb job_position=\u00bbEspa\u00f1a\u00bb social_icon_1=\u00bbfa fa-facebook-official\u00bb social_icon_2=\u00bbfa fa-linkedin-square\u00bb social_icon_3=\u00bbfa fa-link\u00bb social_link_3=\u00bbhttps:\/\/www.rinova.es\/\u00bb]Rinova M\u00e1laga S.L. es una empresa de aprendizaje y desarrollo especializada en innovaci\u00f3n cultural, social y econ\u00f3mica. Nuestra misi\u00f3n es fomentar el aprendizaje inclusivo. Promovemos el emprendimiento responsable, las habilidades de empleabilidad y el compromiso c\u00edvico. Influir en la explotaci\u00f3n y desarrollo de tecnolog\u00edas de aprendizaje para promover la inclusi\u00f3n social.<br \/>\nLlevamos desarrollando nuestra labor desde 2018 en el centro de incubaci\u00f3n de empresas Polo Digital en M\u00e1laga. La empresa se registr\u00f3 como sociedad en 2021. Nuestras competencias espec\u00edficas se centran en el desarrollo de contenidos digitales y tecnolog\u00edas de aprendizaje creativas para el aprendizaje inclusivo en la educaci\u00f3n profesional y la educaci\u00f3n de adultos.<br \/>\nEl equipo de Rinova M\u00e1laga ha estado activo en actividades europeas e internacionales durante muchos a\u00f1os, estando afiliado al grupo de empresas Rinova y su trabajo internacional. A trav\u00e9s de esta afiliaci\u00f3n, Rinova M\u00e1laga se asocia a Metropolisnet, una Agrupaci\u00f3n Europea de Inter\u00e9s Econ\u00f3mico (AEIE).<br \/>\nNuestro trabajo ha contribuido al desarrollo de Erasmus para J\u00f3venes Emprendedores y asociaciones internacionales innovadoras relacionadas con el emprendimiento juvenil. Tambi\u00e9n nos centramos en el desarrollo de habilidades sociales y empleabilidad y en programas de aprendizaje y tutor\u00eda de desarrollo profesional no formal e informal, as\u00ed como en la validaci\u00f3n de profesionales en los campos del desarrollo econ\u00f3mico comunitario, la informaci\u00f3n, el asesoramiento y la orientaci\u00f3n, la formaci\u00f3n profesional y la educaci\u00f3n de adultos.[\/team_member][\/vc_column_inner][\/vc_row_inner][vc_row_inner column_margin=\u00bbdefault\u00bb column_direction=\u00bbdefault\u00bb column_direction_tablet=\u00bbdefault\u00bb column_direction_phone=\u00bbdefault\u00bb text_align=\u00bbleft\u00bb row_position=\u00bbdefault\u00bb row_position_tablet=\u00bbinherit\u00bb row_position_phone=\u00bbinherit\u00bb overflow=\u00bbvisible\u00bb pointer_events=\u00bball\u00bb][vc_column_inner column_padding=\u00bbno-extra-padding\u00bb column_padding_tablet=\u00bbinherit\u00bb column_padding_phone=\u00bbinherit\u00bb column_padding_position=\u00bball\u00bb column_element_direction_desktop=\u00bbdefault\u00bb column_element_spacing=\u00bbdefault\u00bb desktop_text_alignment=\u00bbdefault\u00bb tablet_text_alignment=\u00bbdefault\u00bb phone_text_alignment=\u00bbdefault\u00bb background_color_opacity=\u00bb1&#8243; background_hover_color_opacity=\u00bb1&#8243; column_backdrop_filter=\u00bbnone\u00bb column_shadow=\u00bbnone\u00bb column_border_radius=\u00bbnone\u00bb column_link_target=\u00bb_self\u00bb overflow=\u00bbvisible\u00bb gradient_direction=\u00bbleft_to_right\u00bb overlay_strength=\u00bb0.3&#8243; width=\u00bb1\/3&#8243; tablet_width_inherit=\u00bbdefault\u00bb animation_type=\u00bbdefault\u00bb enable_animation=\u00bbtrue\u00bb animation=\u00bbgrow-in\u00bb animation_easing=\u00bbdefault\u00bb bg_image_animation=\u00bbnone\u00bb border_type=\u00bbsimple\u00bb column_border_width=\u00bbnone\u00bb column_border_style=\u00bbsolid\u00bb][team_member image_url=\u00bb658&#8243; bio_image_url=\u00bb658&#8243; team_memeber_style=\u00bbbio_fullscreen\u00bb image_loading=\u00bbdefault\u00bb team_member_bio_full_html=\u00bbhtml\u00bb name=\u00bbLarnaka Tourism Board\u00bb job_position=\u00bbChipre\u00bb social_icon_1=\u00bbfa fa-facebook-official\u00bb social_link_1=\u00bbwww.facebook.com\/LarnakaTourism\u00bb social_icon_2=\u00bbfa fa-link\u00bb social_link_2=\u00bbwww.larnakaregion.com\u00bb]La Junta de Turismo de Larnaka (LTB) es el organismo oficial que representa el turismo en Larnaka a nivel regional y se estableci\u00f3 en 2008.<\/p>\n<p>La Junta es una colaboraci\u00f3n de todas las partes interesadas del turismo en la zona, incluido el Viceministerio de Turismo, la C\u00e1mara de Comercio de Larnaka y Industria, las autoridades locales de la regi\u00f3n y las Asociaciones de Hoteleros y Agentes de Viajes locales. Debido a la composici\u00f3n del Patronato, las estrategias y acciones son implementadas de manera colaborativa por las principales organizaciones involucradas en el sector tur\u00edstico.<\/p>\n<p>El objetivo de la junta es desarrollar Larnaka como un destino tur\u00edstico sostenible; mejorar y enriquecer el producto tur\u00edstico regional; desarrollar productos tur\u00edsticos de intereses especiales; ayudar al sector tur\u00edstico a progresar a trav\u00e9s de la formaci\u00f3n y el desarrollo continuos, incluso mediante la participaci\u00f3n en varios programas de la UE, y resolver cualquier problema que pueda afectar directa o indirectamente al sector tur\u00edstico de Larnaka. Esto se logra mediante la implementaci\u00f3n de la Estrategia de Turismo Regional de Larnaka y el Plan de Acci\u00f3n Anual.[\/team_member][\/vc_column_inner][vc_column_inner column_padding=\u00bbno-extra-padding\u00bb column_padding_tablet=\u00bbinherit\u00bb column_padding_phone=\u00bbinherit\u00bb column_padding_position=\u00bball\u00bb column_element_direction_desktop=\u00bbdefault\u00bb column_element_spacing=\u00bbdefault\u00bb desktop_text_alignment=\u00bbdefault\u00bb tablet_text_alignment=\u00bbdefault\u00bb phone_text_alignment=\u00bbdefault\u00bb background_color_opacity=\u00bb1&#8243; background_hover_color_opacity=\u00bb1&#8243; column_backdrop_filter=\u00bbnone\u00bb column_shadow=\u00bbnone\u00bb column_border_radius=\u00bbnone\u00bb column_link_target=\u00bb_self\u00bb overflow=\u00bbvisible\u00bb gradient_direction=\u00bbleft_to_right\u00bb overlay_strength=\u00bb0.3&#8243; width=\u00bb1\/3&#8243; tablet_width_inherit=\u00bbdefault\u00bb animation_type=\u00bbdefault\u00bb enable_animation=\u00bbtrue\u00bb animation=\u00bbgrow-in\u00bb animation_easing=\u00bbdefault\u00bb bg_image_animation=\u00bbnone\u00bb border_type=\u00bbsimple\u00bb column_border_width=\u00bbnone\u00bb column_border_style=\u00bbsolid\u00bb][team_member image_url=\u00bb57&#8243; bio_image_url=\u00bb57&#8243; team_memeber_style=\u00bbbio_fullscreen\u00bb image_loading=\u00bbdefault\u00bb team_member_bio_full_html=\u00bbhtml\u00bb name=\u00bbSEXTAPLANTA\u00bb job_position=\u00bbEspa\u00f1a\u00bb social_icon_1=\u00bbfa fa-facebook-official\u00bb social_link_1=\u00bbhttps:\/\/www.facebook.com\/sextaplanta\/\u00bb social_icon_2=\u00bbfa fa-linkedin-square\u00bb social_link_2=\u00bbhttps:\/\/www.linkedin.com\/company\/sextaplanta-com\u00bb social_icon_3=\u00bbfa fa-link\u00bb social_link_3=\u00bbwww.sextaplanta.com\u00bb]Sextaplanta es una agencia digital especializada en la gesti\u00f3n de ingresos hoteleros para<br \/>\nHoteles independientes y otros alojamientos.<br \/>\nComo agencia digital, trabajamos estrechamente con nuestros clientes como fuerza laboral subcontratada.<br \/>\nGestionamos canales de distribuci\u00f3n a trav\u00e9s de Internet para maximizar el hotel.<br \/>\ningresos y conocimiento de la marca.<br \/>\nHemos desarrollado una metodolog\u00eda propia basada en precios din\u00e1micos y<br \/>\nrestricciones a clasificaciones optimizadas en OTA y reservas de saldo en todos<br \/>\ncanales.<br \/>\nLos servicios que ofrecemos son:<br \/>\n\u2022 Consultor\u00eda y subcontrataci\u00f3n de gesti\u00f3n de ingresos hoteleros<br \/>\n\u2022 Tecnolog\u00eda digital para distribuci\u00f3n y canal directo<br \/>\n\u2022 Construcci\u00f3n de marca, dise\u00f1o web y SEO.<br \/>\n\u2022 Gesti\u00f3n de Redes Sociales y marketing digital.<br \/>\n\u2022 Dise\u00f1o gr\u00e1fico[\/team_member][\/vc_column_inner][vc_column_inner column_padding=\u00bbno-extra-padding\u00bb column_padding_tablet=\u00bbinherit\u00bb column_padding_phone=\u00bbinherit\u00bb column_padding_position=\u00bball\u00bb column_element_direction_desktop=\u00bbdefault\u00bb column_element_spacing=\u00bbdefault\u00bb desktop_text_alignment=\u00bbdefault\u00bb tablet_text_alignment=\u00bbdefault\u00bb phone_text_alignment=\u00bbdefault\u00bb background_color_opacity=\u00bb1&#8243; background_hover_color_opacity=\u00bb1&#8243; column_backdrop_filter=\u00bbnone\u00bb column_shadow=\u00bbnone\u00bb column_border_radius=\u00bbnone\u00bb column_link_target=\u00bb_self\u00bb overflow=\u00bbvisible\u00bb gradient_direction=\u00bbleft_to_right\u00bb overlay_strength=\u00bb0.3&#8243; width=\u00bb1\/3&#8243; tablet_width_inherit=\u00bbdefault\u00bb animation_type=\u00bbdefault\u00bb enable_animation=\u00bbtrue\u00bb animation=\u00bbgrow-in\u00bb animation_easing=\u00bbdefault\u00bb bg_image_animation=\u00bbnone\u00bb border_type=\u00bbsimple\u00bb column_border_width=\u00bbnone\u00bb column_border_style=\u00bbsolid\u00bb][team_member image_url=\u00bb56&#8243; bio_image_url=\u00bb56&#8243; team_memeber_style=\u00bbbio_fullscreen\u00bb image_loading=\u00bbdefault\u00bb team_member_bio_full_html=\u00bbhtml\u00bb name=\u00bbTrim Tab\u00bb job_position=\u00bbSuecia\u00bb social_icon_1=\u00bbfa fa-facebook-square\u00bb social_link_1=\u00bbhttps:\/\/www.facebook.com\/TrimtabAB\u00bb social_icon_2=\u00bbfa fa-linkedin-square\u00bb social_link_2=\u00bbhttps:\/\/www.linkedin.com\/company\/trim-tab-ab\/\u00bb social_icon_3=\u00bbfa fa-link\u00bb social_link_3=\u00bbhttps:\/\/www.trim-tab.se\u00bb]Trimtab naci\u00f3 de la idea de que podemos ser mucho mejores en la creaci\u00f3n de un mercado laboral inclusivo y una comunidad social responsable.<br \/>\nNuestro \u00e9xito se basa en un di\u00e1logo estrecho con empresas y empleadores donde organizamos un espacio com\u00fan para que se re\u00fanan empleadores y solicitantes de empleo.<br \/>\nTrimtab est\u00e1 impulsado por un compromiso social en el que sabemos que podemos marcar la diferencia, en poco tiempo hemos logrado un crecimiento exponencial y desde el inicio en el oto\u00f1o de 2019 nos establecimos desde Malm\u00f6 en el sur hasta G\u00e4vle en el norte.<br \/>\nSomos comprometidos y ambiciosos y estamos convencidos de que todos tienen derecho a un empleo digno.<br \/>\nTrim Tab es la agencia de empleo de la nueva era: un poco m\u00e1s animada, un poco m\u00e1s r\u00e1pida y mucho m\u00e1s personal. En total, estamos formados por unas cien personas con diversos t\u00edtulos y habilidades en orientaci\u00f3n profesional y educativa, emparejamiento, coaching<br \/>\ny selecci\u00f3n de personal. Lo que compartimos es nuestra perspectiva sobre lo que es y deber\u00eda ser un trabajo significativo: un lugar donde prosperas y puedes utilizar tus habilidades y destrezas.<br \/>\nNuestra red se extiende desde Malm\u00f6 en el sur hasta Boden en el norte. Colaboramos directamente con empleadores tanto del sector p\u00fablico como del privado, ayud\u00e1ndolo ya sea que est\u00e9 buscando su primer trabajo o haciendo un cambio.[\/team_member][\/vc_column_inner][\/vc_row_inner][vc_row_inner column_margin=\u00bbdefault\u00bb column_direction=\u00bbdefault\u00bb column_direction_tablet=\u00bbdefault\u00bb column_direction_phone=\u00bbdefault\u00bb text_align=\u00bbleft\u00bb row_position=\u00bbdefault\u00bb row_position_tablet=\u00bbinherit\u00bb row_position_phone=\u00bbinherit\u00bb overflow=\u00bbvisible\u00bb pointer_events=\u00bball\u00bb][vc_column_inner column_padding=\u00bbno-extra-padding\u00bb column_padding_tablet=\u00bbinherit\u00bb column_padding_phone=\u00bbinherit\u00bb column_padding_position=\u00bball\u00bb column_element_direction_desktop=\u00bbdefault\u00bb column_element_spacing=\u00bbdefault\u00bb desktop_text_alignment=\u00bbdefault\u00bb tablet_text_alignment=\u00bbdefault\u00bb phone_text_alignment=\u00bbdefault\u00bb background_color_opacity=\u00bb1&#8243; background_hover_color_opacity=\u00bb1&#8243; column_backdrop_filter=\u00bbnone\u00bb column_shadow=\u00bbnone\u00bb column_border_radius=\u00bbnone\u00bb column_link_target=\u00bb_self\u00bb overflow=\u00bbvisible\u00bb gradient_direction=\u00bbleft_to_right\u00bb overlay_strength=\u00bb0.3&#8243; width=\u00bb1\/3&#8243; tablet_width_inherit=\u00bbdefault\u00bb animation_type=\u00bbdefault\u00bb enable_animation=\u00bbtrue\u00bb animation=\u00bbgrow-in\u00bb animation_easing=\u00bbdefault\u00bb bg_image_animation=\u00bbnone\u00bb border_type=\u00bbsimple\u00bb column_border_width=\u00bbnone\u00bb column_border_style=\u00bbsolid\u00bb][team_member image_url=\u00bb55&#8243; bio_image_url=\u00bb55&#8243; team_memeber_style=\u00bbbio_fullscreen\u00bb image_loading=\u00bbdefault\u00bb team_member_bio_full_html=\u00bbhtml\u00bb name=\u00bbVinnytsia Institute\u00bb job_position=\u00bbUcrania\u00bb social_icon_1=\u00bbfa fa-link\u00bb social_link_1=\u00bbhttp:\/\/www.vtei.com.ua\/index.php\/ua\/\u00bb]El Instituto de Comercio y Econom\u00eda de Vinnytsia de la Universidad Estatal de Comercio y Econom\u00eda ocupa una posici\u00f3n de liderazgo en el campo de la educaci\u00f3n econ\u00f3mica y es la \u00fanica instituci\u00f3n educativa en la regi\u00f3n de Vinnytsia que cuenta con el Certificado del Sistema de Gesti\u00f3n de Calidad en la educaci\u00f3n superior ISO 9001. Hoy en d\u00eda, el Instituto es el reconocido centro cient\u00edfico y educativo de la regi\u00f3n de Vinnytsia, que forma especialistas altamente calificados en los siguientes campos: Contabilidad y Fiscalidad, Finanzas, Banca y Seguros, Marketing, Econom\u00eda, Relaciones Econ\u00f3micas Internacionales, Gesti\u00f3n, Gesti\u00f3n P\u00fablica, Negocios, Comercio y Bolsa Actividades de Intercambio, Sistemas y tecnolog\u00edas de la informaci\u00f3n, Tecnolog\u00eda de los Alimentos, Seguridad Social, Hosteler\u00eda y Restauraci\u00f3n, Turismo, Derecho y Filolog\u00eda. El personal docente (alrededor de 150 empleados fijos), m\u00e1s del 80% del cual son doctores. y doctores en ciencias, preserva el potencial cient\u00edfico \u00fanico y las largas tradiciones y brinda a los estudiantes una educaci\u00f3n de alta calidad durante d\u00e9cadas. Asimismo, los docentes del Instituto est\u00e1n certificados en ABP, GBL y Educaci\u00f3n Inclusiva y cuentan con considerable experiencia en la realizaci\u00f3n de capacitaciones, sesiones de coaching, masterminds y programas de mentor\u00eda. El n\u00famero de estudiantes en el Instituto es de aproximadamente 3500. VITE SUTE ofrece educaci\u00f3n formal y no formal para estudiantes escolares y adultos.<br \/>\n[\/team_member][\/vc_column_inner][vc_column_inner column_padding=\u00bbno-extra-padding\u00bb column_padding_tablet=\u00bbinherit\u00bb column_padding_phone=\u00bbinherit\u00bb column_padding_position=\u00bball\u00bb column_element_direction_desktop=\u00bbdefault\u00bb column_element_spacing=\u00bbdefault\u00bb desktop_text_alignment=\u00bbdefault\u00bb tablet_text_alignment=\u00bbdefault\u00bb phone_text_alignment=\u00bbdefault\u00bb background_color_opacity=\u00bb1&#8243; background_hover_color_opacity=\u00bb1&#8243; column_backdrop_filter=\u00bbnone\u00bb column_shadow=\u00bbnone\u00bb column_border_radius=\u00bbnone\u00bb column_link_target=\u00bb_self\u00bb overflow=\u00bbvisible\u00bb gradient_direction=\u00bbleft_to_right\u00bb overlay_strength=\u00bb0.3&#8243; width=\u00bb1\/3&#8243; tablet_width_inherit=\u00bbdefault\u00bb animation_type=\u00bbdefault\u00bb enable_animation=\u00bbtrue\u00bb animation=\u00bbgrow-in\u00bb animation_easing=\u00bbdefault\u00bb bg_image_animation=\u00bbnone\u00bb border_type=\u00bbsimple\u00bb column_border_width=\u00bbnone\u00bb column_border_style=\u00bbsolid\u00bb][team_member image_url=\u00bb54&#8243; bio_image_url=\u00bb54&#8243; team_memeber_style=\u00bbbio_fullscreen\u00bb image_loading=\u00bbdefault\u00bb team_member_bio_full_html=\u00bbhtml\u00bb name=\u00bbWarsaw University of Life Sciences\u00bb job_position=\u00bbPolonia\u00bb social_icon_1=\u00bbfa fa-facebook-official\u00bb social_link_1=\u00bbhttps:\/\/www.facebook.com\/SGGW.Warszawa\u00bb social_icon_2=\u00bbfa fa-linkedin-square\u00bb social_link_2=\u00bbhttps:\/\/pl.linkedin.com\/school\/sggwwwarszawie\/\u00bb social_icon_3=\u00bbfa fa-link\u00bb social_link_3=\u00bbhttps:\/\/www.sggw.edu.pl\/\u00bb]La Universidad de Ciencias de la Vida de Varsovia es la universidad de ciencias naturales y agr\u00edcolas m\u00e1s antigua de Polonia; sus or\u00edgenes se remontan a 1816. La escuela es un centro acad\u00e9mico pr\u00f3spero, que recibe reconocimiento e inter\u00e9s constante entre los j\u00f3venes y el personal docente en Polonia y en el extranjero, valorada por su cuidado por la calidad de la educaci\u00f3n, la fidelidad a las mejores tradiciones universitarias, la apertura al cambio y el desarrollo din\u00e1mico.<br \/>\nLa universidad ofrece 41 campos de estudio (incluidos 12 que se imparten en ingl\u00e9s): desde ciencias naturales y tecnolog\u00eda hasta medicina veterinaria, estudios sociales y econ\u00f3micos (incluido el turismo). Hay casi 16.000 estudiantes en cursos de estudio a tiempo completo, a tiempo parcial, de doctorado y de posgrado, as\u00ed como en intercambios de estudiantes internacionales.<br \/>\nLos modernos centros de investigaci\u00f3n y laboratorios a nuestra disposici\u00f3n, as\u00ed como la presencia de destacados expertos, nos permiten educar y realizar investigaciones de primer nivel y transferir resultados a la econom\u00eda, lo que tiene un impacto en la innovaci\u00f3n y el progreso en, entre otros, la agricultura, econom\u00eda alimentaria y medicina, y contribuye a la creciente importancia de la ciencia polaca en el mundo.<br \/>\nNuestra oficina central est\u00e1 ubicada en el distrito de Ursyn\u00f3w, Varsovia, pero tambi\u00e9n contamos<br \/>\ncon centros fuera de la ciudad que permiten realizar investigaciones, trabajos experimentales, pasant\u00edas y ejercicios de campo. Adem\u00e1s, contamos con centros de ocio con una ubicaci\u00f3n pintoresca que son excelentes lugares para organizar conferencias, reuniones cient\u00edficas y creativas y recreaci\u00f3n para nuestros empleados y estudiantes.[\/team_member][\/vc_column_inner][vc_column_inner column_padding=\u00bbno-extra-padding\u00bb column_padding_tablet=\u00bbinherit\u00bb column_padding_phone=\u00bbinherit\u00bb column_padding_position=\u00bball\u00bb column_element_direction_desktop=\u00bbdefault\u00bb column_element_spacing=\u00bbdefault\u00bb desktop_text_alignment=\u00bbdefault\u00bb tablet_text_alignment=\u00bbdefault\u00bb phone_text_alignment=\u00bbdefault\u00bb background_color_opacity=\u00bb1&#8243; background_hover_color_opacity=\u00bb1&#8243; column_backdrop_filter=\u00bbnone\u00bb column_shadow=\u00bbnone\u00bb column_border_radius=\u00bbnone\u00bb column_link_target=\u00bb_self\u00bb overflow=\u00bbvisible\u00bb gradient_direction=\u00bbleft_to_right\u00bb overlay_strength=\u00bb0.3&#8243; width=\u00bb1\/3&#8243; tablet_width_inherit=\u00bbdefault\u00bb animation_type=\u00bbdefault\u00bb enable_animation=\u00bbtrue\u00bb animation=\u00bbgrow-in\u00bb animation_easing=\u00bbdefault\u00bb bg_image_animation=\u00bbnone\u00bb border_type=\u00bbsimple\u00bb column_border_width=\u00bbnone\u00bb column_border_style=\u00bbsolid\u00bb][team_member image_url=\u00bb61&#8243; bio_image_url=\u00bb61&#8243; team_memeber_style=\u00bbbio_fullscreen\u00bb image_loading=\u00bbdefault\u00bb team_member_bio_full_html=\u00bbhtml\u00bb name=\u00bbVinnum\u00e1lastofnun\u00bb job_position=\u00bbIslandia\u00bb social_icon_1=\u00bbfa fa-facebook-square\u00bb social_link_1=\u00bbhttps:\/\/www.facebook.com\/vmsticeland\u00bb social_icon_2=\u00bbfa fa-link\u00bb social_link_2=\u00bbhttps:\/\/www.vinnumalastofnun.is\/\u00bb]La Direcci\u00f3n de Trabajo pertenece al Ministerio de Asuntos Sociales y gestiona, entre otras cosas, el servicio de empleo para todo el pa\u00eds, el manejo diario del Fondo del Seguro de Desempleo, el Fondo de Licencia de Maternidad\/Paternidad y Licencia Parental, el Fondo de Garant\u00eda Salarial, as\u00ed como muchos otros proyectos relacionados con el mercado laboral. La Direcci\u00f3n de Trabajo opera ocho centros de servicios en todo el pa\u00eds, donde se brindan todos los servicios generales a los solicitantes de empleo, registro, evaluaci\u00f3n de habilidades, asesoramiento y recursos y colocaci\u00f3n laboral, as\u00ed como cooperaci\u00f3n con otros proveedores de servicios sobre recursos y medidas del mercado laboral.<\/p>\n<p>Proyectos de la Direcci\u00f3n del Trabajo:<\/p>\n<ul>\n<li>Mantener un registro de las vacantes de empleo disponibles en todo el pa\u00eds, difundir informaci\u00f3n sobre las vacantes de empleo entre los solicitantes de empleo y ayudarlos a encontrar un empleo adecuado, y ayudar a los empleadores a contratar personal y brindarles informaci\u00f3n sobre la oferta laboral.<\/li>\n<li>Gestionar el registro de personas desempleadas, c\u00e1lculos y pagos de prestaciones por desempleo.<\/li>\n<li>Manejar la organizaci\u00f3n de medidas del mercado laboral, por ejemplo, cursos, recursos vocacionales, asesoramiento, recursos educativos y rehabilitaci\u00f3n vocacional.<\/li>\n<\/ul>\n<p>Los servicios de los consejeros de la Direcci\u00f3n del Trabajo se basar\u00e1n en las necesidades individuales de cada solicitante de empleo. La Direcci\u00f3n de Trabajo debe evaluar la capacidad laboral del solicitante de empleo cuando solicita participar en medidas del mercado laboral. Sobre la base de la evaluaci\u00f3n, se elabora un plan sobre la b\u00fasqueda de empleo y la participaci\u00f3n en medidas apropiadas del mercado laboral o se instruye al solicitante de empleo a otros servicios si se considera necesario. Obtener y mantener informaci\u00f3n sobre la situaci\u00f3n del empleo, el desempleo y las perspectivas de empleo de partes individuales del pa\u00eds. La Direcci\u00f3n de Trabajo tambi\u00e9n supervisa la composici\u00f3n de la fuerza laboral en el pa\u00eds, examina peri\u00f3dicamente la necesidad de mano de obra y las perspectivas futuras en las industrias y difunde informaci\u00f3n sobre la situaci\u00f3n del empleo en el pa\u00eds.<br \/>\nSe encarga de la emisi\u00f3n de permisos de trabajo y el registro de extranjeros en el mercado laboral island\u00e9s y en las agencias de trabajo temporal.[\/team_member][\/vc_column_inner][\/vc_row_inner][\/vc_column][\/vc_row]\n","protected":false},"excerpt":{"rendered":"<p>[vc_row type=\u00bbin_container\u00bb full_screen_row_position=\u00bbmiddle\u00bb column_margin=\u00bbdefault\u00bb column_direction=\u00bbdefault\u00bb column_direction_tablet=\u00bbdefault\u00bb column_direction_phone=\u00bbdefault\u00bb scene_position=\u00bbcenter\u00bb top_padding=\u00bb2%\u00bb bottom_padding=\u00bb2%\u00bb text_color=\u00bbdark\u00bb text_align=\u00bbleft\u00bb row_border_radius=\u00bbnone\u00bb row_border_radius_applies=\u00bbbg\u00bb overflow=\u00bbvisible\u00bb overlay_strength=\u00bb0.3&#8243; gradient_direction=\u00bbleft_to_right\u00bb shape_divider_position=\u00bbbottom\u00bb bg_image_animation=\u00bbnone\u00bb gradient_type=\u00bbdefault\u00bb shape_type=\u00bb\u00bb][vc_column column_padding=\u00bbno-extra-padding\u00bb column_padding_tablet=\u00bbinherit\u00bb column_padding_phone=\u00bbinherit\u00bb column_padding_position=\u00bball\u00bb column_element_direction_desktop=\u00bbdefault\u00bb column_element_spacing=\u00bbdefault\u00bb desktop_text_alignment=\u00bbdefault\u00bb tablet_text_alignment=\u00bbdefault\u00bb phone_text_alignment=\u00bbdefault\u00bb&#8230;<\/p>\n","protected":false},"author":1,"featured_media":0,"parent":0,"menu_order":0,"comment_status":"closed","ping_status":"closed","template":"","meta":{"footnotes":""},"class_list":["post-394","page","type-page","status-publish"],"_links":{"self":[{"href":"https:\/\/www.maas-project.eu\/es\/wp-json\/wp\/v2\/pages\/394","targetHints":{"allow":["GET"]}}],"collection":[{"href":"https:\/\/www.maas-project.eu\/es\/wp-json\/wp\/v2\/pages"}],"about":[{"href":"https:\/\/www.maas-project.eu\/es\/wp-json\/wp\/v2\/types\/page"}],"author":[{"embeddable":true,"href":"https:\/\/www.maas-project.eu\/es\/wp-json\/wp\/v2\/users\/1"}],"replies":[{"embeddable":true,"href":"https:\/\/www.maas-project.eu\/es\/wp-json\/wp\/v2\/comments?post=394"}],"version-history":[{"count":3,"href":"https:\/\/www.maas-project.eu\/es\/wp-json\/wp\/v2\/pages\/394\/revisions"}],"predecessor-version":[{"id":666,"href":"https:\/\/www.maas-project.eu\/es\/wp-json\/wp\/v2\/pages\/394\/revisions\/666"}],"wp:attachment":[{"href":"https:\/\/www.maas-project.eu\/es\/wp-json\/wp\/v2\/media?parent=394"}],"curies":[{"name":"wp","href":"https:\/\/api.w.org\/{rel}","templated":true}]}}